{"id":2606,"date":"2018-10-08T14:48:34","date_gmt":"2018-10-08T12:48:34","guid":{"rendered":"https:\/\/www.clinicamerli.it\/merli\/?page_id=2606"},"modified":"2026-04-23T10:37:31","modified_gmt":"2026-04-23T08:37:31","slug":"home","status":"publish","type":"page","link":"https:\/\/www.clinicamerli.it\/merli\/","title":{"rendered":"HOME"},"content":{"rendered":"<section class=\"l-section wpb_row height_auto width_full\"><div class=\"l-section-h i-cf\"><div class=\"g-cols vc_row via_flex valign_top type_default stacking_default\"><div class=\"vc_col-sm-12 wpb_column vc_column_container\"><div class=\"vc_column-inner\"><div class=\"wpb_wrapper\">\n\t\t\t\t<p class=\"rs-p-wp-fix\"><\/p>\n\t\t\t\t<sr7-module data-alias=\"slider-1-1\" data-id=\"4\" id=\"SR7_4_1\" class=\"rs-ov-hidden\" data-version=\"6.7.50\">\n\t\t\t\t\t<sr7-adjuster><\/sr7-adjuster>\n\t\t\t\t\t<sr7-content>\n\t\t\t\t\t\t<sr7-slide id=\"SR7_4_1-15\" data-key=\"15\">\n\t\t\t\t\t\t\t<sr7-txt id=\"SR7_4_1-15-3\" class=\"sr7-layer\">VALORIZZIAMO LA TUA VITA CON LA CURA DEL SORRISO<\/sr7-txt>\n\t\t\t\t\t\t\t<sr7-txt id=\"SR7_4_1-15-5\" class=\"sr7-layer\">Da pi\u00f9 di 70 anni la nostra equipe medica offre le migliori cure per il paziente, il risultato di una visione integrata e interdisciplinare<\/sr7-txt>\n\t\t\t\t\t\t\t<sr7-txt id=\"SR7_4_1-15-6\" class=\"sr7-layer\">CURA, ASSITENZA E PASSIONE<\/sr7-txt>\n\t\t\t\t\t\t<\/sr7-slide>\n\t\t\t\t\t\t<sr7-slide id=\"SR7_4_1-22\" data-key=\"22\">\n\t\t\t\t\t\t\t<sr7-txt id=\"SR7_4_1-22-3\" class=\"sr7-layer\">LA CURA CHE NASCE DELL'IDEA DI FAMIGLIA<\/sr7-txt>\n\t\t\t\t\t\t\t<sr7-txt id=\"SR7_4_1-22-5\" class=\"sr7-layer\">La Clinica Merli si avvale di un\u2019equipe medica qualificata in tutte le specializzazioni odontoiatriche<\/sr7-txt>\n\t\t\t\t\t\t\t<sr7-txt id=\"SR7_4_1-22-6\" class=\"sr7-layer\">CURA, ASSITENZA E PASSIONE<\/sr7-txt>\n\t\t\t\t\t\t<\/sr7-slide>\n\t\t\t\t\t\t<sr7-slide id=\"SR7_4_1-21\" data-key=\"21\">\n\t\t\t\t\t\t<\/sr7-slide>\n\t\t\t\t\t<\/sr7-content>\n\t\t\t\t\t<image_lists style=\"display:none\">\n\t\t\t\t\t\t<img data-src=\"\/\/www.clinicamerli.it\/merli\/wp-content\/uploads\/2025\/05\/sala-chirurgica-1-Clinica-Merli-1.jpg\" data-libid=\"7694\" title=\"sala chirurgica 1 &#8211; Clinica Merli\" width=\"0\" height=\"0\" data-dbsrc=\"Ly93d3cuY2xpbmljYW1lcmxpLml0L21lcmxpL3dwLWNvbnRlbnQvdXBsb2Fkcy8yMDI1LzA1L3NhbGEtY2hpcnVyZ2ljYS0xLUNsaW5pY2EtTWVybGktMS5qcGc=\"\/>\n\t\t\t\t\t\t<img data-src=\"\/\/www.clinicamerli.it\/merli\/wp-content\/uploads\/2025\/05\/1-gruppo%202019%20%20-%20Clinica%20Merli.jpg\" data-libid=\"7695\" title=\"gruppo 2019  &#8211; Clinica Merli\" width=\"0\" height=\"0\" data-dbsrc=\"Ly93d3cuY2xpbmljYW1lcmxpLml0L21lcmxpL3dwLWNvbnRlbnQvdXBsb2Fkcy8yMDI1LzA1LzEtZ3J1cHBvJTIwMjAxOSUyMCUyMC0lMjBDbGluaWNhJTIwTWVybGkuanBn\"\/>\n\t\t\t\t\t\t<img data-src=\"\/\/www.clinicamerli.it\/merli\/wp-content\/uploads\/2015\/06\/sala-attesa-2015_1.jpg\" data-libid=\"1391\" title=\"sala attesa 2015_1\" width=\"0\" height=\"0\" data-dbsrc=\"Ly93d3cuY2xpbmljYW1lcmxpLml0L21lcmxpL3dwLWNvbnRlbnQvdXBsb2Fkcy8yMDE1LzA2L3NhbGEtYXR0ZXNhLTIwMTVfMS5qcGc=\"\/>\n\t\t\t\t\t<\/image_lists>\n\t\t\t\t<\/sr7-module>\n\t\t\t\t<script>\n\t\t\t\t\twindow.SR7 ??={};SR7.PMH ??={}; SR7.PMH[\"SR7_4_1\"] = {cn:100,state:false,fn: function() { if (_tpt!==undefined && _tpt.prepareModuleHeight !== undefined) {  _tpt.prepareModuleHeight({id:\"SR7_4_1\",el:[600,600,768,960,720],type:'standard',shdw:'0',gh:[600,600,495,376,232],gw:[1240,1240,1024,778,480],vpt:['-200px'],size:{fullWidth:true, fullHeight:false},mh:'0',onh:0,onw:0,bg:{color:'{\"orig\":\"transparent\",\"type\":\"solid\",\"string\":\"transparent\"}'},plType:'6',plColor:'#FFFFFF'});   SR7.PMH[\"SR7_4_1\"].state=true;} else if(SR7.PMH[\"SR7_4_1\"].cn-->0)\tsetTimeout( SR7.PMH[\"SR7_4_1\"].fn,19);}};SR7.PMH[\"SR7_4_1\" ].fn();\n\t\t\t\t<\/script>\n<\/div><\/div><\/div><\/div><\/div><\/section><section class=\"l-section wpb_row height_auto\"><div class=\"l-section-h i-cf\"><div class=\"g-cols vc_row via_flex valign_top type_default stacking_default\"><div class=\"vc_col-sm-12 wpb_column vc_column_container\"><div class=\"vc_column-inner\"><div class=\"wpb_wrapper\">[vc_empty_space height=&#8221;50px&#8221;]<div class=\"wpb_text_column\"><div class=\"wpb_wrapper\"><p style=\"text-align: left;\">LA NOSTRA STORIA<\/p>\n<\/div><\/div><div class=\"wpb_text_column\"><div class=\"wpb_wrapper\"><h3 style=\"text-align: left;\">La cura che nasce dall&#8217;idea di famiglia<\/h3>\n<\/div><\/div><div class=\"wpb_text_column\"><div class=\"wpb_wrapper\"><h5>DENTISTI DA 3 GENERAZIONI<\/h5>\n<\/div><\/div>[vc_empty_space height=&#8221;30px&#8221;]<div class=\"g-cols wpb_row via_flex valign_top type_default stacking_default\"><div class=\"vc_col-sm-6 wpb_column vc_column_container\"><div class=\"vc_column-inner\"><div class=\"wpb_wrapper\"><div class=\"w-image align_center\"><div class=\"w-image-h\"><img decoding=\"async\" width=\"1280\" height=\"922\" src=\"https:\/\/www.clinicamerli.it\/merli\/wp-content\/uploads\/2025\/05\/dottori-Merli-Clinica-Merli.jpg\" class=\"attachment-full size-full\" alt=\"\" loading=\"lazy\" srcset=\"https:\/\/www.clinicamerli.it\/merli\/wp-content\/uploads\/2025\/05\/dottori-Merli-Clinica-Merli.jpg 1280w, https:\/\/www.clinicamerli.it\/merli\/wp-content\/uploads\/2025\/05\/dottori-Merli-Clinica-Merli-300x216.jpg 300w, https:\/\/www.clinicamerli.it\/merli\/wp-content\/uploads\/2025\/05\/dottori-Merli-Clinica-Merli-1024x738.jpg 1024w, https:\/\/www.clinicamerli.it\/merli\/wp-content\/uploads\/2025\/05\/dottori-Merli-Clinica-Merli-24x17.jpg 24w, https:\/\/www.clinicamerli.it\/merli\/wp-content\/uploads\/2025\/05\/dottori-Merli-Clinica-Merli-36x26.jpg 36w, https:\/\/www.clinicamerli.it\/merli\/wp-content\/uploads\/2025\/05\/dottori-Merli-Clinica-Merli-48x35.jpg 48w\" sizes=\"auto, (max-width: 1280px) 100vw, 1280px\" \/><\/div><\/div><\/div><\/div><\/div><div class=\"vc_col-sm-6 wpb_column vc_column_container\"><div class=\"vc_column-inner\"><div class=\"wpb_wrapper\"><div class=\"wpb_text_column\"><div class=\"wpb_wrapper\"><h5>La nostra Missione<\/h5>\n<p>La nostra missione \u00e8 migliorare la vita delle persone attraverso la cura della salute, basata su valori come rispetto, onest\u00e0 ed empatia.<\/p>\n<h5>La nostra Visione<\/h5>\n<p>La nostra visione \u00e8 diventare il punto di riferimento nel settore della salute, riconosciuti per l&#8217;eccellenza nelle cure offerte e per l&#8217;approccio umano al paziente.<\/p>\n<\/div><\/div><\/div><\/div><\/div><\/div>[vc_empty_space height=&#8221;50px&#8221;]<\/div><\/div><\/div><\/div><\/div><\/section><section class=\"l-section wpb_row height_small width_full\"><div class=\"l-section-h i-cf\"><div class=\"g-cols vc_row via_flex valign_top type_default stacking_default\"><div class=\"vc_col-sm-12 wpb_column vc_column_container\"><div class=\"vc_column-inner\"><div class=\"wpb_wrapper\">[vc_separator border_width=&#8221;2&#8243; css=&#8221;&#8221;]<\/div><\/div><\/div><\/div><\/div><\/section><section class=\"l-section wpb_row height_auto\"><div class=\"l-section-h i-cf\"><div class=\"g-cols vc_row via_flex valign_top type_default stacking_default\"><div class=\"vc_col-sm-12 wpb_column vc_column_container\"><div class=\"vc_column-inner\"><div class=\"wpb_wrapper\">[vc_empty_space height=&#8221;50px&#8221;]<div class=\"w-hwrapper valign_middle align_none\" style=\"--hwrapper-gap:1.3rem\"><div class=\"wpb_text_column\"><div class=\"wpb_wrapper\"><p style=\"text-align: left;\">LE NOSTRE SEDI<\/p>\n<\/div><\/div>[vc_separator color=&#8221;white&#8221; el_width=&#8221;10&#8243; css=&#8221;&#8221;][vc_btn title=&#8221;PRENOTA UNA VISITA&#8221; style=&#8221;outline-custom&#8221; outline_custom_color=&#8221;#E16A02&#8243; outline_custom_hover_background=&#8221;#E16A02&#8243; size=&#8221;sm&#8221; align=&#8221;right&#8221; css=&#8221;&#8221; link=&#8221;url:%23prenota|title:PRENOTA%20UNA%20VISITA&#8221;]<\/div><div class=\"wpb_text_column\"><div class=\"wpb_wrapper\"><h3 style=\"text-align: left;\">Benvenuti in Clinica Merli<\/h3>\n<\/div><\/div>[vc_empty_space height=&#8221;30px&#8221;]<\/div><\/div><\/div><\/div><\/div><\/section><section class=\"l-section wpb_row height_auto width_full\"><div class=\"l-section-h i-cf\"><div class=\"g-cols vc_row via_flex valign_top type_default stacking_default\"><div class=\"vc_col-sm-12 wpb_column vc_column_container\"><div class=\"vc_column-inner\"><div class=\"wpb_wrapper\"><div class=\"w-hwrapper valign_top align_center\" style=\"--hwrapper-gap:0.7rem\"><div class=\"w-person layout_simple with_desc\" itemscope itemtype=\"https:\/\/schema.org\/Person\"><div class=\"w-person-image\"><a title=\"Rimini\" href=\"https:\/\/www.clinicamerli.it\/merli\/rimini\/\" class=\"w-person-link\" aria-label=\"RIMINI\"><img loading=\"lazy\" decoding=\"async\" width=\"1280\" height=\"1280\" src=\"https:\/\/www.clinicamerli.it\/merli\/wp-content\/uploads\/2023\/08\/Clinica-Merli-Rimini-ingresso-23.jpg\" class=\"attachment-full size-full\" alt=\"\" itemprop=\"image\" srcset=\"https:\/\/www.clinicamerli.it\/merli\/wp-content\/uploads\/2023\/08\/Clinica-Merli-Rimini-ingresso-23.jpg 1280w, https:\/\/www.clinicamerli.it\/merli\/wp-content\/uploads\/2023\/08\/Clinica-Merli-Rimini-ingresso-23-300x300.jpg 300w, https:\/\/www.clinicamerli.it\/merli\/wp-content\/uploads\/2023\/08\/Clinica-Merli-Rimini-ingresso-23-1024x1024.jpg 1024w, https:\/\/www.clinicamerli.it\/merli\/wp-content\/uploads\/2023\/08\/Clinica-Merli-Rimini-ingresso-23-150x150.jpg 150w, https:\/\/www.clinicamerli.it\/merli\/wp-content\/uploads\/2023\/08\/Clinica-Merli-Rimini-ingresso-23-24x24.jpg 24w, https:\/\/www.clinicamerli.it\/merli\/wp-content\/uploads\/2023\/08\/Clinica-Merli-Rimini-ingresso-23-36x36.jpg 36w, https:\/\/www.clinicamerli.it\/merli\/wp-content\/uploads\/2023\/08\/Clinica-Merli-Rimini-ingresso-23-48x48.jpg 48w\" sizes=\"auto, (max-width: 1280px) 100vw, 1280px\" \/><\/a><\/div><div class=\"w-person-content\"><h6 itemprop=\"name\" class=\"w-person-name\" style=\"font-size:max( 0.7rem, 1vw )\"><a title=\"Rimini\" href=\"https:\/\/www.clinicamerli.it\/merli\/rimini\/\" class=\"w-person-link\" aria-label=\"RIMINI\"><span>RIMINI<\/span><\/a><\/h6><div class=\"w-person-description\" itemprop=\"description\"><p><a href=\"tel:+39054152025\">0541 52025<\/a><\/p>\n<\/div><\/div><\/div><div class=\"w-person layout_simple with_desc\" itemscope itemtype=\"https:\/\/schema.org\/Person\"><div class=\"w-person-image\"><a title=\"Rimini\" href=\"https:\/\/www.clinicamerli.it\/merli\/morciano-di-romagna\/\" class=\"w-person-link\" aria-label=\"MORCIANO DI ROMAGNA\"><img loading=\"lazy\" decoding=\"async\" width=\"1280\" height=\"1280\" src=\"https:\/\/www.clinicamerli.it\/merli\/wp-content\/uploads\/2023\/08\/Clinica-Merli-Morciano-ingresso-23.jpg\" class=\"attachment-full size-full\" alt=\"\" itemprop=\"image\" srcset=\"https:\/\/www.clinicamerli.it\/merli\/wp-content\/uploads\/2023\/08\/Clinica-Merli-Morciano-ingresso-23.jpg 1280w, https:\/\/www.clinicamerli.it\/merli\/wp-content\/uploads\/2023\/08\/Clinica-Merli-Morciano-ingresso-23-300x300.jpg 300w, https:\/\/www.clinicamerli.it\/merli\/wp-content\/uploads\/2023\/08\/Clinica-Merli-Morciano-ingresso-23-1024x1024.jpg 1024w, https:\/\/www.clinicamerli.it\/merli\/wp-content\/uploads\/2023\/08\/Clinica-Merli-Morciano-ingresso-23-150x150.jpg 150w, https:\/\/www.clinicamerli.it\/merli\/wp-content\/uploads\/2023\/08\/Clinica-Merli-Morciano-ingresso-23-24x24.jpg 24w, https:\/\/www.clinicamerli.it\/merli\/wp-content\/uploads\/2023\/08\/Clinica-Merli-Morciano-ingresso-23-36x36.jpg 36w, https:\/\/www.clinicamerli.it\/merli\/wp-content\/uploads\/2023\/08\/Clinica-Merli-Morciano-ingresso-23-48x48.jpg 48w\" sizes=\"auto, (max-width: 1280px) 100vw, 1280px\" \/><\/a><\/div><div class=\"w-person-content\"><h6 itemprop=\"name\" class=\"w-person-name\" style=\"font-size:max( 0.7rem, 1vw )\"><a title=\"Rimini\" href=\"https:\/\/www.clinicamerli.it\/merli\/morciano-di-romagna\/\" class=\"w-person-link\" aria-label=\"MORCIANO DI ROMAGNA\"><span>MORCIANO DI ROMAGNA<\/span><\/a><\/h6><div class=\"w-person-description\" itemprop=\"description\"><p><a href=\"tel:+390541988255\">0541 988255<\/a><\/p>\n<\/div><\/div><\/div><div class=\"w-person layout_simple with_desc\" itemscope itemtype=\"https:\/\/schema.org\/Person\"><div class=\"w-person-image\"><a title=\"Forl\u00ec\" href=\"https:\/\/www.clinicamerli.it\/merli\/forli\/\" class=\"w-person-link\" aria-label=\"FORL\u00cc\"><img loading=\"lazy\" decoding=\"async\" width=\"1280\" height=\"1280\" src=\"https:\/\/www.clinicamerli.it\/merli\/wp-content\/uploads\/2023\/08\/Clinica-Merli-Forli-ingresso-23.jpg\" class=\"attachment-full size-full\" alt=\"\" itemprop=\"image\" srcset=\"https:\/\/www.clinicamerli.it\/merli\/wp-content\/uploads\/2023\/08\/Clinica-Merli-Forli-ingresso-23.jpg 1280w, https:\/\/www.clinicamerli.it\/merli\/wp-content\/uploads\/2023\/08\/Clinica-Merli-Forli-ingresso-23-300x300.jpg 300w, https:\/\/www.clinicamerli.it\/merli\/wp-content\/uploads\/2023\/08\/Clinica-Merli-Forli-ingresso-23-1024x1024.jpg 1024w, https:\/\/www.clinicamerli.it\/merli\/wp-content\/uploads\/2023\/08\/Clinica-Merli-Forli-ingresso-23-150x150.jpg 150w, https:\/\/www.clinicamerli.it\/merli\/wp-content\/uploads\/2023\/08\/Clinica-Merli-Forli-ingresso-23-24x24.jpg 24w, https:\/\/www.clinicamerli.it\/merli\/wp-content\/uploads\/2023\/08\/Clinica-Merli-Forli-ingresso-23-36x36.jpg 36w, https:\/\/www.clinicamerli.it\/merli\/wp-content\/uploads\/2023\/08\/Clinica-Merli-Forli-ingresso-23-48x48.jpg 48w\" sizes=\"auto, (max-width: 1280px) 100vw, 1280px\" \/><\/a><\/div><div class=\"w-person-content\"><h6 itemprop=\"name\" class=\"w-person-name\" style=\"font-size:max( 0.7rem, 1vw )\"><a title=\"Forl\u00ec\" href=\"https:\/\/www.clinicamerli.it\/merli\/forli\/\" class=\"w-person-link\" aria-label=\"FORL\u00cc\"><span>FORL\u00cc<\/span><\/a><\/h6><div class=\"w-person-description\" itemprop=\"description\"><p><a href=\"tel:+390543723247\">0543 723247<\/a><\/p>\n<\/div><\/div><\/div><\/div>[vc_empty_space height=&#8221;15px&#8221;]<\/div><\/div><\/div><\/div><\/div><\/section><section class=\"l-section wpb_row height_huge with_img with_slider\"><div class=\"l-section-img\" role=\"img\" aria-label=\"Immagine\" data-img-width=\"1280\" data-img-height=\"700\" style=\"background-image: url(https:\/\/www.clinicamerli.it\/merli\/wp-content\/uploads\/2022\/11\/gruppo-2019-Clinica-Merli-2c.jpg);background-repeat: no-repeat;background-size: contain;\"><\/div><div class=\"l-section-slider\"><div class=\"w-slider style_none fit_cover nav_none count_1\"><div class=\"w-slider-h\" aria-hidden=\"true\"><div class=\"royalSlider\"><div class=\"rsContent\"><a class=\"rsImg\" data-rsw=\"1280\" data-rsh=\"700\" href=\"https:\/\/www.clinicamerli.it\/merli\/wp-content\/uploads\/2022\/11\/gruppo-2019-Clinica-Merli-2c.jpg\"><span data-alt=\"\"><\/span><\/a><\/div><\/div><img decoding=\"async\" src=\"https:\/\/www.clinicamerli.it\/merli\/wp-content\/uploads\/2022\/11\/gruppo-2019-Clinica-Merli-2c.jpg\" width=\"1280\" height=\"700\" alt loading=\"lazy\"><\/div><div class=\"w-slider-json\" onclick='return {&quot;autoScaleSlider&quot;:true,&quot;addActiveClass&quot;:true,&quot;loop&quot;:true,&quot;fadeInLoadedSlide&quot;:false,&quot;slidesSpacing&quot;:0,&quot;imageScalePadding&quot;:0,&quot;numImagesToPreload&quot;:2,&quot;arrowsNav&quot;:false,&quot;arrowsNavAutoHide&quot;:false,&quot;transitionType&quot;:&quot;move&quot;,&quot;transitionSpeed&quot;:1000,&quot;block&quot;:{&quot;moveEffect&quot;:&quot;none&quot;,&quot;speed&quot;:300},&quot;thumbs&quot;:{&quot;fitInViewport&quot;:false,&quot;firstMargin&quot;:false,&quot;spacing&quot;:4},&quot;controlNavigation&quot;:&quot;none&quot;,&quot;autoplay&quot;:{&quot;enabled&quot;:true,&quot;pauseOnHover&quot;:false,&quot;delay&quot;:3000},&quot;autoScaleSliderWidth&quot;:1280,&quot;autoScaleSliderHeight&quot;:700}'><\/div><\/div><\/div><div class=\"l-section-overlay\" style=\"background:var(--color-header-top-transparent-bg)\"><\/div><div class=\"l-section-h i-cf\"><div class=\"g-cols vc_row via_flex valign_top type_default stacking_default\"><div class=\"vc_col-sm-12 wpb_column vc_column_container\"><div class=\"vc_column-inner\"><div class=\"wpb_wrapper\">[vc_empty_space height=&#8221;80px&#8221;]<div class=\"wpb_text_column us_custom_6df4bc3a has_text_color\"><div class=\"wpb_wrapper\"><h3 style=\"text-align: left;\">Da oltre 70 anni ci dedichiamo al tuo sorriso<\/h3>\n<\/div><\/div><div class=\"wpb_text_column us_custom_6df4bc3a has_text_color\"><div class=\"wpb_wrapper\"><h5 style=\"text-align: left;\">La Clinica Merli si avvale di un&#8217;equipe medica qualificata in tutte le specializzazioni odontoiatriche, perch\u00e9 le migliori cure per il paziente sono sempre il risultato di una visione integrata e interdisciplinare.<\/h5>\n<\/div><\/div>[vc_empty_space height=&#8221;80px&#8221;][vc_btn title=&#8221;LA NOSTRA EQUIPE&#8221; style=&#8221;custom&#8221; custom_background=&#8221;#E16A02&#8243; custom_text=&#8221;#FFFFFF&#8221; size=&#8221;sm&#8221; align=&#8221;left&#8221; css=&#8221;&#8221; link=&#8221;url:https%3A%2F%2Fwww.clinicamerli.it%2Fmerli%2Fequipe%2F|title:SCOPRI%20LA%20NOSTRA%20EQUIPE&#8221;][vc_empty_space height=&#8221;80px&#8221;]<\/div><\/div><\/div><\/div><\/div><\/section><section class=\"l-section wpb_row height_small\"><div class=\"l-section-h i-cf\"><div class=\"g-cols vc_row via_flex valign_top type_default stacking_default\"><div class=\"vc_col-sm-12 wpb_column vc_column_container\"><div class=\"vc_column-inner\"><div class=\"wpb_wrapper\">[vc_empty_space height=&#8221;50px&#8221;]<div class=\"w-hwrapper valign_middle align_none\" style=\"--hwrapper-gap:1.3rem\"><div class=\"wpb_text_column\"><div class=\"wpb_wrapper\"><h3 style=\"text-align: left;\">Le testimonianze dei nostri pazienti soddisfatti<\/h3>\n<\/div><\/div>[vc_separator color=&#8221;custom&#8221; el_width=&#8221;10&#8243; css=&#8221;&#8221; accent_color=&#8221;#FFFFFF&#8221;][vc_btn title=&#8221;SCOPRI LE TESTIMONIANZE&#8221; style=&#8221;outline-custom&#8221; outline_custom_color=&#8221;#E16A02&#8243; outline_custom_hover_background=&#8221;#E16A02&#8243; size=&#8221;sm&#8221; align=&#8221;right&#8221; css=&#8221;&#8221; link=&#8221;url:https%3A%2F%2Fwww.clinicamerli.it%2Fmerli%2Frecensioni%2F|title:SCOPRI%20LE%20TESTIMONIANZE&#8221;]<\/div>[vc_separator color=&#8221;custom&#8221; align=&#8221;align_left&#8221; el_width=&#8221;10&#8243; css=&#8221;&#8221; accent_color=&#8221;#000000&#8243;][vc_empty_space height=&#8221;20px&#8221;]<div class=\"w-grid us_post_carousel type_carousel layout_6951 preload_style_spinner items_3\" id=\"us_post_list_p24d\" style=\"--items:3;--gap:0.5rem;\"><style>.layout_6951 .w-grid-item-h{}.layout_6951 .usg_post_custom_field_3{transition-duration:0.3s;transform-origin:50% 50%;transform:scale(1) translate(0%,0%);opacity:0.2}.layout_6951 .w-grid-item-h:focus-within .usg_post_custom_field_3,.layout_6951 .w-grid-item-h:hover .usg_post_custom_field_3{transform:scale(1) translate(0%,0%);opacity:0.2}.layout_6951 .usg_vwrapper_2{padding-left:2rem!important}.layout_6951 .usg_post_custom_field_3{color:var(--color-content-primary)!important;font-size:1.4rem!important;line-height:1!important;position:absolute!important;left:0!important;top:0!important}<\/style><div class=\"w-grid-list owl-carousel valign_stretch dotstyle_circle navstyle_circle arrows-ver-pos_middle arrows-hor-pos_on_sides_outside arrows-disabled_hide owl-responsive-2000 with_arrows\" style=\"--transition-duration:350ms;--arrows-size:1.5rem;--arrows-gap:10px;\">\t<article class=\"w-grid-item size_1x1 post-8096 recensioni type-recensioni status-publish has-post-thumbnail hentry\" data-id=\"8096\">\r\n\t\t<div class=\"w-grid-item-h\">\r\n\t\t\t\t\t\t<div class=\"w-vwrapper usg_vwrapper_2 align_none valign_top\"><div class=\"w-post-elm post_custom_field usg_post_custom_field_3 has_text_color type_text  color_link_inherit\"><i class=\"far fa-quote-left\"><\/i><span class=\"w-post-elm-value\"><\/span><\/div><div class=\"w-post-elm post_content usg_post_content_1\">Struttura all&#8217;avanguardia con attenzione speciale verso il paziente. Ambiente accogliente e professionale.<\/div><div class=\"w-hwrapper usg_hwrapper_1 align_none valign_middle\"><div class=\"w-vwrapper usg_vwrapper_1 align_none valign_top\"><h6 class=\"w-post-elm post_title usg_post_title_1 entry-title color_link_inherit\"><a href=\"https:\/\/www.clinicamerli.it\/merli\/recensioni\/arianna-mengoni\/\">Arianna Mengoni<\/a><\/h6><time class=\"w-post-elm post_date usg_post_date_1 entry-date published\" datetime=\"2026-03-20T09:29:31+01:00\" title=\"20 Marzo 2026 alle 09:29:31 Europe\/Rome\">1 mese fa<\/time><\/div><\/div><\/div>\t\t<\/div>\r\n\t\t\t<\/article>\r\n\t<article class=\"w-grid-item size_1x1 post-8094 recensioni type-recensioni status-publish has-post-thumbnail hentry\" data-id=\"8094\">\r\n\t\t<div class=\"w-grid-item-h\">\r\n\t\t\t\t\t\t<div class=\"w-vwrapper usg_vwrapper_2 align_none valign_top\"><div class=\"w-post-elm post_custom_field usg_post_custom_field_3 has_text_color type_text  color_link_inherit\"><i class=\"far fa-quote-left\"><\/i><span class=\"w-post-elm-value\"><\/span><\/div><div class=\"w-post-elm post_content usg_post_content_1\">Ottima clinica dentale, tempi di attesa veloci, molto importante per chi ha male&#8230;. lo staff molto preparato e gentile, \u00e8 diventato il riferimento per il mio futuro.<\/div><div class=\"w-hwrapper usg_hwrapper_1 align_none valign_middle\"><div class=\"w-vwrapper usg_vwrapper_1 align_none valign_top\"><h6 class=\"w-post-elm post_title usg_post_title_1 entry-title color_link_inherit\"><a href=\"https:\/\/www.clinicamerli.it\/merli\/recensioni\/cianino\/\">Cianino<\/a><\/h6><time class=\"w-post-elm post_date usg_post_date_1 entry-date published\" datetime=\"2026-03-17T16:59:59+01:00\" title=\"17 Marzo 2026 alle 16:59:59 Europe\/Rome\">1 mese fa<\/time><\/div><\/div><\/div>\t\t<\/div>\r\n\t\t\t<\/article>\r\n\t<article class=\"w-grid-item size_1x1 post-8006 recensioni type-recensioni status-publish has-post-thumbnail hentry\" data-id=\"8006\">\r\n\t\t<div class=\"w-grid-item-h\">\r\n\t\t\t\t\t\t<div class=\"w-vwrapper usg_vwrapper_2 align_none valign_top\"><div class=\"w-post-elm post_custom_field usg_post_custom_field_3 has_text_color type_text  color_link_inherit\"><i class=\"far fa-quote-left\"><\/i><span class=\"w-post-elm-value\"><\/span><\/div><div class=\"w-post-elm post_content usg_post_content_1\">Ho problemi ai denti ereditario e frequento dentisti dall&#8217;et\u00e0 di sei anni.Questa Clinica mi \u00e8 stata consigliata dal mio dentista di fiducia che andato in pensione mi ha raccomandato la&hellip;<\/div><div class=\"w-hwrapper usg_hwrapper_1 align_none valign_middle\"><div class=\"w-vwrapper usg_vwrapper_1 align_none valign_top\"><h6 class=\"w-post-elm post_title usg_post_title_1 entry-title color_link_inherit\"><a href=\"https:\/\/www.clinicamerli.it\/merli\/recensioni\/antonia-nori\/\">Antonia Nori<\/a><\/h6><time class=\"w-post-elm post_date usg_post_date_1 entry-date published\" datetime=\"2026-01-13T09:08:19+01:00\" title=\"13 Gennaio 2026 alle 09:08:19 Europe\/Rome\">4 mesi fa<\/time><\/div><\/div><\/div>\t\t<\/div>\r\n\t\t\t<\/article>\r\n\t<article class=\"w-grid-item size_1x1 post-8005 recensioni type-recensioni status-publish has-post-thumbnail hentry\" data-id=\"8005\">\r\n\t\t<div class=\"w-grid-item-h\">\r\n\t\t\t\t\t\t<div class=\"w-vwrapper usg_vwrapper_2 align_none valign_top\"><div class=\"w-post-elm post_custom_field usg_post_custom_field_3 has_text_color type_text  color_link_inherit\"><i class=\"far fa-quote-left\"><\/i><span class=\"w-post-elm-value\"><\/span><\/div><div class=\"w-post-elm post_content usg_post_content_1\">Desidero esprimere gratitudine alla dott.ssa Giorgia Mariotti che, a seguito della recente visita, ha dimostrato gentilezza, competenza ed esaustivit\u00e0 nel trattare il caso in esame.<\/div><div class=\"w-hwrapper usg_hwrapper_1 align_none valign_middle\"><div class=\"w-vwrapper usg_vwrapper_1 align_none valign_top\"><h6 class=\"w-post-elm post_title usg_post_title_1 entry-title color_link_inherit\"><a href=\"https:\/\/www.clinicamerli.it\/merli\/recensioni\/enrico-marchetti\/\">Enrico Marchetti<\/a><\/h6><time class=\"w-post-elm post_date usg_post_date_1 entry-date published\" datetime=\"2026-01-12T11:49:01+01:00\" title=\"12 Gennaio 2026 alle 11:49:01 Europe\/Rome\">4 mesi fa<\/time><\/div><\/div><\/div>\t\t<\/div>\r\n\t\t\t<\/article>\r\n\t<article class=\"w-grid-item size_1x1 post-7998 recensioni type-recensioni status-publish has-post-thumbnail hentry\" data-id=\"7998\">\r\n\t\t<div class=\"w-grid-item-h\">\r\n\t\t\t\t\t\t<div class=\"w-vwrapper usg_vwrapper_2 align_none valign_top\"><div class=\"w-post-elm post_custom_field usg_post_custom_field_3 has_text_color type_text  color_link_inherit\"><i class=\"far fa-quote-left\"><\/i><span class=\"w-post-elm-value\"><\/span><\/div><div class=\"w-post-elm post_content usg_post_content_1\">Ho avuto un\u2019ottima esperienza presso Clinica Merli.Il personale \u00e8 altamente professionale, cordiale e sempre attento alle esigenze del paziente.Lo studio \u00e8 moderno, pulito e ben organizzato, con tempi di attesa&hellip;<\/div><div class=\"w-hwrapper usg_hwrapper_1 align_none valign_middle\"><div class=\"w-vwrapper usg_vwrapper_1 align_none valign_top\"><h6 class=\"w-post-elm post_title usg_post_title_1 entry-title color_link_inherit\"><a href=\"https:\/\/www.clinicamerli.it\/merli\/recensioni\/richard-howard\/\">Richard Howard<\/a><\/h6><time class=\"w-post-elm post_date usg_post_date_1 entry-date published\" datetime=\"2025-12-16T13:10:16+01:00\" title=\"16 Dicembre 2025 alle 13:10:16 Europe\/Rome\">5 mesi fa<\/time><\/div><\/div><\/div>\t\t<\/div>\r\n\t\t\t<\/article>\r\n\t<article class=\"w-grid-item size_1x1 post-7974 recensioni type-recensioni status-publish has-post-thumbnail hentry\" data-id=\"7974\">\r\n\t\t<div class=\"w-grid-item-h\">\r\n\t\t\t\t\t\t<div class=\"w-vwrapper usg_vwrapper_2 align_none valign_top\"><div class=\"w-post-elm post_custom_field usg_post_custom_field_3 has_text_color type_text  color_link_inherit\"><i class=\"far fa-quote-left\"><\/i><span class=\"w-post-elm-value\"><\/span><\/div><div class=\"w-post-elm post_content usg_post_content_1\">Ottima esperienza, professionalit\u00e0, competenza e avanguardia sono alla base di questa grande equipe, un grazie particolare al Dott. Mauro e alle sue assistenti Chiara e Caterina sempre un passo avanti,&hellip;<\/div><div class=\"w-hwrapper usg_hwrapper_1 align_none valign_middle\"><div class=\"w-vwrapper usg_vwrapper_1 align_none valign_top\"><h6 class=\"w-post-elm post_title usg_post_title_1 entry-title color_link_inherit\"><a href=\"https:\/\/www.clinicamerli.it\/merli\/recensioni\/paola-malpassi\/\">Paola Malpassi<\/a><\/h6><time class=\"w-post-elm post_date usg_post_date_1 entry-date published\" datetime=\"2025-10-21T12:11:54+02:00\" title=\"21 Ottobre 2025 alle 12:11:54 Europe\/Rome\">6 mesi fa<\/time><\/div><\/div><\/div>\t\t<\/div>\r\n\t\t\t<\/article>\r\n\t<article class=\"w-grid-item size_1x1 post-7969 recensioni type-recensioni status-publish has-post-thumbnail hentry\" data-id=\"7969\">\r\n\t\t<div class=\"w-grid-item-h\">\r\n\t\t\t\t\t\t<div class=\"w-vwrapper usg_vwrapper_2 align_none valign_top\"><div class=\"w-post-elm post_custom_field usg_post_custom_field_3 has_text_color type_text  color_link_inherit\"><i class=\"far fa-quote-left\"><\/i><span class=\"w-post-elm-value\"><\/span><\/div><div class=\"w-post-elm post_content usg_post_content_1\">Mi sono recato presso Clinica Merli perch\u00e9 avevo dolore ad un dente.Grazie al dottor Mauro Merli, alle sue giovani assistenti C &amp; C e al reparto di chirurgia, l\u2019estrazione \u00e9&hellip;<\/div><div class=\"w-hwrapper usg_hwrapper_1 align_none valign_middle\"><div class=\"w-vwrapper usg_vwrapper_1 align_none valign_top\"><h6 class=\"w-post-elm post_title usg_post_title_1 entry-title color_link_inherit\"><a href=\"https:\/\/www.clinicamerli.it\/merli\/recensioni\/riccardo-gazza\/\">Riccardo Gazza<\/a><\/h6><time class=\"w-post-elm post_date usg_post_date_1 entry-date published\" datetime=\"2025-10-17T08:42:55+02:00\" title=\"17 Ottobre 2025 alle 08:42:55 Europe\/Rome\">7 mesi fa<\/time><\/div><\/div><\/div>\t\t<\/div>\r\n\t\t\t<\/article>\r\n\t<article class=\"w-grid-item size_1x1 post-7956 recensioni type-recensioni status-publish has-post-thumbnail hentry\" data-id=\"7956\">\r\n\t\t<div class=\"w-grid-item-h\">\r\n\t\t\t\t\t\t<div class=\"w-vwrapper usg_vwrapper_2 align_none valign_top\"><div class=\"w-post-elm post_custom_field usg_post_custom_field_3 has_text_color type_text  color_link_inherit\"><i class=\"far fa-quote-left\"><\/i><span class=\"w-post-elm-value\"><\/span><\/div><div class=\"w-post-elm post_content usg_post_content_1\">Fin dal primo appuntamento alla Clinica Merli di Morciano con il Dott. Marco Merli ho notato la predisposizione all\u2019ascolto e la professionalit\u00e0, il Dott. Marco mi ha consigliato e ha&hellip;<\/div><div class=\"w-hwrapper usg_hwrapper_1 align_none valign_middle\"><div class=\"w-vwrapper usg_vwrapper_1 align_none valign_top\"><h6 class=\"w-post-elm post_title usg_post_title_1 entry-title color_link_inherit\"><a href=\"https:\/\/www.clinicamerli.it\/merli\/recensioni\/gianni-rizzo\/\">Gianni Rizzo<\/a><\/h6><time class=\"w-post-elm post_date usg_post_date_1 entry-date published\" datetime=\"2025-10-15T10:37:31+02:00\" title=\"15 Ottobre 2025 alle 10:37:31 Europe\/Rome\">7 mesi fa<\/time><\/div><\/div><\/div>\t\t<\/div>\r\n\t\t\t<\/article>\r\n\t<article class=\"w-grid-item size_1x1 post-7943 recensioni type-recensioni status-publish has-post-thumbnail hentry\" data-id=\"7943\">\r\n\t\t<div class=\"w-grid-item-h\">\r\n\t\t\t\t\t\t<div class=\"w-vwrapper usg_vwrapper_2 align_none valign_top\"><div class=\"w-post-elm post_custom_field usg_post_custom_field_3 has_text_color type_text  color_link_inherit\"><i class=\"far fa-quote-left\"><\/i><span class=\"w-post-elm-value\"><\/span><\/div><div class=\"w-post-elm post_content usg_post_content_1\">Il Personale \u00e8 gentile professionale il top!!<\/div><div class=\"w-hwrapper usg_hwrapper_1 align_none valign_middle\"><div class=\"w-vwrapper usg_vwrapper_1 align_none valign_top\"><h6 class=\"w-post-elm post_title usg_post_title_1 entry-title color_link_inherit\"><a href=\"https:\/\/www.clinicamerli.it\/merli\/recensioni\/monica-zavalloni\/\">Monica Zavalloni<\/a><\/h6><time class=\"w-post-elm post_date usg_post_date_1 entry-date published\" datetime=\"2025-09-09T08:57:24+02:00\" title=\"9 Settembre 2025 alle 08:57:24 Europe\/Rome\">8 mesi fa<\/time><\/div><\/div><\/div>\t\t<\/div>\r\n\t\t\t<\/article>\r\n\t<article class=\"w-grid-item size_1x1 post-7867 recensioni type-recensioni status-publish has-post-thumbnail hentry\" data-id=\"7867\">\r\n\t\t<div class=\"w-grid-item-h\">\r\n\t\t\t\t\t\t<div class=\"w-vwrapper usg_vwrapper_2 align_none valign_top\"><div class=\"w-post-elm post_custom_field usg_post_custom_field_3 has_text_color type_text  color_link_inherit\"><i class=\"far fa-quote-left\"><\/i><span class=\"w-post-elm-value\"><\/span><\/div><div class=\"w-post-elm post_content usg_post_content_1\">Professionalit\u00e0 e cortesia, attenti ad ogni esigenza. Risultato ottenuto perfetto.<\/div><div class=\"w-hwrapper usg_hwrapper_1 align_none valign_middle\"><div class=\"w-vwrapper usg_vwrapper_1 align_none valign_top\"><h6 class=\"w-post-elm post_title usg_post_title_1 entry-title color_link_inherit\"><a href=\"https:\/\/www.clinicamerli.it\/merli\/recensioni\/francesca-ciappini\/\">Francesca Ciappini<\/a><\/h6><time class=\"w-post-elm post_date usg_post_date_1 entry-date published\" datetime=\"2025-07-31T14:59:38+02:00\" title=\"31 Luglio 2025 alle 14:59:38 Europe\/Rome\">9 mesi fa<\/time><\/div><\/div><\/div>\t\t<\/div>\r\n\t\t\t<\/article>\r\n\t<article class=\"w-grid-item size_1x1 post-7834 recensioni type-recensioni status-publish has-post-thumbnail hentry\" data-id=\"7834\">\r\n\t\t<div class=\"w-grid-item-h\">\r\n\t\t\t\t\t\t<div class=\"w-vwrapper usg_vwrapper_2 align_none valign_top\"><div class=\"w-post-elm post_custom_field usg_post_custom_field_3 has_text_color type_text  color_link_inherit\"><i class=\"far fa-quote-left\"><\/i><span class=\"w-post-elm-value\"><\/span><\/div><div class=\"w-post-elm post_content usg_post_content_1\">Eccellente clinica! Sia io che la mia famiglia siamo sempre stati seguiti dalla clinica Merli e pur lavorando fuori Rimini quando ho esigenza torno qui appositamente. Un grazie alla Dottoresse&hellip;<\/div><div class=\"w-hwrapper usg_hwrapper_1 align_none valign_middle\"><div class=\"w-vwrapper usg_vwrapper_1 align_none valign_top\"><h6 class=\"w-post-elm post_title usg_post_title_1 entry-title color_link_inherit\"><a href=\"https:\/\/www.clinicamerli.it\/merli\/recensioni\/anna-laghi\/\">Anna Laghi<\/a><\/h6><time class=\"w-post-elm post_date usg_post_date_1 entry-date published\" datetime=\"2025-06-16T15:29:34+02:00\" title=\"16 Giugno 2025 alle 15:29:34 Europe\/Rome\">11 mesi fa<\/time><\/div><\/div><\/div>\t\t<\/div>\r\n\t\t\t<\/article>\r\n\t<article class=\"w-grid-item size_1x1 post-7824 recensioni type-recensioni status-publish has-post-thumbnail hentry\" data-id=\"7824\">\r\n\t\t<div class=\"w-grid-item-h\">\r\n\t\t\t\t\t\t<div class=\"w-vwrapper usg_vwrapper_2 align_none valign_top\"><div class=\"w-post-elm post_custom_field usg_post_custom_field_3 has_text_color type_text  color_link_inherit\"><i class=\"far fa-quote-left\"><\/i><span class=\"w-post-elm-value\"><\/span><\/div><div class=\"w-post-elm post_content usg_post_content_1\">Professionalit\u00e0 impeccabile e risultati perfetti in brevissimo tempo. Assolutamente i migliori in citt\u00e0.<\/div><div class=\"w-hwrapper usg_hwrapper_1 align_none valign_middle\"><div class=\"w-vwrapper usg_vwrapper_1 align_none valign_top\"><h6 class=\"w-post-elm post_title usg_post_title_1 entry-title color_link_inherit\"><a href=\"https:\/\/www.clinicamerli.it\/merli\/recensioni\/gloria-albertini\/\">Gloria Albertini<\/a><\/h6><time class=\"w-post-elm post_date usg_post_date_1 entry-date published\" datetime=\"2025-06-09T18:24:25+02:00\" title=\"9 Giugno 2025 alle 18:24:25 Europe\/Rome\">11 mesi fa<\/time><\/div><\/div><\/div>\t\t<\/div>\r\n\t\t\t<\/article>\r\n\t<article class=\"w-grid-item size_1x1 post-7818 recensioni type-recensioni status-publish has-post-thumbnail hentry\" data-id=\"7818\">\r\n\t\t<div class=\"w-grid-item-h\">\r\n\t\t\t\t\t\t<div class=\"w-vwrapper usg_vwrapper_2 align_none valign_top\"><div class=\"w-post-elm post_custom_field usg_post_custom_field_3 has_text_color type_text  color_link_inherit\"><i class=\"far fa-quote-left\"><\/i><span class=\"w-post-elm-value\"><\/span><\/div><div class=\"w-post-elm post_content usg_post_content_1\">Competenza, professionalit\u00e0. Mi hanno accompagnato nella risoluzione di un problema complesso sono diventati il mio centro di riferimento per la mia salute dentale. Assolutamente consigliati!<\/div><div class=\"w-hwrapper usg_hwrapper_1 align_none valign_middle\"><div class=\"w-vwrapper usg_vwrapper_1 align_none valign_top\"><h6 class=\"w-post-elm post_title usg_post_title_1 entry-title color_link_inherit\"><a href=\"https:\/\/www.clinicamerli.it\/merli\/recensioni\/arianna-ciotti\/\">Arianna Ciotti<\/a><\/h6><time class=\"w-post-elm post_date usg_post_date_1 entry-date published\" datetime=\"2025-06-05T12:11:01+02:00\" title=\"5 Giugno 2025 alle 12:11:01 Europe\/Rome\">11 mesi fa<\/time><\/div><\/div><\/div>\t\t<\/div>\r\n\t\t\t<\/article>\r\n\t<article class=\"w-grid-item size_1x1 post-7805 recensioni type-recensioni status-publish has-post-thumbnail hentry\" data-id=\"7805\">\r\n\t\t<div class=\"w-grid-item-h\">\r\n\t\t\t\t\t\t<div class=\"w-vwrapper usg_vwrapper_2 align_none valign_top\"><div class=\"w-post-elm post_custom_field usg_post_custom_field_3 has_text_color type_text  color_link_inherit\"><i class=\"far fa-quote-left\"><\/i><span class=\"w-post-elm-value\"><\/span><\/div><div class=\"w-post-elm post_content usg_post_content_1\">Tutti molto gentili, veramente bravi, medici, infermiere, impiegate. Sono molto contento di avervi conosciuto!<\/div><div class=\"w-hwrapper usg_hwrapper_1 align_none valign_middle\"><div class=\"w-vwrapper usg_vwrapper_1 align_none valign_top\"><h6 class=\"w-post-elm post_title usg_post_title_1 entry-title color_link_inherit\"><a href=\"https:\/\/www.clinicamerli.it\/merli\/recensioni\/carlo-valbonesi\/\">Carlo Valbonesi<\/a><\/h6><time class=\"w-post-elm post_date usg_post_date_1 entry-date published\" datetime=\"2025-06-03T12:01:18+02:00\" title=\"3 Giugno 2025 alle 12:01:18 Europe\/Rome\">11 mesi fa<\/time><\/div><\/div><\/div>\t\t<\/div>\r\n\t\t\t<\/article>\r\n\t<article class=\"w-grid-item size_1x1 post-7596 recensioni type-recensioni status-publish has-post-thumbnail hentry\" data-id=\"7596\">\r\n\t\t<div class=\"w-grid-item-h\">\r\n\t\t\t\t\t\t<div class=\"w-vwrapper usg_vwrapper_2 align_none valign_top\"><div class=\"w-post-elm post_custom_field usg_post_custom_field_3 has_text_color type_text  color_link_inherit\"><i class=\"far fa-quote-left\"><\/i><span class=\"w-post-elm-value\"><\/span><\/div><div class=\"w-post-elm post_content usg_post_content_1\">Servizio efficiente professionale. Mio figlio ha fatto alcune cure con la Dott. Romina Marcatelli e la sua assistente Valeria, sono professionali e hanno molta cura del paziente.bravissimi con i bambini.<\/div><div class=\"w-hwrapper usg_hwrapper_1 align_none valign_middle\"><div class=\"w-vwrapper usg_vwrapper_1 align_none valign_top\"><h6 class=\"w-post-elm post_title usg_post_title_1 entry-title color_link_inherit\"><a href=\"https:\/\/www.clinicamerli.it\/merli\/recensioni\/lina-russo\/\">Lina Russo<\/a><\/h6><time class=\"w-post-elm post_date usg_post_date_1 entry-date published\" datetime=\"2025-05-01T15:08:00+02:00\" title=\"1 Maggio 2025 alle 15:08:00 Europe\/Rome\">12 mesi fa<\/time><\/div><\/div><\/div>\t\t<\/div>\r\n\t\t\t<\/article>\r\n\t<article class=\"w-grid-item size_1x1 post-7595 recensioni type-recensioni status-publish has-post-thumbnail hentry\" data-id=\"7595\">\r\n\t\t<div class=\"w-grid-item-h\">\r\n\t\t\t\t\t\t<div class=\"w-vwrapper usg_vwrapper_2 align_none valign_top\"><div class=\"w-post-elm post_custom_field usg_post_custom_field_3 has_text_color type_text  color_link_inherit\"><i class=\"far fa-quote-left\"><\/i><span class=\"w-post-elm-value\"><\/span><\/div><div class=\"w-post-elm post_content usg_post_content_1\">Ottima esperienza..mio figlio ha fatto le Sigillature con la dottoressa Romina Marcatelli e la sua fantastica assistente Valeria..professionalit\u00e0 super!!!<\/div><div class=\"w-hwrapper usg_hwrapper_1 align_none valign_middle\"><div class=\"w-vwrapper usg_vwrapper_1 align_none valign_top\"><h6 class=\"w-post-elm post_title usg_post_title_1 entry-title color_link_inherit\"><a href=\"https:\/\/www.clinicamerli.it\/merli\/recensioni\/marika-camarda\/\">Marika Camarda<\/a><\/h6><time class=\"w-post-elm post_date usg_post_date_1 entry-date published\" datetime=\"2025-04-30T15:03:00+02:00\" title=\"30 Aprile 2025 alle 15:03:00 Europe\/Rome\">1 anno fa<\/time><\/div><\/div><\/div>\t\t<\/div>\r\n\t\t\t<\/article>\r\n\t<article class=\"w-grid-item size_1x1 post-7587 recensioni type-recensioni status-publish has-post-thumbnail hentry\" data-id=\"7587\">\r\n\t\t<div class=\"w-grid-item-h\">\r\n\t\t\t\t\t\t<div class=\"w-vwrapper usg_vwrapper_2 align_none valign_top\"><div class=\"w-post-elm post_custom_field usg_post_custom_field_3 has_text_color type_text  color_link_inherit\"><i class=\"far fa-quote-left\"><\/i><span class=\"w-post-elm-value\"><\/span><\/div><div class=\"w-post-elm post_content usg_post_content_1\">Cordialit\u00e0 e tanta professionalit\u00e0\u2026 non cambierei mai questa Clinica!<\/div><div class=\"w-hwrapper usg_hwrapper_1 align_none valign_middle\"><div class=\"w-vwrapper usg_vwrapper_1 align_none valign_top\"><h6 class=\"w-post-elm post_title usg_post_title_1 entry-title color_link_inherit\"><a href=\"https:\/\/www.clinicamerli.it\/merli\/recensioni\/vittorio-colella\/\">Vittorio Colella<\/a><\/h6><time class=\"w-post-elm post_date usg_post_date_1 entry-date published\" datetime=\"2025-04-14T18:16:08+02:00\" title=\"14 Aprile 2025 alle 18:16:08 Europe\/Rome\">1 anno fa<\/time><\/div><\/div><\/div>\t\t<\/div>\r\n\t\t\t<\/article>\r\n\t<article class=\"w-grid-item size_1x1 post-7580 recensioni type-recensioni status-publish has-post-thumbnail hentry\" data-id=\"7580\">\r\n\t\t<div class=\"w-grid-item-h\">\r\n\t\t\t\t\t\t<div class=\"w-vwrapper usg_vwrapper_2 align_none valign_top\"><div class=\"w-post-elm post_custom_field usg_post_custom_field_3 has_text_color type_text  color_link_inherit\"><i class=\"far fa-quote-left\"><\/i><span class=\"w-post-elm-value\"><\/span><\/div><div class=\"w-post-elm post_content usg_post_content_1\">Eccellente professionalit\u00e0<\/div><div class=\"w-hwrapper usg_hwrapper_1 align_none valign_middle\"><div class=\"w-vwrapper usg_vwrapper_1 align_none valign_top\"><h6 class=\"w-post-elm post_title usg_post_title_1 entry-title color_link_inherit\"><a href=\"https:\/\/www.clinicamerli.it\/merli\/recensioni\/clio-tonucci\/\">Clio Tonucci<\/a><\/h6><time class=\"w-post-elm post_date usg_post_date_1 entry-date published\" datetime=\"2025-04-10T14:01:22+02:00\" title=\"10 Aprile 2025 alle 14:01:22 Europe\/Rome\">1 anno fa<\/time><\/div><\/div><\/div>\t\t<\/div>\r\n\t\t\t<\/article>\r\n\t<article class=\"w-grid-item size_1x1 post-7579 recensioni type-recensioni status-publish has-post-thumbnail hentry\" data-id=\"7579\">\r\n\t\t<div class=\"w-grid-item-h\">\r\n\t\t\t\t\t\t<div class=\"w-vwrapper usg_vwrapper_2 align_none valign_top\"><div class=\"w-post-elm post_custom_field usg_post_custom_field_3 has_text_color type_text  color_link_inherit\"><i class=\"far fa-quote-left\"><\/i><span class=\"w-post-elm-value\"><\/span><\/div><div class=\"w-post-elm post_content usg_post_content_1\">Ambiente accogliente ed elegante. Tutto lo staff, dalla segreteria ai diversi dottori professionisti che mi hanno assistita, si \u00e8 dimostrato competente e professionale. Consiglio vivamente la clinica.<\/div><div class=\"w-hwrapper usg_hwrapper_1 align_none valign_middle\"><div class=\"w-vwrapper usg_vwrapper_1 align_none valign_top\"><h6 class=\"w-post-elm post_title usg_post_title_1 entry-title color_link_inherit\"><a href=\"https:\/\/www.clinicamerli.it\/merli\/recensioni\/lisa-giulianini\/\">Lisa Giulianini<\/a><\/h6><time class=\"w-post-elm post_date usg_post_date_1 entry-date published\" datetime=\"2025-04-07T11:55:46+02:00\" title=\"7 Aprile 2025 alle 11:55:46 Europe\/Rome\">1 anno fa<\/time><\/div><\/div><\/div>\t\t<\/div>\r\n\t\t\t<\/article>\r\n\t<article class=\"w-grid-item size_1x1 post-7542 recensioni type-recensioni status-publish has-post-thumbnail hentry\" data-id=\"7542\">\r\n\t\t<div class=\"w-grid-item-h\">\r\n\t\t\t\t\t\t<div class=\"w-vwrapper usg_vwrapper_2 align_none valign_top\"><div class=\"w-post-elm post_custom_field usg_post_custom_field_3 has_text_color type_text  color_link_inherit\"><i class=\"far fa-quote-left\"><\/i><span class=\"w-post-elm-value\"><\/span><\/div><div class=\"w-post-elm post_content usg_post_content_1\">Ottima esperienza con dottoressa e personale gentilissimi<\/div><div class=\"w-hwrapper usg_hwrapper_1 align_none valign_middle\"><div class=\"w-vwrapper usg_vwrapper_1 align_none valign_top\"><h6 class=\"w-post-elm post_title usg_post_title_1 entry-title color_link_inherit\"><a href=\"https:\/\/www.clinicamerli.it\/merli\/recensioni\/francesco-franca\/\">Francesco Franca<\/a><\/h6><time class=\"w-post-elm post_date usg_post_date_1 entry-date published\" datetime=\"2025-02-27T09:16:02+01:00\" title=\"27 Febbraio 2025 alle 09:16:02 Europe\/Rome\">1 anno fa<\/time><\/div><\/div><\/div>\t\t<\/div>\r\n\t\t\t<\/article>\r\n<\/div><div class=\"w-grid-carousel-json hidden\" onclick='return {&quot;carousel_settings&quot;:{&quot;aria_labels&quot;:{&quot;prev&quot;:&quot;Precedente&quot;,&quot;next&quot;:&quot;Prossimo&quot;},&quot;autoplayContinual&quot;:false,&quot;autoplayHoverPause&quot;:false,&quot;autoplayTimeout&quot;:3000,&quot;autoWidth&quot;:false,&quot;smartSpeed&quot;:350,&quot;margin&quot;:0,&quot;mouseDrag&quot;:true,&quot;rtl&quot;:false,&quot;slideBy&quot;:&quot;1&quot;,&quot;touchDrag&quot;:true,&quot;slideTransition&quot;:&quot;&quot;,&quot;responsive&quot;:{&quot;0&quot;:{&quot;autoHeight&quot;:false,&quot;autoplay&quot;:true,&quot;autoWidth&quot;:false,&quot;center&quot;:false,&quot;dots&quot;:false,&quot;items&quot;:1,&quot;loop&quot;:true,&quot;nav&quot;:true,&quot;stagePadding&quot;:50,&quot;slideBy&quot;:&quot;1&quot;},&quot;601&quot;:{&quot;autoHeight&quot;:false,&quot;autoplay&quot;:true,&quot;autoWidth&quot;:false,&quot;center&quot;:false,&quot;dots&quot;:false,&quot;items&quot;:2,&quot;loop&quot;:true,&quot;nav&quot;:true,&quot;stagePadding&quot;:0,&quot;slideBy&quot;:&quot;1&quot;},&quot;1025&quot;:{&quot;autoHeight&quot;:false,&quot;autoplay&quot;:true,&quot;autoWidth&quot;:false,&quot;center&quot;:false,&quot;dots&quot;:false,&quot;items&quot;:3,&quot;loop&quot;:true,&quot;nav&quot;:true,&quot;stagePadding&quot;:0,&quot;slideBy&quot;:&quot;1&quot;},&quot;1281&quot;:{&quot;items&quot;:3,&quot;autoplay&quot;:false,&quot;center&quot;:false,&quot;dots&quot;:false,&quot;nav&quot;:true,&quot;autoHeight&quot;:false,&quot;autoWidth&quot;:false,&quot;loop&quot;:false,&quot;stagePadding&quot;:0}}}}'><\/div><\/div>[vc_empty_space height=&#8221;40px&#8221;]<div class=\"w-content-carousel items_3 us_custom_d8cbb9ac\"><div class=\"owl-carousel valign_stretch dotstyle_circle navstyle_circle arrows-ver-pos_middle arrows-hor-pos_on_sides_inside arrows-disabled_hide owl-responsive-2000 with_dots with_arrows\" style=\"--items-gap:30px;--transition-duration:350ms;--arrows-size:3rem;--arrows-gap:10px;\" onclick=\"return {&quot;aria_labels&quot;:{&quot;prev&quot;:&quot;Precedente&quot;,&quot;next&quot;:&quot;Prossimo&quot;},&quot;autoplayContinual&quot;:false,&quot;autoplayHoverPause&quot;:false,&quot;autoplayTimeout&quot;:0,&quot;autoWidth&quot;:false,&quot;smartSpeed&quot;:350,&quot;margin&quot;:30,&quot;mouseDrag&quot;:true,&quot;rtl&quot;:false,&quot;slideBy&quot;:&quot;1&quot;,&quot;touchDrag&quot;:true,&quot;slideTransition&quot;:&quot;&quot;,&quot;responsive&quot;:{&quot;0&quot;:{&quot;autoHeight&quot;:true,&quot;autoplay&quot;:false,&quot;autoWidth&quot;:false,&quot;center&quot;:false,&quot;dots&quot;:true,&quot;items&quot;:1,&quot;loop&quot;:false,&quot;nav&quot;:true,&quot;stagePadding&quot;:0,&quot;slideBy&quot;:&quot;1&quot;},&quot;601&quot;:{&quot;autoHeight&quot;:false,&quot;autoplay&quot;:false,&quot;autoWidth&quot;:false,&quot;center&quot;:false,&quot;dots&quot;:true,&quot;items&quot;:3,&quot;loop&quot;:false,&quot;nav&quot;:true,&quot;stagePadding&quot;:0}}}\"><div class=\"w-video align_none ratio_9x16\"><div class=\"w-video-h\"><iframe loading=\"lazy\" title=\"Un sorriso che mancava da tanto tempo!\" width=\"203\" height=\"360\" src=\"https:\/\/www.youtube.com\/embed\/aVGJ-MiSCmc?feature=oembed\" frameborder=\"0\" allow=\"accelerometer; autoplay; clipboard-write; encrypted-media; gyroscope; picture-in-picture; web-share\" referrerpolicy=\"strict-origin-when-cross-origin\" allowfullscreen><\/iframe><\/div><\/div><div class=\"w-video align_none ratio_9x16\"><div class=\"w-video-h\"><iframe loading=\"lazy\" title=\"Avevo consumato tutti i denti, masticavo male, dormivo poco e non sorridevo pi\u00f9\u2026\" width=\"203\" height=\"360\" src=\"https:\/\/www.youtube.com\/embed\/-Ni7MmeO674?feature=oembed\" frameborder=\"0\" allow=\"accelerometer; autoplay; clipboard-write; encrypted-media; gyroscope; picture-in-picture; web-share\" referrerpolicy=\"strict-origin-when-cross-origin\" allowfullscreen><\/iframe><\/div><\/div><div class=\"w-video align_none ratio_9x16 has_iframe\"><div class=\"w-video-h\"><iframe title=\"Youtube video player\" src=\"\/\/www.youtube.com\/embed\/Dzw6mywyHck?autoplay=0&controls=1&origin=https:\/\/www.clinicamerli.it\/merli&loop=0&mute=0\" allowfullscreen=\"1\" loading=\"lazy\"><\/iframe><\/div><\/div><\/div><\/div>[vc_empty_space height=&#8221;20px&#8221;]<\/div><\/div><\/div><\/div><\/div><\/section><section class=\"l-section wpb_row height_small width_full\"><div class=\"l-section-h i-cf\"><div class=\"g-cols vc_row via_flex valign_top type_default stacking_default\"><div class=\"vc_col-sm-12 wpb_column vc_column_container\"><div class=\"vc_column-inner\"><div class=\"wpb_wrapper\">[vc_separator border_width=&#8221;2&#8243; css=&#8221;&#8221;]<\/div><\/div><\/div><\/div><\/div><\/section><section class=\"l-section wpb_row height_small\"><div class=\"l-section-h i-cf\"><div class=\"g-cols vc_row via_flex valign_top type_default stacking_default\"><div class=\"vc_col-sm-12 wpb_column vc_column_container\"><div class=\"vc_column-inner\"><div class=\"wpb_wrapper\">[vc_empty_space height=&#8221;20px&#8221;]<div class=\"w-hwrapper valign_middle align_none\" style=\"--hwrapper-gap:1.3rem\"><div class=\"wpb_text_column\"><div class=\"wpb_wrapper\"><p style=\"text-align: left;\">IL NOSTRO BLOG<\/p>\n<\/div><\/div>[vc_separator color=&#8221;custom&#8221; el_width=&#8221;10&#8243; css=&#8221;&#8221; accent_color=&#8221;#FFFFFF&#8221;][vc_btn title=&#8221;SCOPRI TUTTE LE NEWS&#8221; style=&#8221;outline-custom&#8221; outline_custom_color=&#8221;#E16A02&#8243; outline_custom_hover_background=&#8221;#E16A02&#8243; size=&#8221;sm&#8221; align=&#8221;right&#8221; css=&#8221;&#8221; link=&#8221;url:https%3A%2F%2Fwww.clinicamerli.it%2Fmerli%2Fblog%2F|title:SCOPRI%20TUTTE%20LE%20NEWS&#8221;]<\/div><div class=\"wpb_text_column\"><div class=\"wpb_wrapper\"><h3 style=\"text-align: left;\">Le ultime News<\/h3>\n<\/div><\/div>[vc_empty_space height=&#8221;10px&#8221;]<div class=\"w-grid us_post_carousel type_carousel layout_7657 preload_style_spinner items_3\" id=\"us_post_list_r81e\" style=\"--items:3;--gap:0.8rem;\"><style>.layout_7657 .w-grid-item-h{border-radius:0rem}.layout_7657 .usg_post_image_1{transition-duration:0.3s;transform-origin:50% 50%;transform:scale(1) translate(0%,0%)}.layout_7657 .w-grid-item-h:focus-within .usg_post_image_1,.layout_7657 .w-grid-item-h:hover .usg_post_image_1{transform:scale(0.95) translate(0%,0%);opacity:1}.layout_7657 .usg_post_image_1{position:static!important}.layout_7657 .usg_post_title_1{margin-top:5px!important;margin-bottom:5px!important}<\/style><div class=\"w-grid-list owl-carousel valign_stretch dotstyle_circle navstyle_circle arrows-ver-pos_middle arrows-hor-pos_on_sides_outside arrows-disabled_hide owl-responsive-2000 with_arrows\" style=\"--transition-duration:450ms;--arrows-size:1.5rem;--arrows-gap:10px;\">\t<article class=\"w-grid-item size_1x1 post-8114 post type-post status-publish format-standard has-post-thumbnail hentry category-blog\" data-id=\"8114\">\r\n\t\t<div class=\"w-grid-item-h\">\r\n\t\t\t\t\t\t<div class=\"w-post-elm post_image usg_post_image_1 has_ratio\"><a href=\"https:\/\/www.clinicamerli.it\/merli\/ben-arrivata-ginevra\/\" aria-label=\"Ben arrivata Ginevra!\"><img loading=\"lazy\" decoding=\"async\" width=\"1280\" height=\"1280\" src=\"https:\/\/www.clinicamerli.it\/merli\/wp-content\/uploads\/2026\/04\/Ben-arrivata-Ginevra.jpg\" class=\"attachment-full size-full wp-post-image\" alt=\"\" \/><\/a><div style=\"padding-bottom:100%\"><\/div><\/div><h6 class=\"w-post-elm post_title usg_post_title_1 align_left entry-title color_link_inherit\"><a href=\"https:\/\/www.clinicamerli.it\/merli\/ben-arrivata-ginevra\/\">Ben arrivata Ginevra!<\/a><\/h6><time class=\"w-post-elm post_date usg_post_date_1 entry-date published\" datetime=\"2026-04-30T18:45:29+02:00\" title=\"30 Aprile 2026 alle 18:45:29 Europe\/Rome\">11 ore fa<\/time>\t\t<\/div>\r\n\t\t\t<\/article>\r\n\t<article class=\"w-grid-item size_1x1 post-8110 post type-post status-publish format-standard has-post-thumbnail hentry category-blog\" data-id=\"8110\">\r\n\t\t<div class=\"w-grid-item-h\">\r\n\t\t\t\t\t\t<div class=\"w-post-elm post_image usg_post_image_1 has_ratio\"><a href=\"https:\/\/www.clinicamerli.it\/merli\/un-sorriso-autentico\/\" aria-label=\"Un sorriso autentico\"><img loading=\"lazy\" decoding=\"async\" width=\"1280\" height=\"1600\" src=\"https:\/\/www.clinicamerli.it\/merli\/wp-content\/uploads\/2026\/04\/sorriso-autentico-Clinica-Merli.jpeg\" class=\"attachment-full size-full wp-post-image\" alt=\"\" \/><\/a><div style=\"padding-bottom:100%\"><\/div><\/div><h6 class=\"w-post-elm post_title usg_post_title_1 align_left entry-title color_link_inherit\"><a href=\"https:\/\/www.clinicamerli.it\/merli\/un-sorriso-autentico\/\">Un sorriso autentico<\/a><\/h6><time class=\"w-post-elm post_date usg_post_date_1 entry-date published\" datetime=\"2026-04-24T11:06:29+02:00\" title=\"24 Aprile 2026 alle 11:06:29 Europe\/Rome\">7 giorni fa<\/time>\t\t<\/div>\r\n\t\t\t<\/article>\r\n\t<article class=\"w-grid-item size_1x1 post-8101 post type-post status-publish format-standard has-post-thumbnail hentry category-blog\" data-id=\"8101\">\r\n\t\t<div class=\"w-grid-item-h\">\r\n\t\t\t\t\t\t<div class=\"w-post-elm post_image usg_post_image_1 has_ratio\"><a href=\"https:\/\/www.clinicamerli.it\/merli\/buona-pasqua-4\/\" aria-label=\"Buona Pasqua\"><img loading=\"lazy\" decoding=\"async\" width=\"1280\" height=\"1599\" src=\"https:\/\/www.clinicamerli.it\/merli\/wp-content\/uploads\/2026\/04\/Buona-Pasqua-Clinica-Merli.jpg\" class=\"attachment-full size-full wp-post-image\" alt=\"\" \/><\/a><div style=\"padding-bottom:100%\"><\/div><\/div><h6 class=\"w-post-elm post_title usg_post_title_1 align_left entry-title color_link_inherit\"><a href=\"https:\/\/www.clinicamerli.it\/merli\/buona-pasqua-4\/\">Buona Pasqua<\/a><\/h6><time class=\"w-post-elm post_date usg_post_date_1 entry-date published\" datetime=\"2026-04-05T06:00:00+02:00\" title=\"5 Aprile 2026 alle 06:00:00 Europe\/Rome\">4 settimane fa<\/time>\t\t<\/div>\r\n\t\t\t<\/article>\r\n\t<article class=\"w-grid-item size_1x1 post-8097 post type-post status-publish format-standard has-post-thumbnail hentry category-blog\" data-id=\"8097\">\r\n\t\t<div class=\"w-grid-item-h\">\r\n\t\t\t\t\t\t<div class=\"w-post-elm post_image usg_post_image_1 has_ratio\"><a href=\"https:\/\/www.clinicamerli.it\/merli\/cuore-al-centro-prevenzione-e-scelte-quotidiane-per-la-salute\/\" aria-label=\"CUORE AL CENTRO: Prevenzione e scelte quotidiane per la salute\"><img loading=\"lazy\" decoding=\"async\" width=\"1280\" height=\"1811\" src=\"https:\/\/www.clinicamerli.it\/merli\/wp-content\/uploads\/2026\/03\/Cuore-al-centro-Rotary-2026-03-28-Clinica-Merli.jpg\" class=\"attachment-full size-full wp-post-image\" alt=\"\" \/><\/a><div style=\"padding-bottom:100%\"><\/div><\/div><h6 class=\"w-post-elm post_title usg_post_title_1 align_left entry-title color_link_inherit\"><a href=\"https:\/\/www.clinicamerli.it\/merli\/cuore-al-centro-prevenzione-e-scelte-quotidiane-per-la-salute\/\">CUORE AL CENTRO: Prevenzione e scelte quotidiane per la salute<\/a><\/h6><time class=\"w-post-elm post_date usg_post_date_1 entry-date published\" datetime=\"2026-03-24T16:53:18+01:00\" title=\"24 Marzo 2026 alle 16:53:18 Europe\/Rome\">1 mese fa<\/time>\t\t<\/div>\r\n\t\t\t<\/article>\r\n\t<article class=\"w-grid-item size_1x1 post-8091 post type-post status-publish format-standard has-post-thumbnail hentry category-blog\" data-id=\"8091\">\r\n\t\t<div class=\"w-grid-item-h\">\r\n\t\t\t\t\t\t<div class=\"w-post-elm post_image usg_post_image_1 has_ratio\"><a href=\"https:\/\/www.clinicamerli.it\/merli\/una-serata-che-restera-nella-storia\/\" aria-label=\"Una serata che rester\u00e0 nella storia\"><img loading=\"lazy\" decoding=\"async\" width=\"1280\" height=\"816\" src=\"https:\/\/www.clinicamerli.it\/merli\/wp-content\/uploads\/2026\/03\/Coppa-Italia-LNP-Old-Wild-West-2026-Clinica-Merli.jpg\" class=\"attachment-full size-full wp-post-image\" alt=\"\" \/><\/a><div style=\"padding-bottom:100%\"><\/div><\/div><h6 class=\"w-post-elm post_title usg_post_title_1 align_left entry-title color_link_inherit\"><a href=\"https:\/\/www.clinicamerli.it\/merli\/una-serata-che-restera-nella-storia\/\">Una serata che rester\u00e0 nella storia<\/a><\/h6><time class=\"w-post-elm post_date usg_post_date_1 entry-date published\" datetime=\"2026-03-16T16:31:03+01:00\" title=\"16 Marzo 2026 alle 16:31:03 Europe\/Rome\">2 mesi fa<\/time>\t\t<\/div>\r\n\t\t\t<\/article>\r\n\t<article class=\"w-grid-item size_1x1 post-8053 post type-post status-publish format-standard has-post-thumbnail hentry category-blog\" data-id=\"8053\">\r\n\t\t<div class=\"w-grid-item-h\">\r\n\t\t\t\t\t\t<div class=\"w-post-elm post_image usg_post_image_1 has_ratio\"><a href=\"https:\/\/www.clinicamerli.it\/merli\/spazio-ai-piccoli-sorrisi\/\" aria-label=\"Spazio ai piccoli sorrisi\"><img loading=\"lazy\" decoding=\"async\" width=\"1280\" height=\"1600\" src=\"https:\/\/www.clinicamerli.it\/merli\/wp-content\/uploads\/2026\/03\/Spazio-ai-piccoli-sorrisi-Clinica-Merli.jpg\" class=\"attachment-full size-full wp-post-image\" alt=\"\" \/><\/a><div style=\"padding-bottom:100%\"><\/div><\/div><h6 class=\"w-post-elm post_title usg_post_title_1 align_left entry-title color_link_inherit\"><a href=\"https:\/\/www.clinicamerli.it\/merli\/spazio-ai-piccoli-sorrisi\/\">Spazio ai piccoli sorrisi<\/a><\/h6><time class=\"w-post-elm post_date usg_post_date_1 entry-date published\" datetime=\"2026-03-09T15:11:13+01:00\" title=\"9 Marzo 2026 alle 15:11:13 Europe\/Rome\">2 mesi fa<\/time>\t\t<\/div>\r\n\t\t\t<\/article>\r\n\t<article class=\"w-grid-item size_1x1 post-8049 post type-post status-publish format-standard has-post-thumbnail hentry category-blog\" data-id=\"8049\">\r\n\t\t<div class=\"w-grid-item-h\">\r\n\t\t\t\t\t\t<div class=\"w-post-elm post_image usg_post_image_1 has_ratio\"><a href=\"https:\/\/www.clinicamerli.it\/merli\/rinascita-basket-rimini-e-clinica-merli-official-dental-partner\/\" aria-label=\"Rinascita Basket Rimini e Clinica Merli \u2022 Official Dental Partner\"><img loading=\"lazy\" decoding=\"async\" width=\"1080\" height=\"1080\" src=\"https:\/\/www.clinicamerli.it\/merli\/wp-content\/uploads\/2025\/10\/video-collaborazione-1-1-1.jpg\" class=\"attachment-full size-full wp-post-image\" alt=\"\" \/><\/a><div style=\"padding-bottom:100%\"><\/div><\/div><h6 class=\"w-post-elm post_title usg_post_title_1 align_left entry-title color_link_inherit\"><a href=\"https:\/\/www.clinicamerli.it\/merli\/rinascita-basket-rimini-e-clinica-merli-official-dental-partner\/\">Rinascita Basket Rimini e Clinica Merli \u2022 Official Dental Partner<\/a><\/h6><time class=\"w-post-elm post_date usg_post_date_1 entry-date published\" datetime=\"2026-02-19T12:54:10+01:00\" title=\"19 Febbraio 2026 alle 12:54:10 Europe\/Rome\">2 mesi fa<\/time>\t\t<\/div>\r\n\t\t\t<\/article>\r\n\t<article class=\"w-grid-item size_1x1 post-8038 post type-post status-publish format-standard has-post-thumbnail hentry category-blog\" data-id=\"8038\">\r\n\t\t<div class=\"w-grid-item-h\">\r\n\t\t\t\t\t\t<div class=\"w-post-elm post_image usg_post_image_1 has_ratio\"><a href=\"https:\/\/www.clinicamerli.it\/merli\/ogni-trattamento-nasce-da-unanalisi-accurata\/\" aria-label=\"Ogni trattamento nasce da un&#8217;analisi accurata\"><img loading=\"lazy\" decoding=\"async\" width=\"1280\" height=\"1280\" src=\"https:\/\/www.clinicamerli.it\/merli\/wp-content\/uploads\/2026\/01\/Ogni-trattamento-nasce-da-unanalisi-accurata-Clinica-Merli.jpg\" class=\"attachment-full size-full wp-post-image\" alt=\"\" \/><\/a><div style=\"padding-bottom:100%\"><\/div><\/div><h6 class=\"w-post-elm post_title usg_post_title_1 align_left entry-title color_link_inherit\"><a href=\"https:\/\/www.clinicamerli.it\/merli\/ogni-trattamento-nasce-da-unanalisi-accurata\/\">Ogni trattamento nasce da un&#8217;analisi accurata<\/a><\/h6><time class=\"w-post-elm post_date usg_post_date_1 entry-date published\" datetime=\"2026-01-29T15:27:54+01:00\" title=\"29 Gennaio 2026 alle 15:27:54 Europe\/Rome\">3 mesi fa<\/time>\t\t<\/div>\r\n\t\t\t<\/article>\r\n\t<article class=\"w-grid-item size_1x1 post-8008 post type-post status-publish format-standard has-post-thumbnail hentry category-blog\" data-id=\"8008\">\r\n\t\t<div class=\"w-grid-item-h\">\r\n\t\t\t\t\t\t<div class=\"w-post-elm post_image usg_post_image_1 has_ratio\"><a href=\"https:\/\/www.clinicamerli.it\/merli\/non-importa-sono-denti-da-latte\/\" aria-label=\"Non importa, sono denti da latte\"><img loading=\"lazy\" decoding=\"async\" width=\"1280\" height=\"1600\" src=\"https:\/\/www.clinicamerli.it\/merli\/wp-content\/uploads\/2026\/01\/denti-da-latte-Clinica-Merli.jpg\" class=\"attachment-full size-full wp-post-image\" alt=\"\" \/><\/a><div style=\"padding-bottom:100%\"><\/div><\/div><h6 class=\"w-post-elm post_title usg_post_title_1 align_left entry-title color_link_inherit\"><a href=\"https:\/\/www.clinicamerli.it\/merli\/non-importa-sono-denti-da-latte\/\">Non importa, sono denti da latte<\/a><\/h6><time class=\"w-post-elm post_date usg_post_date_1 entry-date published\" datetime=\"2026-01-15T15:14:43+01:00\" title=\"15 Gennaio 2026 alle 15:14:43 Europe\/Rome\">4 mesi fa<\/time>\t\t<\/div>\r\n\t\t\t<\/article>\r\n\t<article class=\"w-grid-item size_1x1 post-8000 post type-post status-publish format-standard has-post-thumbnail hentry category-blog\" data-id=\"8000\">\r\n\t\t<div class=\"w-grid-item-h\">\r\n\t\t\t\t\t\t<div class=\"w-post-elm post_image usg_post_image_1 has_ratio\"><a href=\"https:\/\/www.clinicamerli.it\/merli\/buon-natale-3\/\" aria-label=\"Buon Natale\"><img loading=\"lazy\" decoding=\"async\" width=\"1280\" height=\"1151\" src=\"https:\/\/www.clinicamerli.it\/merli\/wp-content\/uploads\/2025\/12\/Natale-2025-Clinica-Merli.jpg\" class=\"attachment-full size-full wp-post-image\" alt=\"\" \/><\/a><div style=\"padding-bottom:100%\"><\/div><\/div><h6 class=\"w-post-elm post_title usg_post_title_1 align_left entry-title color_link_inherit\"><a href=\"https:\/\/www.clinicamerli.it\/merli\/buon-natale-3\/\">Buon Natale<\/a><\/h6><time class=\"w-post-elm post_date usg_post_date_1 entry-date published\" datetime=\"2025-12-23T06:30:00+01:00\" title=\"23 Dicembre 2025 alle 06:30:00 Europe\/Rome\">4 mesi fa<\/time>\t\t<\/div>\r\n\t\t\t<\/article>\r\n\t<article class=\"w-grid-item size_1x1 post-7995 post type-post status-publish format-standard has-post-thumbnail hentry category-blog\" data-id=\"7995\">\r\n\t\t<div class=\"w-grid-item-h\">\r\n\t\t\t\t\t\t<div class=\"w-post-elm post_image usg_post_image_1 has_ratio\"><a href=\"https:\/\/www.clinicamerli.it\/merli\/la-cura-che-nasce-dallidea-di-famiglia\/\" aria-label=\"La cura che nasce dall\u2019idea di famiglia\"><img loading=\"lazy\" decoding=\"async\" width=\"1280\" height=\"1600\" src=\"https:\/\/www.clinicamerli.it\/merli\/wp-content\/uploads\/2025\/12\/La-cura-che-nasce-dallidea-di-famiglia-Clinica-Merli.jpg\" class=\"attachment-full size-full wp-post-image\" alt=\"\" \/><\/a><div style=\"padding-bottom:100%\"><\/div><\/div><h6 class=\"w-post-elm post_title usg_post_title_1 align_left entry-title color_link_inherit\"><a href=\"https:\/\/www.clinicamerli.it\/merli\/la-cura-che-nasce-dallidea-di-famiglia\/\">La cura che nasce dall\u2019idea di famiglia<\/a><\/h6><time class=\"w-post-elm post_date usg_post_date_1 entry-date published\" datetime=\"2025-12-15T13:14:32+01:00\" title=\"15 Dicembre 2025 alle 13:14:32 Europe\/Rome\">5 mesi fa<\/time>\t\t<\/div>\r\n\t\t\t<\/article>\r\n\t<article class=\"w-grid-item size_1x1 post-7987 post type-post status-publish format-standard has-post-thumbnail hentry category-blog\" data-id=\"7987\">\r\n\t\t<div class=\"w-grid-item-h\">\r\n\t\t\t\t\t\t<div class=\"w-post-elm post_image usg_post_image_1 has_ratio\"><a href=\"https:\/\/www.clinicamerli.it\/merli\/festivita-di-ognissanti\/\" aria-label=\"Festivit\u00e0 di Ognissanti\"><img loading=\"lazy\" decoding=\"async\" width=\"1280\" height=\"1280\" src=\"https:\/\/www.clinicamerli.it\/merli\/wp-content\/uploads\/2025\/10\/Ognissanti-2025-10-Clinica-Merli.jpg\" class=\"attachment-full size-full wp-post-image\" alt=\"\" \/><\/a><div style=\"padding-bottom:100%\"><\/div><\/div><h6 class=\"w-post-elm post_title usg_post_title_1 align_left entry-title color_link_inherit\"><a href=\"https:\/\/www.clinicamerli.it\/merli\/festivita-di-ognissanti\/\">Festivit\u00e0 di Ognissanti<\/a><\/h6><time class=\"w-post-elm post_date usg_post_date_1 entry-date published\" datetime=\"2025-10-30T17:54:59+01:00\" title=\"30 Ottobre 2025 alle 17:54:59 Europe\/Rome\">6 mesi fa<\/time>\t\t<\/div>\r\n\t\t\t<\/article>\r\n\t<article class=\"w-grid-item size_1x1 post-7980 post type-post status-publish format-standard has-post-thumbnail hentry category-blog\" data-id=\"7980\">\r\n\t\t<div class=\"w-grid-item-h\">\r\n\t\t\t\t\t\t<div class=\"w-post-elm post_image usg_post_image_1 has_ratio\"><a href=\"https:\/\/www.clinicamerli.it\/merli\/il-futuro-della-parodontologia-e-dellimplantologia-e-passato-da-firenze\/\" aria-label=\"Il futuro della parodontologia e dell\u2019implantologia \u00e8 passato da Firenze\"><img loading=\"lazy\" decoding=\"async\" width=\"1280\" height=\"1280\" src=\"https:\/\/www.clinicamerli.it\/merli\/wp-content\/uploads\/2025\/10\/futuro-della-parodontologia-e-dellimplantologia-Clinica-Merli.jpg\" class=\"attachment-full size-full wp-post-image\" alt=\"\" \/><\/a><div style=\"padding-bottom:100%\"><\/div><\/div><h6 class=\"w-post-elm post_title usg_post_title_1 align_left entry-title color_link_inherit\"><a href=\"https:\/\/www.clinicamerli.it\/merli\/il-futuro-della-parodontologia-e-dellimplantologia-e-passato-da-firenze\/\">Il futuro della parodontologia e dell\u2019implantologia \u00e8 passato da Firenze<\/a><\/h6><time class=\"w-post-elm post_date usg_post_date_1 entry-date published\" datetime=\"2025-10-27T13:15:51+01:00\" title=\"27 Ottobre 2025 alle 13:15:51 Europe\/Rome\">6 mesi fa<\/time>\t\t<\/div>\r\n\t\t\t<\/article>\r\n\t<article class=\"w-grid-item size_1x1 post-7975 post type-post status-publish format-standard has-post-thumbnail hentry category-blog\" data-id=\"7975\">\r\n\t\t<div class=\"w-grid-item-h\">\r\n\t\t\t\t\t\t<div class=\"w-post-elm post_image usg_post_image_1 has_ratio\"><a href=\"https:\/\/www.clinicamerli.it\/merli\/nuovi-riuniti-nuove-emozioni\/\" aria-label=\"Nuovi riuniti, nuove emozioni\"><img loading=\"lazy\" decoding=\"async\" width=\"755\" height=\"755\" src=\"https:\/\/www.clinicamerli.it\/merli\/wp-content\/uploads\/2025\/10\/nuove-poltrone-Clinica-Merli-1.jpg\" class=\"attachment-full size-full wp-post-image\" alt=\"\" \/><\/a><div style=\"padding-bottom:100%\"><\/div><\/div><h6 class=\"w-post-elm post_title usg_post_title_1 align_left entry-title color_link_inherit\"><a href=\"https:\/\/www.clinicamerli.it\/merli\/nuovi-riuniti-nuove-emozioni\/\">Nuovi riuniti, nuove emozioni<\/a><\/h6><time class=\"w-post-elm post_date usg_post_date_1 entry-date published\" datetime=\"2025-10-24T12:10:00+02:00\" title=\"24 Ottobre 2025 alle 12:10:00 Europe\/Rome\">6 mesi fa<\/time>\t\t<\/div>\r\n\t\t\t<\/article>\r\n\t<article class=\"w-grid-item size_1x1 post-7971 post type-post status-publish format-standard has-post-thumbnail hentry category-blog\" data-id=\"7971\">\r\n\t\t<div class=\"w-grid-item-h\">\r\n\t\t\t\t\t\t<div class=\"w-post-elm post_image usg_post_image_1 has_ratio\"><a href=\"https:\/\/www.clinicamerli.it\/merli\/le-opinioni-dei-nostri-pazienti-4\/\" aria-label=\"Le opinioni dei nostri pazienti\"><img loading=\"lazy\" decoding=\"async\" width=\"1280\" height=\"1600\" src=\"https:\/\/www.clinicamerli.it\/merli\/wp-content\/uploads\/2025\/10\/Le-opinioni-dei-nostri-pazienti-Clinica-Merli.jpg\" class=\"attachment-full size-full wp-post-image\" alt=\"\" \/><\/a><div style=\"padding-bottom:100%\"><\/div><\/div><h6 class=\"w-post-elm post_title usg_post_title_1 align_left entry-title color_link_inherit\"><a href=\"https:\/\/www.clinicamerli.it\/merli\/le-opinioni-dei-nostri-pazienti-4\/\">Le opinioni dei nostri pazienti<\/a><\/h6><time class=\"w-post-elm post_date usg_post_date_1 entry-date published\" datetime=\"2025-10-20T14:52:14+02:00\" title=\"20 Ottobre 2025 alle 14:52:14 Europe\/Rome\">6 mesi fa<\/time>\t\t<\/div>\r\n\t\t\t<\/article>\r\n\t<article class=\"w-grid-item size_1x1 post-7966 post type-post status-publish format-standard has-post-thumbnail hentry category-blog\" data-id=\"7966\">\r\n\t\t<div class=\"w-grid-item-h\">\r\n\t\t\t\t\t\t<div class=\"w-post-elm post_image usg_post_image_1 has_ratio\"><a href=\"https:\/\/www.clinicamerli.it\/merli\/official-dental-partner-della-dole-basket-rimini\/\" aria-label=\"Official Dental Partner della Dole Basket Rimini\"><img loading=\"lazy\" decoding=\"async\" width=\"1080\" height=\"1080\" src=\"https:\/\/www.clinicamerli.it\/merli\/wp-content\/uploads\/2025\/10\/video-collaborazione-1-1-1.jpg\" class=\"attachment-full size-full wp-post-image\" alt=\"\" \/><\/a><div style=\"padding-bottom:100%\"><\/div><\/div><h6 class=\"w-post-elm post_title usg_post_title_1 align_left entry-title color_link_inherit\"><a href=\"https:\/\/www.clinicamerli.it\/merli\/official-dental-partner-della-dole-basket-rimini\/\">Official Dental Partner della Dole Basket Rimini<\/a><\/h6><time class=\"w-post-elm post_date usg_post_date_1 entry-date published\" datetime=\"2025-10-16T09:15:58+02:00\" title=\"16 Ottobre 2025 alle 09:15:58 Europe\/Rome\">7 mesi fa<\/time>\t\t<\/div>\r\n\t\t\t<\/article>\r\n\t<article class=\"w-grid-item size_1x1 post-7950 post type-post status-publish format-standard has-post-thumbnail hentry category-blog\" data-id=\"7950\">\r\n\t\t<div class=\"w-grid-item-h\">\r\n\t\t\t\t\t\t<div class=\"w-post-elm post_image usg_post_image_1 has_ratio\"><a href=\"https:\/\/www.clinicamerli.it\/merli\/la-salute-del-tuo-cuore-inizia-dalla-bocca\/\" aria-label=\"La salute del tuo cuore inizia dalla bocca\"><img loading=\"lazy\" decoding=\"async\" width=\"1280\" height=\"1280\" src=\"https:\/\/www.clinicamerli.it\/merli\/wp-content\/uploads\/2025\/09\/La-salute-del-tuo-cuore-inizia-dalla-bocca-Clinica-Merli.jpg\" class=\"attachment-full size-full wp-post-image\" alt=\"\" \/><\/a><div style=\"padding-bottom:100%\"><\/div><\/div><h6 class=\"w-post-elm post_title usg_post_title_1 align_left entry-title color_link_inherit\"><a href=\"https:\/\/www.clinicamerli.it\/merli\/la-salute-del-tuo-cuore-inizia-dalla-bocca\/\">La salute del tuo cuore inizia dalla bocca<\/a><\/h6><time class=\"w-post-elm post_date usg_post_date_1 entry-date published\" datetime=\"2025-09-25T13:11:37+02:00\" title=\"25 Settembre 2025 alle 13:11:37 Europe\/Rome\">7 mesi fa<\/time>\t\t<\/div>\r\n\t\t\t<\/article>\r\n\t<article class=\"w-grid-item size_1x1 post-7937 post type-post status-publish format-standard has-post-thumbnail hentry category-blog\" data-id=\"7937\">\r\n\t\t<div class=\"w-grid-item-h\">\r\n\t\t\t\t\t\t<div class=\"w-post-elm post_image usg_post_image_1 has_ratio\"><a href=\"https:\/\/www.clinicamerli.it\/merli\/clinica-merli-running-team\/\" aria-label=\"Clinica Merli &#8220;Running Team&#8221;\"><img loading=\"lazy\" decoding=\"async\" width=\"823\" height=\"617\" src=\"https:\/\/www.clinicamerli.it\/merli\/wp-content\/uploads\/2025\/09\/Clinica-Merli-Running-Team-1.jpg\" class=\"attachment-full size-full wp-post-image\" alt=\"\" \/><\/a><div style=\"padding-bottom:100%\"><\/div><\/div><h6 class=\"w-post-elm post_title usg_post_title_1 align_left entry-title color_link_inherit\"><a href=\"https:\/\/www.clinicamerli.it\/merli\/clinica-merli-running-team\/\">Clinica Merli &#8220;Running Team&#8221;<\/a><\/h6><time class=\"w-post-elm post_date usg_post_date_1 entry-date published\" datetime=\"2025-09-08T14:57:53+02:00\" title=\"8 Settembre 2025 alle 14:57:53 Europe\/Rome\">8 mesi fa<\/time>\t\t<\/div>\r\n\t\t\t<\/article>\r\n\t<article class=\"w-grid-item size_1x1 post-7931 post type-post status-publish format-standard has-post-thumbnail hentry category-blog\" data-id=\"7931\">\r\n\t\t<div class=\"w-grid-item-h\">\r\n\t\t\t\t\t\t<div class=\"w-post-elm post_image usg_post_image_1 has_ratio\"><a href=\"https:\/\/www.clinicamerli.it\/merli\/lo-sport-per-noi-e-prevenzione\/\" aria-label=\"Lo sport, per noi, \u00e8 prevenzione\"><img loading=\"lazy\" decoding=\"async\" width=\"1080\" height=\"1080\" src=\"https:\/\/www.clinicamerli.it\/merli\/wp-content\/uploads\/2025\/09\/video-Festival-della-Cultura-Sportiva-2025.jpg\" class=\"attachment-full size-full wp-post-image\" alt=\"\" \/><\/a><div style=\"padding-bottom:100%\"><\/div><\/div><h6 class=\"w-post-elm post_title usg_post_title_1 align_left entry-title color_link_inherit\"><a href=\"https:\/\/www.clinicamerli.it\/merli\/lo-sport-per-noi-e-prevenzione\/\">Lo sport, per noi, \u00e8 prevenzione<\/a><\/h6><time class=\"w-post-elm post_date usg_post_date_1 entry-date published\" datetime=\"2025-09-03T11:12:50+02:00\" title=\"3 Settembre 2025 alle 11:12:50 Europe\/Rome\">8 mesi fa<\/time>\t\t<\/div>\r\n\t\t\t<\/article>\r\n\t<article class=\"w-grid-item size_1x1 post-7919 post type-post status-publish format-standard has-post-thumbnail hentry category-blog\" data-id=\"7919\">\r\n\t\t<div class=\"w-grid-item-h\">\r\n\t\t\t\t\t\t<div class=\"w-post-elm post_image usg_post_image_1 has_ratio\"><a href=\"https:\/\/www.clinicamerli.it\/merli\/festival-della-cultura-sportiva-2025\/\" aria-label=\"Festival della Cultura Sportiva 2025\"><img loading=\"lazy\" decoding=\"async\" width=\"1028\" height=\"1028\" src=\"https:\/\/www.clinicamerli.it\/merli\/wp-content\/uploads\/2025\/09\/festival-CULTURA-SPORTIVA_2025.jpg\" class=\"attachment-full size-full wp-post-image\" alt=\"\" \/><\/a><div style=\"padding-bottom:100%\"><\/div><\/div><h6 class=\"w-post-elm post_title usg_post_title_1 align_left entry-title color_link_inherit\"><a href=\"https:\/\/www.clinicamerli.it\/merli\/festival-della-cultura-sportiva-2025\/\">Festival della Cultura Sportiva 2025<\/a><\/h6><time class=\"w-post-elm post_date usg_post_date_1 entry-date published\" datetime=\"2025-09-01T18:45:41+02:00\" title=\"1 Settembre 2025 alle 18:45:41 Europe\/Rome\">8 mesi fa<\/time>\t\t<\/div>\r\n\t\t\t<\/article>\r\n<\/div><div class=\"w-grid-carousel-json hidden\" onclick='return {&quot;carousel_settings&quot;:{&quot;aria_labels&quot;:{&quot;prev&quot;:&quot;Precedente&quot;,&quot;next&quot;:&quot;Prossimo&quot;},&quot;autoplayContinual&quot;:false,&quot;autoplayHoverPause&quot;:false,&quot;autoplayTimeout&quot;:3000,&quot;autoWidth&quot;:false,&quot;smartSpeed&quot;:450,&quot;margin&quot;:0,&quot;mouseDrag&quot;:true,&quot;rtl&quot;:false,&quot;slideBy&quot;:&quot;page&quot;,&quot;touchDrag&quot;:true,&quot;slideTransition&quot;:&quot;&quot;,&quot;responsive&quot;:{&quot;0&quot;:{&quot;autoHeight&quot;:false,&quot;autoplay&quot;:true,&quot;autoWidth&quot;:false,&quot;center&quot;:false,&quot;dots&quot;:false,&quot;items&quot;:1,&quot;loop&quot;:true,&quot;nav&quot;:true,&quot;stagePadding&quot;:50,&quot;slideBy&quot;:&quot;1&quot;},&quot;601&quot;:{&quot;autoHeight&quot;:false,&quot;autoplay&quot;:true,&quot;autoWidth&quot;:false,&quot;center&quot;:false,&quot;dots&quot;:false,&quot;items&quot;:2,&quot;loop&quot;:true,&quot;nav&quot;:true,&quot;stagePadding&quot;:0,&quot;slideBy&quot;:&quot;1&quot;},&quot;1025&quot;:{&quot;autoHeight&quot;:false,&quot;autoplay&quot;:true,&quot;autoWidth&quot;:false,&quot;center&quot;:false,&quot;dots&quot;:false,&quot;items&quot;:3,&quot;loop&quot;:true,&quot;nav&quot;:true,&quot;stagePadding&quot;:0,&quot;slideBy&quot;:&quot;1&quot;},&quot;1281&quot;:{&quot;items&quot;:3,&quot;autoplay&quot;:false,&quot;center&quot;:false,&quot;dots&quot;:false,&quot;nav&quot;:true,&quot;autoHeight&quot;:false,&quot;autoWidth&quot;:false,&quot;loop&quot;:false,&quot;stagePadding&quot;:0}}}}'><\/div><\/div>[vc_empty_space height=&#8221;20px&#8221;]<\/div><\/div><\/div><\/div><\/div><\/section><section class=\"l-section wpb_row us_custom_6df4bc3a has_text_color height_huge with_img with_slider\"><div class=\"l-section-img\" role=\"img\" aria-label=\"Immagine\" data-img-width=\"1028\" data-img-height=\"1028\" style=\"background-image: url(https:\/\/www.clinicamerli.it\/merli\/wp-content\/uploads\/2025\/09\/festival-CULTURA-SPORTIVA_2025.jpg);background-repeat: no-repeat;background-size: contain;\"><\/div><div class=\"l-section-slider\"><div class=\"w-slider style_none fit_cover nav_none count_1\"><div class=\"w-slider-h\" aria-hidden=\"true\"><div class=\"royalSlider\"><div class=\"rsContent\"><a class=\"rsImg\" data-rsw=\"1280\" data-rsh=\"654\" href=\"https:\/\/www.clinicamerli.it\/merli\/wp-content\/uploads\/2025\/05\/gruppo-Clinica-Merli-3.jpg\"><span data-alt=\"\"><\/span><\/a><\/div><\/div><img decoding=\"async\" src=\"https:\/\/www.clinicamerli.it\/merli\/wp-content\/uploads\/2025\/05\/gruppo-Clinica-Merli-3.jpg\" width=\"1280\" height=\"654\" alt loading=\"lazy\"><\/div><div class=\"w-slider-json\" onclick='return {&quot;autoScaleSlider&quot;:true,&quot;addActiveClass&quot;:true,&quot;loop&quot;:true,&quot;fadeInLoadedSlide&quot;:false,&quot;slidesSpacing&quot;:0,&quot;imageScalePadding&quot;:0,&quot;numImagesToPreload&quot;:2,&quot;arrowsNav&quot;:false,&quot;arrowsNavAutoHide&quot;:false,&quot;transitionType&quot;:&quot;move&quot;,&quot;transitionSpeed&quot;:1000,&quot;block&quot;:{&quot;moveEffect&quot;:&quot;none&quot;,&quot;speed&quot;:300},&quot;thumbs&quot;:{&quot;fitInViewport&quot;:false,&quot;firstMargin&quot;:false,&quot;spacing&quot;:4},&quot;controlNavigation&quot;:&quot;none&quot;,&quot;autoplay&quot;:{&quot;enabled&quot;:true,&quot;pauseOnHover&quot;:false,&quot;delay&quot;:3000},&quot;autoScaleSliderWidth&quot;:1280,&quot;autoScaleSliderHeight&quot;:654}'><\/div><\/div><\/div><div class=\"l-section-overlay\" style=\"background:rgba(0,0,0,0.7)\"><\/div><div class=\"l-section-h i-cf\"><div class=\"g-cols vc_row via_flex valign_top type_default stacking_default\"><div class=\"vc_col-sm-12 wpb_column vc_column_container\"><div class=\"vc_column-inner\"><div class=\"wpb_wrapper\"><div class=\"g-cols wpb_row via_flex valign_top type_default stacking_default\"><div class=\"vc_col-sm-12 wpb_column vc_column_container\"><div class=\"vc_column-inner\"><div class=\"wpb_wrapper\">[vc_empty_space height=&#8221;0px&#8221;]<\/div><\/div><\/div><\/div><div class=\"g-cols wpb_row via_flex valign_top type_default stacking_default\"><div class=\"vc_col-sm-4 wpb_column vc_column_container\"><div class=\"vc_column-inner\"><div class=\"wpb_wrapper\"><div class=\"wpb_text_column\"><div class=\"wpb_wrapper\"><h3>I numeri che parlano di noi<\/h3>\n<p>I numeri del nostro successo:<\/p>\n<\/div><\/div><\/div><\/div><\/div><div class=\"vc_col-sm-4 wpb_column vc_column_container\"><div class=\"vc_column-inner\"><div class=\"wpb_wrapper\"><div class=\"w-counter us_custom_ba205bf8 color_text align_center animation_none has_font_size\" data-duration=\"3\" style=\"--w-counter-duration: 3s;\"><div class=\"w-counter-value\" aria-label=\"100.000+\"><span class=\"w-counter-value-part final\" aria-hidden=\"true\">100.000+<\/span><span class=\"w-counter-value-part hidden type_text\" aria-hidden=\"true\" data-final><\/span><span class=\"w-counter-value-part hidden type_number\" aria-hidden=\"true\" data-final=\"100.000\">1<\/span><span class=\"w-counter-value-part hidden type_text\" aria-hidden=\"true\" data-final=\"+\"><\/span><\/div><h6 class=\"w-counter-title\">Sorrisi ritrovati<\/h6><\/div>[vc_empty_space height=&#8221;40px&#8221;]<div class=\"w-counter us_custom_ba205bf8 color_text align_center animation_none has_font_size\" data-duration=\"2\" style=\"--w-counter-duration: 2s;\"><div class=\"w-counter-value\" aria-label=\"35\"><span class=\"w-counter-value-part final\" aria-hidden=\"true\">35<\/span><span class=\"w-counter-value-part hidden type_text\" aria-hidden=\"true\" data-final><\/span><span class=\"w-counter-value-part hidden type_number\" aria-hidden=\"true\" data-final=\"35\">1<\/span><span class=\"w-counter-value-part hidden type_text\" aria-hidden=\"true\" data-final><\/span><\/div><h6 class=\"w-counter-title\">Studi operativi in tre sedi<\/h6><\/div><\/div><\/div><\/div><div class=\"vc_col-sm-4 wpb_column vc_column_container\"><div class=\"vc_column-inner\"><div class=\"wpb_wrapper\"><div class=\"w-counter us_custom_ba205bf8 color_text align_center animation_none has_font_size\" data-duration=\"2\" style=\"--w-counter-duration: 2s;\"><div class=\"w-counter-value\" aria-label=\"25\"><span class=\"w-counter-value-part final\" aria-hidden=\"true\">25<\/span><span class=\"w-counter-value-part hidden type_text\" aria-hidden=\"true\" data-final><\/span><span class=\"w-counter-value-part hidden type_number\" aria-hidden=\"true\" data-final=\"25\">1<\/span><span class=\"w-counter-value-part hidden type_text\" aria-hidden=\"true\" data-final><\/span><\/div><h6 class=\"w-counter-title\">Professionisti<\/h6><\/div>[vc_empty_space height=&#8221;40px&#8221;]<div class=\"w-counter us_custom_ba205bf8 color_text align_center animation_none has_font_size\" data-duration=\"2.5\" style=\"--w-counter-duration: 2.5s;\"><div class=\"w-counter-value\" aria-label=\"20.000+\"><span class=\"w-counter-value-part final\" aria-hidden=\"true\">20.000+<\/span><span class=\"w-counter-value-part hidden type_text\" aria-hidden=\"true\" data-final><\/span><span class=\"w-counter-value-part hidden type_number\" aria-hidden=\"true\" data-final=\"20.000\">1<\/span><span class=\"w-counter-value-part hidden type_text\" aria-hidden=\"true\" data-final=\"+\"><\/span><\/div><h6 class=\"w-counter-title\">Impianti dentali inseriti<\/h6><\/div><\/div><\/div><\/div><\/div><div class=\"g-cols wpb_row via_flex valign_top type_default stacking_default\"><div class=\"vc_col-sm-12 wpb_column vc_column_container\"><div class=\"vc_column-inner\"><div class=\"wpb_wrapper\">[vc_empty_space height=&#8221;50px&#8221;]<\/div><\/div><\/div><\/div><\/div><\/div><\/div><\/div><\/div><\/section><section class=\"l-section wpb_row height_small\"><div class=\"l-section-h i-cf\"><div class=\"g-cols vc_row via_flex valign_top type_default stacking_default\"><div class=\"vc_col-sm-12 wpb_column vc_column_container\"><div class=\"vc_column-inner\"><div class=\"wpb_wrapper\">[vc_empty_space height=&#8221;20px&#8221;]<div class=\"w-hwrapper valign_middle align_none\" style=\"--hwrapper-gap:1.3rem\"><div class=\"wpb_text_column\"><div class=\"wpb_wrapper\"><p style=\"text-align: left;\">I NOSTRI SERVIZI<\/p>\n<\/div><\/div>[vc_separator color=&#8221;custom&#8221; el_width=&#8221;10&#8243; css=&#8221;&#8221; accent_color=&#8221;#FFFFFF&#8221;][vc_btn title=&#8221;TUTTI I SERVIZI E LE TERAPIE&#8221; style=&#8221;outline-custom&#8221; outline_custom_color=&#8221;#E16A02&#8243; outline_custom_hover_background=&#8221;#E16A02&#8243; size=&#8221;sm&#8221; align=&#8221;right&#8221; css=&#8221;&#8221; link=&#8221;url:https%3A%2F%2Fwww.clinicamerli.it%2Fmerli%2Fservizi-e-terapie%2F|title:TUTTI%20I%20SERVIZI%20E%20LE%20TERAPIE&#8221;]<\/div><div class=\"wpb_text_column\"><div class=\"wpb_wrapper\"><h3>La nostra filosofia: &#8220;Sani per Sorridere&#8221;<\/h3>\n<p>Servizi completi e innovativi per garantire cure di alta qualit\u00e0 a tutta la famiglia.<\/p>\n<\/div><\/div><div class=\"w-grid us_post_carousel type_carousel layout_7685 preload_style_spinner\" id=\"us_post_list_f61b\" style=\"--gap:0.5rem;\"><style>.layout_7685 .w-grid-item-h{}.layout_7685 .usg_hwrapper_1{color:var(--color-content-text)!important;padding-top:20px!important;padding-bottom:20px!important;position:static!important;background:var(--color-content-bg-alt)!important}.layout_7685 .usg_vwrapper_1{width:48%!important;margin-left:6%!important}.layout_7685 .usg_post_image_1{width:30%!important;margin-left:10%!important}.layout_7685 .usg_post_title_1{line-height:1.2!important;font-weight:700!important;margin-bottom:20px!important}.layout_7685 .usg_post_content_1{font-size:0.9rem!important}@media (min-width:1025px) and (max-width:1280px){.layout_7685 .usg_post_image_1{width:30%!important}}@media (min-width:601px) and (max-width:1024px){.layout_7685 .usg_post_image_1{width:30%!important}}@media (max-width:600px){.layout_7685 .usg_vwrapper_1{width:86%!important}.layout_7685 .usg_post_image_1{width:80%!important}}<\/style><div class=\"w-grid-list owl-carousel valign_stretch dotstyle_circle navstyle_circle arrows-ver-pos_middle arrows-hor-pos_on_sides_outside arrows-disabled_hide owl-responsive-2000 with_arrows\" style=\"--transition-duration:600ms;--arrows-size:1.5rem;--arrows-gap:10px;\">\t<article class=\"w-grid-item size_1x1 post-4812 portfolios type-portfolios status-publish has-post-thumbnail hentry category-portfolios-ortodonzia category-portfolios-disarmonia-facciale category-portfolios-estetica-sorriso category-portfolios-estetica-viso category-portfolios-odontoiatria-pediatrica category-portfolios-eccellenza\" data-id=\"4812\">\r\n\t\t<div class=\"w-grid-item-h\">\r\n\t\t\t\t\t\t<div class=\"w-hwrapper usg_hwrapper_1 has_text_color align_none valign_center wrap stack_on_mobiles\"><div class=\"w-vwrapper usg_vwrapper_1 align_none valign_top\"><h5 class=\"w-post-elm post_title usg_post_title_1 entry-title color_link_inherit\"><a href=\"https:\/\/www.clinicamerli.it\/merli\/portfolios\/ortodonzia-pre-chirurgica\/\">Ortodonzia pre-Chirurgica<\/a><\/h5><div class=\"w-post-elm post_content usg_post_content_1\">ORTODONZIA PRE-CHIRURGICA Il trattamento ortodontico pre-chirurgico, \u00e8 un trattamento interdisciplinare che permette di risolvere mal occlusioni scheletriche non curabili con&hellip;<\/div><div class=\"w-text usg_text_1 icon_atright\"><a href=\"https:\/\/www.clinicamerli.it\/merli\/portfolios\/ortodonzia-pre-chirurgica\/\" class=\"w-text-h\"><span class=\"w-text-value\">Scopri di pi\u00f9 <\/span><i class=\"fas fa-arrow-right\"><\/i><\/a><\/div><\/div><div class=\"w-post-elm post_image usg_post_image_1 has_width has_ratio\"><a href=\"https:\/\/www.clinicamerli.it\/merli\/portfolios\/ortodonzia-pre-chirurgica\/\" aria-label=\"Ortodonzia pre-Chirurgica\"><img loading=\"lazy\" decoding=\"async\" width=\"720\" height=\"720\" src=\"https:\/\/www.clinicamerli.it\/merli\/wp-content\/uploads\/2020\/09\/ortodonzia-pre-chirurgica-1-Clinica-Merli.jpg\" class=\"attachment-large size-large wp-post-image\" alt=\"\" \/><\/a><div style=\"padding-bottom:100%\"><\/div><\/div><\/div>\t\t<\/div>\r\n\t\t\t<\/article>\r\n\t<article class=\"w-grid-item size_1x1 post-4809 portfolios type-portfolios status-publish has-post-thumbnail hentry category-portfolios-conservativa category-portfolios-endodonzia category-portfolios-prevenzione category-portfolios-odontoiatria-pediatrica category-portfolios-eccellenza\" data-id=\"4809\">\r\n\t\t<div class=\"w-grid-item-h\">\r\n\t\t\t\t\t\t<div class=\"w-hwrapper usg_hwrapper_1 has_text_color align_none valign_center wrap stack_on_mobiles\"><div class=\"w-vwrapper usg_vwrapper_1 align_none valign_top\"><h5 class=\"w-post-elm post_title usg_post_title_1 entry-title color_link_inherit\"><a href=\"https:\/\/www.clinicamerli.it\/merli\/portfolios\/la-sigillatura\/\">Sigillatura<\/a><\/h5><div class=\"w-post-elm post_content usg_post_content_1\">SIGILLATURA La prima prevenzione dei denti permanenti [vc_single_image image=&#8221;5202&#8243; img_size=&#8221;full&#8221; alignment=&#8221;center&#8221;] PRIMA PREVENZIONE DEI DENTI PERMANENTI: SIGILLATURE DI SOLCHI E&hellip;<\/div><div class=\"w-text usg_text_1 icon_atright\"><a href=\"https:\/\/www.clinicamerli.it\/merli\/portfolios\/la-sigillatura\/\" class=\"w-text-h\"><span class=\"w-text-value\">Scopri di pi\u00f9 <\/span><i class=\"fas fa-arrow-right\"><\/i><\/a><\/div><\/div><div class=\"w-post-elm post_image usg_post_image_1 has_width has_ratio\"><a href=\"https:\/\/www.clinicamerli.it\/merli\/portfolios\/la-sigillatura\/\" aria-label=\"Sigillatura\"><img loading=\"lazy\" decoding=\"async\" width=\"1024\" height=\"682\" src=\"https:\/\/www.clinicamerli.it\/merli\/wp-content\/uploads\/2020\/09\/sigillatura-denti-Clinica-Merli-1024x682.jpg\" class=\"attachment-large size-large wp-post-image\" alt=\"\" \/><\/a><div style=\"padding-bottom:100%\"><\/div><\/div><\/div>\t\t<\/div>\r\n\t\t\t<\/article>\r\n\t<article class=\"w-grid-item size_1x1 post-4817 portfolios type-portfolios status-publish has-post-thumbnail hentry category-portfolios-conservativa category-portfolios-endodonzia category-portfolios-dolore-dente category-portfolios-estetica-sorriso category-portfolios-chirurgia-sbiancare-sorriso category-portfolios-eccellenza\" data-id=\"4817\">\r\n\t\t<div class=\"w-grid-item-h\">\r\n\t\t\t\t\t\t<div class=\"w-hwrapper usg_hwrapper_1 has_text_color align_none valign_center wrap stack_on_mobiles\"><div class=\"w-vwrapper usg_vwrapper_1 align_none valign_top\"><h5 class=\"w-post-elm post_title usg_post_title_1 entry-title color_link_inherit\"><a href=\"https:\/\/www.clinicamerli.it\/merli\/portfolios\/conservativa\/\">Conservativa<\/a><\/h5><div class=\"w-post-elm post_content usg_post_content_1\">CONSERVATIVA La conservativa \u00e8 quella parte dell\u2019Odontoiatria restaurativa che si occupa della prevenzione e della terapia delle lesioni dentali sia&hellip;<\/div><div class=\"w-text usg_text_1 icon_atright\"><a href=\"https:\/\/www.clinicamerli.it\/merli\/portfolios\/conservativa\/\" class=\"w-text-h\"><span class=\"w-text-value\">Scopri di pi\u00f9 <\/span><i class=\"fas fa-arrow-right\"><\/i><\/a><\/div><\/div><div class=\"w-post-elm post_image usg_post_image_1 has_width has_ratio\"><a href=\"https:\/\/www.clinicamerli.it\/merli\/portfolios\/conservativa\/\" aria-label=\"Conservativa\"><img loading=\"lazy\" decoding=\"async\" width=\"1024\" height=\"594\" src=\"https:\/\/www.clinicamerli.it\/merli\/wp-content\/uploads\/2015\/03\/conservativa-1024x594.jpg\" class=\"attachment-large size-large wp-post-image\" alt=\"\" \/><\/a><div style=\"padding-bottom:100%\"><\/div><\/div><\/div>\t\t<\/div>\r\n\t\t\t<\/article>\r\n\t<article class=\"w-grid-item size_1x1 post-4794 portfolios type-portfolios status-publish has-post-thumbnail hentry category-portfolios-estetica-sorriso category-portfolios-estetica-viso category-portfolios-igiene-orale category-portfolios-prevenzione category-portfolios-chirurgia-sbiancare-sorriso category-portfolios-eccellenza\" data-id=\"4794\">\r\n\t\t<div class=\"w-grid-item-h\">\r\n\t\t\t\t\t\t<div class=\"w-hwrapper usg_hwrapper_1 has_text_color align_none valign_center wrap stack_on_mobiles\"><div class=\"w-vwrapper usg_vwrapper_1 align_none valign_top\"><h5 class=\"w-post-elm post_title usg_post_title_1 entry-title color_link_inherit\"><a href=\"https:\/\/www.clinicamerli.it\/merli\/portfolios\/sbiancamento-dentale\/\">Sbiancamento Dentale<\/a><\/h5><div class=\"w-post-elm post_content usg_post_content_1\">SBIANCAMENTO DENTALE Sempre pi\u00f9 persone desiderano avere un sorriso pi\u00f9 bianco e luminoso Ci\u00f2 \u00e8 possibile, sottoponendosi a trattamenti professionali&hellip;<\/div><div class=\"w-text usg_text_1 icon_atright\"><a href=\"https:\/\/www.clinicamerli.it\/merli\/portfolios\/sbiancamento-dentale\/\" class=\"w-text-h\"><span class=\"w-text-value\">Scopri di pi\u00f9 <\/span><i class=\"fas fa-arrow-right\"><\/i><\/a><\/div><\/div><div class=\"w-post-elm post_image usg_post_image_1 has_width has_ratio\"><a href=\"https:\/\/www.clinicamerli.it\/merli\/portfolios\/sbiancamento-dentale\/\" aria-label=\"Sbiancamento Dentale\"><img loading=\"lazy\" decoding=\"async\" width=\"1024\" height=\"682\" src=\"https:\/\/www.clinicamerli.it\/merli\/wp-content\/uploads\/2020\/09\/Sbiancamento-Dentale-3-Clinica-Merli-1024x682.jpg\" class=\"attachment-large size-large wp-post-image\" alt=\"\" \/><\/a><div style=\"padding-bottom:100%\"><\/div><\/div><\/div>\t\t<\/div>\r\n\t\t\t<\/article>\r\n\t<article class=\"w-grid-item size_1x1 post-4815 portfolios type-portfolios status-publish has-post-thumbnail hentry category-portfolios-conservativa category-portfolios-endodonzia category-portfolios-dolore-dente category-portfolios-estetica-sorriso category-portfolios-estetica-viso category-portfolios-chirurgia-sbiancare-sorriso category-portfolios-eccellenza\" data-id=\"4815\">\r\n\t\t<div class=\"w-grid-item-h\">\r\n\t\t\t\t\t\t<div class=\"w-hwrapper usg_hwrapper_1 has_text_color align_none valign_center wrap stack_on_mobiles\"><div class=\"w-vwrapper usg_vwrapper_1 align_none valign_top\"><h5 class=\"w-post-elm post_title usg_post_title_1 entry-title color_link_inherit\"><a href=\"https:\/\/www.clinicamerli.it\/merli\/portfolios\/protesi-estetica\/\">Protesi Estetica<\/a><\/h5><div class=\"w-post-elm post_content usg_post_content_1\">PROTESI ESTETICA La protesi dentale ha la funzione di riparare e sostituire strutture dentali danneggiate o perse o in altri&hellip;<\/div><div class=\"w-text usg_text_1 icon_atright\"><a href=\"https:\/\/www.clinicamerli.it\/merli\/portfolios\/protesi-estetica\/\" class=\"w-text-h\"><span class=\"w-text-value\">Scopri di pi\u00f9 <\/span><i class=\"fas fa-arrow-right\"><\/i><\/a><\/div><\/div><div class=\"w-post-elm post_image usg_post_image_1 has_width has_ratio\"><a href=\"https:\/\/www.clinicamerli.it\/merli\/portfolios\/protesi-estetica\/\" aria-label=\"Protesi Estetica\"><img loading=\"lazy\" decoding=\"async\" width=\"1024\" height=\"445\" src=\"https:\/\/www.clinicamerli.it\/merli\/wp-content\/uploads\/2020\/09\/estetica-Clinica-Merli-1024x445.jpg\" class=\"attachment-large size-large wp-post-image\" alt=\"\" \/><\/a><div style=\"padding-bottom:100%\"><\/div><\/div><\/div>\t\t<\/div>\r\n\t\t\t<\/article>\r\n\t<article class=\"w-grid-item size_1x1 post-4807 portfolios type-portfolios status-publish has-post-thumbnail hentry category-portfolios-endodonzia category-portfolios-dolore-dente category-portfolios-gengiva category-portfolios-eccellenza category-portfolios-sostituire-dente\" data-id=\"4807\">\r\n\t\t<div class=\"w-grid-item-h\">\r\n\t\t\t\t\t\t<div class=\"w-hwrapper usg_hwrapper_1 has_text_color align_none valign_center wrap stack_on_mobiles\"><div class=\"w-vwrapper usg_vwrapper_1 align_none valign_top\"><h5 class=\"w-post-elm post_title usg_post_title_1 entry-title color_link_inherit\"><a href=\"https:\/\/www.clinicamerli.it\/merli\/portfolios\/chirurgia-orale\/\">Chirurgia Orale<\/a><\/h5><div class=\"w-post-elm post_content usg_post_content_1\">CHIRURGIA ORALE La chirurgia orale contempla l\u2019estrazione di elementi dentali o residui radicolari sia di denti permanenti o denti decidui,&hellip;<\/div><div class=\"w-text usg_text_1 icon_atright\"><a href=\"https:\/\/www.clinicamerli.it\/merli\/portfolios\/chirurgia-orale\/\" class=\"w-text-h\"><span class=\"w-text-value\">Scopri di pi\u00f9 <\/span><i class=\"fas fa-arrow-right\"><\/i><\/a><\/div><\/div><div class=\"w-post-elm post_image usg_post_image_1 has_width has_ratio\"><a href=\"https:\/\/www.clinicamerli.it\/merli\/portfolios\/chirurgia-orale\/\" aria-label=\"Chirurgia Orale\"><img loading=\"lazy\" decoding=\"async\" width=\"1024\" height=\"683\" src=\"https:\/\/www.clinicamerli.it\/merli\/wp-content\/uploads\/2020\/09\/chirurgia-orale-Clinica-Merli-1024x683.jpg\" class=\"attachment-large size-large wp-post-image\" alt=\"\" \/><\/a><div style=\"padding-bottom:100%\"><\/div><\/div><\/div>\t\t<\/div>\r\n\t\t\t<\/article>\r\n\t<article class=\"w-grid-item size_1x1 post-4795 portfolios type-portfolios status-publish has-post-thumbnail hentry category-portfolios-conservativa category-portfolios-dolore-dente category-portfolios-estetica-sorriso category-portfolios-igiene-orale category-portfolios-gengiva category-portfolios-prevenzione\" data-id=\"4795\">\r\n\t\t<div class=\"w-grid-item-h\">\r\n\t\t\t\t\t\t<div class=\"w-hwrapper usg_hwrapper_1 has_text_color align_none valign_center wrap stack_on_mobiles\"><div class=\"w-vwrapper usg_vwrapper_1 align_none valign_top\"><h5 class=\"w-post-elm post_title usg_post_title_1 entry-title color_link_inherit\"><a href=\"https:\/\/www.clinicamerli.it\/merli\/portfolios\/la-gengivite\/\">La gengivite<\/a><\/h5><div class=\"w-post-elm post_content usg_post_content_1\">GENGIVITE La gengivite \u00e8 una malattia di tipo infiammatorio provocata da batteri \u00c8 piuttosto frequente anche nei bambini, facilmente diagnosticabile&hellip;<\/div><div class=\"w-text usg_text_1 icon_atright\"><a href=\"https:\/\/www.clinicamerli.it\/merli\/portfolios\/la-gengivite\/\" class=\"w-text-h\"><span class=\"w-text-value\">Scopri di pi\u00f9 <\/span><i class=\"fas fa-arrow-right\"><\/i><\/a><\/div><\/div><div class=\"w-post-elm post_image usg_post_image_1 has_width has_ratio\"><a href=\"https:\/\/www.clinicamerli.it\/merli\/portfolios\/la-gengivite\/\" aria-label=\"La gengivite\"><img loading=\"lazy\" decoding=\"async\" width=\"1024\" height=\"682\" src=\"https:\/\/www.clinicamerli.it\/merli\/wp-content\/uploads\/2025\/08\/gengivite-Clinica-Merli-1024x682.jpg\" class=\"attachment-large size-large wp-post-image\" alt=\"\" \/><\/a><div style=\"padding-bottom:100%\"><\/div><\/div><\/div>\t\t<\/div>\r\n\t\t\t<\/article>\r\n\t<article class=\"w-grid-item size_1x1 post-4788 portfolios type-portfolios status-publish has-post-thumbnail hentry category-portfolios-estetica-sorriso category-portfolios-estetica-viso category-portfolios-igiene-orale category-portfolios-prevenzione category-portfolios-chirurgia-sbiancare-sorriso\" data-id=\"4788\">\r\n\t\t<div class=\"w-grid-item-h\">\r\n\t\t\t\t\t\t<div class=\"w-hwrapper usg_hwrapper_1 has_text_color align_none valign_center wrap stack_on_mobiles\"><div class=\"w-vwrapper usg_vwrapper_1 align_none valign_top\"><h5 class=\"w-post-elm post_title usg_post_title_1 entry-title color_link_inherit\"><a href=\"https:\/\/www.clinicamerli.it\/merli\/portfolios\/la-terapia-del-sorriso\/\">La Terapia del Sorriso<\/a><\/h5><div class=\"w-post-elm post_content usg_post_content_1\">TERAPIA DEL SORRISO Avete mai provato a sorridere per sentirvi meglio? Oggi vi diamo dei motivi VALIDI per provarci ed&hellip;<\/div><div class=\"w-text usg_text_1 icon_atright\"><a href=\"https:\/\/www.clinicamerli.it\/merli\/portfolios\/la-terapia-del-sorriso\/\" class=\"w-text-h\"><span class=\"w-text-value\">Scopri di pi\u00f9 <\/span><i class=\"fas fa-arrow-right\"><\/i><\/a><\/div><\/div><div class=\"w-post-elm post_image usg_post_image_1 has_width has_ratio\"><a href=\"https:\/\/www.clinicamerli.it\/merli\/portfolios\/la-terapia-del-sorriso\/\" aria-label=\"La Terapia del Sorriso\"><img loading=\"lazy\" decoding=\"async\" width=\"1024\" height=\"682\" src=\"https:\/\/www.clinicamerli.it\/merli\/wp-content\/uploads\/2020\/09\/terapia-del-sorriso-Clinica-Merli-1024x682.jpg\" class=\"attachment-large size-large wp-post-image\" alt=\"\" \/><\/a><div style=\"padding-bottom:100%\"><\/div><\/div><\/div>\t\t<\/div>\r\n\t\t\t<\/article>\r\n\t<article class=\"w-grid-item size_1x1 post-4798 portfolios type-portfolios status-publish has-post-thumbnail hentry category-portfolios-igiene-orale category-portfolios-gengiva category-portfolios-prevenzione\" data-id=\"4798\">\r\n\t\t<div class=\"w-grid-item-h\">\r\n\t\t\t\t\t\t<div class=\"w-hwrapper usg_hwrapper_1 has_text_color align_none valign_center wrap stack_on_mobiles\"><div class=\"w-vwrapper usg_vwrapper_1 align_none valign_top\"><h5 class=\"w-post-elm post_title usg_post_title_1 entry-title color_link_inherit\"><a href=\"https:\/\/www.clinicamerli.it\/merli\/portfolios\/alitosi\/\">Alitosi<\/a><\/h5><div class=\"w-post-elm post_content usg_post_content_1\">ALITOSI Questo disturbo pu\u00f2 interessare chiunque (bambini, adulti, anziani) e pu\u00f2 essere un motivo di disagio, specie nei rapporti interpersonali&hellip;<\/div><div class=\"w-text usg_text_1 icon_atright\"><a href=\"https:\/\/www.clinicamerli.it\/merli\/portfolios\/alitosi\/\" class=\"w-text-h\"><span class=\"w-text-value\">Scopri di pi\u00f9 <\/span><i class=\"fas fa-arrow-right\"><\/i><\/a><\/div><\/div><div class=\"w-post-elm post_image usg_post_image_1 has_width has_ratio\"><a href=\"https:\/\/www.clinicamerli.it\/merli\/portfolios\/alitosi\/\" aria-label=\"Alitosi\"><img loading=\"lazy\" decoding=\"async\" width=\"1024\" height=\"670\" src=\"https:\/\/www.clinicamerli.it\/merli\/wp-content\/uploads\/2015\/03\/alitosi-1024x670.png\" class=\"attachment-large size-large wp-post-image\" alt=\"\" \/><\/a><div style=\"padding-bottom:100%\"><\/div><\/div><\/div>\t\t<\/div>\r\n\t\t\t<\/article>\r\n\t<article class=\"w-grid-item size_1x1 post-4799 portfolios type-portfolios status-publish has-post-thumbnail hentry category-portfolios-igiene-orale category-portfolios-gengiva category-portfolios-prevenzione category-portfolios-chirurgia-sbiancare-sorriso\" data-id=\"4799\">\r\n\t\t<div class=\"w-grid-item-h\">\r\n\t\t\t\t\t\t<div class=\"w-hwrapper usg_hwrapper_1 has_text_color align_none valign_center wrap stack_on_mobiles\"><div class=\"w-vwrapper usg_vwrapper_1 align_none valign_top\"><h5 class=\"w-post-elm post_title usg_post_title_1 entry-title color_link_inherit\"><a href=\"https:\/\/www.clinicamerli.it\/merli\/portfolios\/stili-di-vita\/\">Stili di Vita<\/a><\/h5><div class=\"w-post-elm post_content usg_post_content_1\">STILI DI VITA Adotta uno stile di vita sano: \u00e8 una scelta vincente La parodontite rappresenta una delle patologie infiammatorie&hellip;<\/div><div class=\"w-text usg_text_1 icon_atright\"><a href=\"https:\/\/www.clinicamerli.it\/merli\/portfolios\/stili-di-vita\/\" class=\"w-text-h\"><span class=\"w-text-value\">Scopri di pi\u00f9 <\/span><i class=\"fas fa-arrow-right\"><\/i><\/a><\/div><\/div><div class=\"w-post-elm post_image usg_post_image_1 has_width has_ratio\"><a href=\"https:\/\/www.clinicamerli.it\/merli\/portfolios\/stili-di-vita\/\" aria-label=\"Stili di Vita\"><img loading=\"lazy\" decoding=\"async\" width=\"1024\" height=\"682\" src=\"https:\/\/www.clinicamerli.it\/merli\/wp-content\/uploads\/2020\/09\/stili-di-vita-Clinica-Merli-1024x682.jpg\" class=\"attachment-large size-large wp-post-image\" alt=\"\" \/><\/a><div style=\"padding-bottom:100%\"><\/div><\/div><\/div>\t\t<\/div>\r\n\t\t\t<\/article>\r\n\t<article class=\"w-grid-item size_1x1 post-4784 portfolios type-portfolios status-publish has-post-thumbnail hentry category-portfolios-disarmonia-facciale category-portfolios-estetica-sorriso category-portfolios-estetica-viso\" data-id=\"4784\">\r\n\t\t<div class=\"w-grid-item-h\">\r\n\t\t\t\t\t\t<div class=\"w-hwrapper usg_hwrapper_1 has_text_color align_none valign_center wrap stack_on_mobiles\"><div class=\"w-vwrapper usg_vwrapper_1 align_none valign_top\"><h5 class=\"w-post-elm post_title usg_post_title_1 entry-title color_link_inherit\"><a href=\"https:\/\/www.clinicamerli.it\/merli\/portfolios\/filler\/\">Filler<\/a><\/h5><div class=\"w-post-elm post_content usg_post_content_1\">FILLER I FILLER sono sostanze BIOCOMPATIBILI a base di ACIDO IALURONICO [vc_single_image image=&#8221;8087&#8243; img_size=&#8221;full&#8221; alignment=&#8221;center&#8221; css=&#8221;&#8221;]Sono gel sterili, trasparenti e&hellip;<\/div><div class=\"w-text usg_text_1 icon_atright\"><a href=\"https:\/\/www.clinicamerli.it\/merli\/portfolios\/filler\/\" class=\"w-text-h\"><span class=\"w-text-value\">Scopri di pi\u00f9 <\/span><i class=\"fas fa-arrow-right\"><\/i><\/a><\/div><\/div><div class=\"w-post-elm post_image usg_post_image_1 has_width has_ratio\"><a href=\"https:\/\/www.clinicamerli.it\/merli\/portfolios\/filler\/\" aria-label=\"Filler\"><img loading=\"lazy\" decoding=\"async\" width=\"1024\" height=\"1024\" src=\"https:\/\/www.clinicamerli.it\/merli\/wp-content\/uploads\/2020\/09\/filler-Clinica-Merli-1-1024x1024.jpg\" class=\"attachment-large size-large wp-post-image\" alt=\"\" \/><\/a><div style=\"padding-bottom:100%\"><\/div><\/div><\/div>\t\t<\/div>\r\n\t\t\t<\/article>\r\n\t<article class=\"w-grid-item size_1x1 post-4783 portfolios type-portfolios status-publish has-post-thumbnail hentry category-portfolios-ortodonzia category-portfolios-conservativa category-portfolios-endodonzia category-portfolios-disarmonia-facciale category-portfolios-dolore-dente category-portfolios-estetica-sorriso category-portfolios-estetica-viso category-portfolios-igiene-orale category-portfolios-gengiva category-portfolios-prevenzione category-portfolios-odontoiatria-pediatrica category-portfolios-chirurgia-sbiancare-sorriso category-portfolios-eccellenza category-portfolios-sostituire-dente\" data-id=\"4783\">\r\n\t\t<div class=\"w-grid-item-h\">\r\n\t\t\t\t\t\t<div class=\"w-hwrapper usg_hwrapper_1 has_text_color align_none valign_center wrap stack_on_mobiles\"><div class=\"w-vwrapper usg_vwrapper_1 align_none valign_top\"><h5 class=\"w-post-elm post_title usg_post_title_1 entry-title color_link_inherit\"><a href=\"https:\/\/www.clinicamerli.it\/merli\/portfolios\/il-cliclo-di-sterilizzazione\/\">Il cliclo di sterilizzazione<\/a><\/h5><div class=\"w-post-elm post_content usg_post_content_1\">CICLO DI STERILIZZAZIONE Offrirvi sicurezza e tranquillit\u00e0 \u00e8 per noi un grande valore La sterilizzazione \u00e8 il processo chimico-fisico che&hellip;<\/div><div class=\"w-text usg_text_1 icon_atright\"><a href=\"https:\/\/www.clinicamerli.it\/merli\/portfolios\/il-cliclo-di-sterilizzazione\/\" class=\"w-text-h\"><span class=\"w-text-value\">Scopri di pi\u00f9 <\/span><i class=\"fas fa-arrow-right\"><\/i><\/a><\/div><\/div><div class=\"w-post-elm post_image usg_post_image_1 has_width has_ratio\"><a href=\"https:\/\/www.clinicamerli.it\/merli\/portfolios\/il-cliclo-di-sterilizzazione\/\" aria-label=\"Il cliclo di sterilizzazione\"><img loading=\"lazy\" decoding=\"async\" width=\"1024\" height=\"655\" src=\"https:\/\/www.clinicamerli.it\/merli\/wp-content\/uploads\/2020\/02\/sterilizzazione3-Clinica-Merli-1024x655.jpg\" class=\"attachment-large size-large wp-post-image\" alt=\"\" \/><\/a><div style=\"padding-bottom:100%\"><\/div><\/div><\/div>\t\t<\/div>\r\n\t\t\t<\/article>\r\n\t<article class=\"w-grid-item size_1x1 post-4811 portfolios type-portfolios status-publish has-post-thumbnail hentry category-portfolios-ortodonzia category-portfolios-disarmonia-facciale category-portfolios-igiene-orale category-portfolios-prevenzione\" data-id=\"4811\">\r\n\t\t<div class=\"w-grid-item-h\">\r\n\t\t\t\t\t\t<div class=\"w-hwrapper usg_hwrapper_1 has_text_color align_none valign_center wrap stack_on_mobiles\"><div class=\"w-vwrapper usg_vwrapper_1 align_none valign_top\"><h5 class=\"w-post-elm post_title usg_post_title_1 entry-title color_link_inherit\"><a href=\"https:\/\/www.clinicamerli.it\/merli\/portfolios\/disturbi-del-sonno\/\">Disturbi del sonno<\/a><\/h5><div class=\"w-post-elm post_content usg_post_content_1\">DISTURBI DEL SONNO Il russamento pu\u00f2 costituire un sintomo dell\u2019apnea da sonno Sindrome delle Apnee Ostruttive nel Sonno La Sindrome&hellip;<\/div><div class=\"w-text usg_text_1 icon_atright\"><a href=\"https:\/\/www.clinicamerli.it\/merli\/portfolios\/disturbi-del-sonno\/\" class=\"w-text-h\"><span class=\"w-text-value\">Scopri di pi\u00f9 <\/span><i class=\"fas fa-arrow-right\"><\/i><\/a><\/div><\/div><div class=\"w-post-elm post_image usg_post_image_1 has_width has_ratio\"><a href=\"https:\/\/www.clinicamerli.it\/merli\/portfolios\/disturbi-del-sonno\/\" aria-label=\"Disturbi del sonno\"><img loading=\"lazy\" decoding=\"async\" width=\"1024\" height=\"682\" src=\"https:\/\/www.clinicamerli.it\/merli\/wp-content\/uploads\/2020\/09\/disturbi-del-sonno-Clinica-Merli-1024x682.jpg\" class=\"attachment-large size-large wp-post-image\" alt=\"\" \/><\/a><div style=\"padding-bottom:100%\"><\/div><\/div><\/div>\t\t<\/div>\r\n\t\t\t<\/article>\r\n\t<article class=\"w-grid-item size_1x1 post-4808 portfolios type-portfolios status-publish has-post-thumbnail hentry category-portfolios-ortodonzia category-portfolios-disarmonia-facciale category-portfolios-estetica-sorriso category-portfolios-estetica-viso category-portfolios-odontoiatria-pediatrica category-portfolios-eccellenza\" data-id=\"4808\">\r\n\t\t<div class=\"w-grid-item-h\">\r\n\t\t\t\t\t\t<div class=\"w-hwrapper usg_hwrapper_1 has_text_color align_none valign_center wrap stack_on_mobiles\"><div class=\"w-vwrapper usg_vwrapper_1 align_none valign_top\"><h5 class=\"w-post-elm post_title usg_post_title_1 entry-title color_link_inherit\"><a href=\"https:\/\/www.clinicamerli.it\/merli\/portfolios\/ortodonzia\/\">Ortodonzia<\/a><\/h5><div class=\"w-post-elm post_content usg_post_content_1\">ORTODONZIA L&#8217;Ortodonzia si occupa della cura delle malocclusioni, dei disturbi di crescita dei mascellari, dei difetti di sviluppo della dentizione&hellip;<\/div><div class=\"w-text usg_text_1 icon_atright\"><a href=\"https:\/\/www.clinicamerli.it\/merli\/portfolios\/ortodonzia\/\" class=\"w-text-h\"><span class=\"w-text-value\">Scopri di pi\u00f9 <\/span><i class=\"fas fa-arrow-right\"><\/i><\/a><\/div><\/div><div class=\"w-post-elm post_image usg_post_image_1 has_width has_ratio\"><a href=\"https:\/\/www.clinicamerli.it\/merli\/portfolios\/ortodonzia\/\" aria-label=\"Ortodonzia\"><img loading=\"lazy\" decoding=\"async\" width=\"1024\" height=\"682\" src=\"https:\/\/www.clinicamerli.it\/merli\/wp-content\/uploads\/2020\/09\/ortodonzia-Clinica-Merli-1-1024x682.jpg\" class=\"attachment-large size-large wp-post-image\" alt=\"\" \/><\/a><div style=\"padding-bottom:100%\"><\/div><\/div><\/div>\t\t<\/div>\r\n\t\t\t<\/article>\r\n\t<article class=\"w-grid-item size_1x1 post-4804 portfolios type-portfolios status-publish has-post-thumbnail hentry category-portfolios-ortodonzia category-portfolios-disarmonia-facciale category-portfolios-estetica-sorriso category-portfolios-estetica-viso category-portfolios-eccellenza\" data-id=\"4804\">\r\n\t\t<div class=\"w-grid-item-h\">\r\n\t\t\t\t\t\t<div class=\"w-hwrapper usg_hwrapper_1 has_text_color align_none valign_center wrap stack_on_mobiles\"><div class=\"w-vwrapper usg_vwrapper_1 align_none valign_top\"><h5 class=\"w-post-elm post_title usg_post_title_1 entry-title color_link_inherit\"><a href=\"https:\/\/www.clinicamerli.it\/merli\/portfolios\/chirurgia-maxillo-facciale\/\">Chirurgia Maxillo Facciale<\/a><\/h5><div class=\"w-post-elm post_content usg_post_content_1\">CHIRURGIA MAXILLO FACCIALE Si occupa nello specifico della diagnosi e del trattamento di condizioni patologiche quali tumori, malformazioni e traumi&hellip;<\/div><div class=\"w-text usg_text_1 icon_atright\"><a href=\"https:\/\/www.clinicamerli.it\/merli\/portfolios\/chirurgia-maxillo-facciale\/\" class=\"w-text-h\"><span class=\"w-text-value\">Scopri di pi\u00f9 <\/span><i class=\"fas fa-arrow-right\"><\/i><\/a><\/div><\/div><div class=\"w-post-elm post_image usg_post_image_1 has_width has_ratio\"><a href=\"https:\/\/www.clinicamerli.it\/merli\/portfolios\/chirurgia-maxillo-facciale\/\" aria-label=\"Chirurgia Maxillo Facciale\"><img loading=\"lazy\" decoding=\"async\" width=\"1024\" height=\"1024\" src=\"https:\/\/www.clinicamerli.it\/merli\/wp-content\/uploads\/2020\/09\/Chirurgia-Maxillo-Facciale-Clinica-Merli-1024x1024.jpg\" class=\"attachment-large size-large wp-post-image\" alt=\"\" \/><\/a><div style=\"padding-bottom:100%\"><\/div><\/div><\/div>\t\t<\/div>\r\n\t\t\t<\/article>\r\n\t<article class=\"w-grid-item size_1x1 post-4813 portfolios type-portfolios status-publish has-post-thumbnail hentry category-portfolios-ortodonzia category-portfolios-disarmonia-facciale category-portfolios-estetica-sorriso category-portfolios-estetica-viso category-portfolios-odontoiatria-pediatrica category-portfolios-eccellenza\" data-id=\"4813\">\r\n\t\t<div class=\"w-grid-item-h\">\r\n\t\t\t\t\t\t<div class=\"w-hwrapper usg_hwrapper_1 has_text_color align_none valign_center wrap stack_on_mobiles\"><div class=\"w-vwrapper usg_vwrapper_1 align_none valign_top\"><h5 class=\"w-post-elm post_title usg_post_title_1 entry-title color_link_inherit\"><a href=\"https:\/\/www.clinicamerli.it\/merli\/portfolios\/ortodonzia-invisibile\/\">Ortodonzia invisibile<\/a><\/h5><div class=\"w-post-elm post_content usg_post_content_1\">ORTODONZIA INVISIBILE Le mascherine sono trasparenti e praticamente invisibili [vc_single_image image=&#8221;5222&#8243; img_size=&#8221;full&#8221; alignment=&#8221;center&#8221;][vc_single_image image=&#8221;8078&#8243; img_size=&#8221;full&#8221; alignment=&#8221;center&#8221; css=&#8221;&#8221;]La tecnica ortodontica invisibile&hellip;<\/div><div class=\"w-text usg_text_1 icon_atright\"><a href=\"https:\/\/www.clinicamerli.it\/merli\/portfolios\/ortodonzia-invisibile\/\" class=\"w-text-h\"><span class=\"w-text-value\">Scopri di pi\u00f9 <\/span><i class=\"fas fa-arrow-right\"><\/i><\/a><\/div><\/div><div class=\"w-post-elm post_image usg_post_image_1 has_width has_ratio\"><a href=\"https:\/\/www.clinicamerli.it\/merli\/portfolios\/ortodonzia-invisibile\/\" aria-label=\"Ortodonzia invisibile\"><img loading=\"lazy\" decoding=\"async\" width=\"1024\" height=\"1024\" src=\"https:\/\/www.clinicamerli.it\/merli\/wp-content\/uploads\/2020\/09\/Ortodonzia-invisibile-Clinica-Merli-1-1024x1024.jpg\" class=\"attachment-large size-large wp-post-image\" alt=\"\" \/><\/a><div style=\"padding-bottom:100%\"><\/div><\/div><\/div>\t\t<\/div>\r\n\t\t\t<\/article>\r\n\t<article class=\"w-grid-item size_1x1 post-4805 portfolios type-portfolios status-publish has-post-thumbnail hentry category-portfolios-disarmonia-facciale category-portfolios-dolore-dente category-portfolios-estetica-sorriso category-portfolios-estetica-viso category-portfolios-igiene-orale category-portfolios-gengiva category-portfolios-prevenzione category-portfolios-eccellenza category-portfolios-sostituire-dente\" data-id=\"4805\">\r\n\t\t<div class=\"w-grid-item-h\">\r\n\t\t\t\t\t\t<div class=\"w-hwrapper usg_hwrapper_1 has_text_color align_none valign_center wrap stack_on_mobiles\"><div class=\"w-vwrapper usg_vwrapper_1 align_none valign_top\"><h5 class=\"w-post-elm post_title usg_post_title_1 entry-title color_link_inherit\"><a href=\"https:\/\/www.clinicamerli.it\/merli\/portfolios\/implantologia\/\">Implantologia<\/a><\/h5><div class=\"w-post-elm post_content usg_post_content_1\">IMPLANTOLOGIA L\u2019implantologia dentale, offre la possibilit\u00e0 di evitare la protesi mobile tradizionale spesso mal tollerata dal paziente [vc_single_image image=&#8221;5196&#8243; img_size=&#8221;full&#8221;&hellip;<\/div><div class=\"w-text usg_text_1 icon_atright\"><a href=\"https:\/\/www.clinicamerli.it\/merli\/portfolios\/implantologia\/\" class=\"w-text-h\"><span class=\"w-text-value\">Scopri di pi\u00f9 <\/span><i class=\"fas fa-arrow-right\"><\/i><\/a><\/div><\/div><div class=\"w-post-elm post_image usg_post_image_1 has_width has_ratio\"><a href=\"https:\/\/www.clinicamerli.it\/merli\/portfolios\/implantologia\/\" aria-label=\"Implantologia\"><img loading=\"lazy\" decoding=\"async\" width=\"1024\" height=\"1024\" src=\"https:\/\/www.clinicamerli.it\/merli\/wp-content\/uploads\/2020\/09\/implantologia-Clinica-Merli-1-1024x1024.jpg\" class=\"attachment-large size-large wp-post-image\" alt=\"\" \/><\/a><div style=\"padding-bottom:100%\"><\/div><\/div><\/div>\t\t<\/div>\r\n\t\t\t<\/article>\r\n\t<article class=\"w-grid-item size_1x1 post-4782 portfolios type-portfolios status-publish has-post-thumbnail hentry category-portfolios-ortodonzia category-portfolios-disarmonia-facciale category-portfolios-estetica-sorriso category-portfolios-estetica-viso category-portfolios-chirurgia-sbiancare-sorriso category-portfolios-eccellenza\" data-id=\"4782\">\r\n\t\t<div class=\"w-grid-item-h\">\r\n\t\t\t\t\t\t<div class=\"w-hwrapper usg_hwrapper_1 has_text_color align_none valign_center wrap stack_on_mobiles\"><div class=\"w-vwrapper usg_vwrapper_1 align_none valign_top\"><h5 class=\"w-post-elm post_title usg_post_title_1 entry-title color_link_inherit\"><a href=\"https:\/\/www.clinicamerli.it\/merli\/portfolios\/faccette-dentali\/\">Faccette Dentali<\/a><\/h5><div class=\"w-post-elm post_content usg_post_content_1\">FACCETTE DENTALI Le faccette dentali rappresentano una terapia della pi\u00f9 moderna odontoiatria estetica [vc_single_image image=&#8221;4911&#8243; img_size=&#8221;full&#8221; alignment=&#8221;center&#8221;][vc_empty_space height=&#8221;20px&#8221;][vc_single_image image=&#8221;4912&#8243; img_size=&#8221;full&#8221;&hellip;<\/div><div class=\"w-text usg_text_1 icon_atright\"><a href=\"https:\/\/www.clinicamerli.it\/merli\/portfolios\/faccette-dentali\/\" class=\"w-text-h\"><span class=\"w-text-value\">Scopri di pi\u00f9 <\/span><i class=\"fas fa-arrow-right\"><\/i><\/a><\/div><\/div><div class=\"w-post-elm post_image usg_post_image_1 has_width has_ratio\"><a href=\"https:\/\/www.clinicamerli.it\/merli\/portfolios\/faccette-dentali\/\" aria-label=\"Faccette Dentali\"><img loading=\"lazy\" decoding=\"async\" width=\"1024\" height=\"1024\" src=\"https:\/\/www.clinicamerli.it\/merli\/wp-content\/uploads\/2020\/09\/faccette-dentali-Clinica-Merli-1024x1024.jpg\" class=\"attachment-large size-large wp-post-image\" alt=\"\" \/><\/a><div style=\"padding-bottom:100%\"><\/div><\/div><\/div>\t\t<\/div>\r\n\t\t\t<\/article>\r\n\t<article class=\"w-grid-item size_1x1 post-4803 portfolios type-portfolios status-publish has-post-thumbnail hentry category-portfolios-igiene-orale category-portfolios-gengiva category-portfolios-prevenzione\" data-id=\"4803\">\r\n\t\t<div class=\"w-grid-item-h\">\r\n\t\t\t\t\t\t<div class=\"w-hwrapper usg_hwrapper_1 has_text_color align_none valign_center wrap stack_on_mobiles\"><div class=\"w-vwrapper usg_vwrapper_1 align_none valign_top\"><h5 class=\"w-post-elm post_title usg_post_title_1 entry-title color_link_inherit\"><a href=\"https:\/\/www.clinicamerli.it\/merli\/portfolios\/patologia-orale\/\">Patologia Orale<\/a><\/h5><div class=\"w-post-elm post_content usg_post_content_1\">PATOLOGIA ORALE Studia gli aspetti clinici, anatomo-patologici e terapeutici delle malattie che interessano la mucosa della cavit\u00e0 orale La mucosa&hellip;<\/div><div class=\"w-text usg_text_1 icon_atright\"><a href=\"https:\/\/www.clinicamerli.it\/merli\/portfolios\/patologia-orale\/\" class=\"w-text-h\"><span class=\"w-text-value\">Scopri di pi\u00f9 <\/span><i class=\"fas fa-arrow-right\"><\/i><\/a><\/div><\/div><div class=\"w-post-elm post_image usg_post_image_1 has_width has_ratio\"><a href=\"https:\/\/www.clinicamerli.it\/merli\/portfolios\/patologia-orale\/\" aria-label=\"Patologia Orale\"><img loading=\"lazy\" decoding=\"async\" width=\"1024\" height=\"682\" src=\"https:\/\/www.clinicamerli.it\/merli\/wp-content\/uploads\/2015\/03\/patologia-1024x682.jpg\" class=\"attachment-large size-large wp-post-image\" alt=\"\" \/><\/a><div style=\"padding-bottom:100%\"><\/div><\/div><\/div>\t\t<\/div>\r\n\t\t\t<\/article>\r\n\t<article class=\"w-grid-item size_1x1 post-4792 portfolios type-portfolios status-publish has-post-thumbnail hentry category-portfolios-endodonzia category-portfolios-disarmonia-facciale category-portfolios-dolore-dente category-portfolios-estetica-viso category-portfolios-odontoiatria-pediatrica category-portfolios-sostituire-dente\" data-id=\"4792\">\r\n\t\t<div class=\"w-grid-item-h\">\r\n\t\t\t\t\t\t<div class=\"w-hwrapper usg_hwrapper_1 has_text_color align_none valign_center wrap stack_on_mobiles\"><div class=\"w-vwrapper usg_vwrapper_1 align_none valign_top\"><h5 class=\"w-post-elm post_title usg_post_title_1 entry-title color_link_inherit\"><a href=\"https:\/\/www.clinicamerli.it\/merli\/portfolios\/sedazione-cosciente\/\">Sedazione cosciente<\/a><\/h5><div class=\"w-post-elm post_content usg_post_content_1\">SEDAZIONE COSCIENTE Consente al paziente di stare sulla poltrona odontoiatrica con la stessa tranquillit\u00e0 con cui starebbe sulla sua poltrona&hellip;<\/div><div class=\"w-text usg_text_1 icon_atright\"><a href=\"https:\/\/www.clinicamerli.it\/merli\/portfolios\/sedazione-cosciente\/\" class=\"w-text-h\"><span class=\"w-text-value\">Scopri di pi\u00f9 <\/span><i class=\"fas fa-arrow-right\"><\/i><\/a><\/div><\/div><div class=\"w-post-elm post_image usg_post_image_1 has_width has_ratio\"><a href=\"https:\/\/www.clinicamerli.it\/merli\/portfolios\/sedazione-cosciente\/\" aria-label=\"Sedazione cosciente\"><img loading=\"lazy\" decoding=\"async\" width=\"1024\" height=\"618\" src=\"https:\/\/www.clinicamerli.it\/merli\/wp-content\/uploads\/2015\/03\/anestesista-1024x618.jpg\" class=\"attachment-large size-large wp-post-image\" alt=\"\" \/><\/a><div style=\"padding-bottom:100%\"><\/div><\/div><\/div>\t\t<\/div>\r\n\t\t\t<\/article>\r\n\t<article class=\"w-grid-item size_1x1 post-4793 portfolios type-portfolios status-publish has-post-thumbnail hentry category-portfolios-ortodonzia category-portfolios-conservativa category-portfolios-endodonzia category-portfolios-disarmonia-facciale category-portfolios-dolore-dente category-portfolios-estetica-sorriso category-portfolios-estetica-viso category-portfolios-igiene-orale category-portfolios-gengiva category-portfolios-prevenzione category-portfolios-odontoiatria-pediatrica category-portfolios-eccellenza category-portfolios-sostituire-dente\" data-id=\"4793\">\r\n\t\t<div class=\"w-grid-item-h\">\r\n\t\t\t\t\t\t<div class=\"w-hwrapper usg_hwrapper_1 has_text_color align_none valign_center wrap stack_on_mobiles\"><div class=\"w-vwrapper usg_vwrapper_1 align_none valign_top\"><h5 class=\"w-post-elm post_title usg_post_title_1 entry-title color_link_inherit\"><a href=\"https:\/\/www.clinicamerli.it\/merli\/portfolios\/diagnostica-per-immagini\/\">Diagnostica per Immagini<\/a><\/h5><div class=\"w-post-elm post_content usg_post_content_1\">DIAGNOSTICA PER IMMAGINI Permette di individuare con estrema precisione informazioni fondamentali per eseguire interventi e per progettare in modo accurato&hellip;<\/div><div class=\"w-text usg_text_1 icon_atright\"><a href=\"https:\/\/www.clinicamerli.it\/merli\/portfolios\/diagnostica-per-immagini\/\" class=\"w-text-h\"><span class=\"w-text-value\">Scopri di pi\u00f9 <\/span><i class=\"fas fa-arrow-right\"><\/i><\/a><\/div><\/div><div class=\"w-post-elm post_image usg_post_image_1 has_width has_ratio\"><a href=\"https:\/\/www.clinicamerli.it\/merli\/portfolios\/diagnostica-per-immagini\/\" aria-label=\"Diagnostica per Immagini\"><img loading=\"lazy\" decoding=\"async\" width=\"1024\" height=\"1024\" src=\"https:\/\/www.clinicamerli.it\/merli\/wp-content\/uploads\/2020\/09\/sala-radiologica-2021-2-Clinica-Merli-1024x1024.jpg\" class=\"attachment-large size-large wp-post-image\" alt=\"\" \/><\/a><div style=\"padding-bottom:100%\"><\/div><\/div><\/div>\t\t<\/div>\r\n\t\t\t<\/article>\r\n\t<article class=\"w-grid-item size_1x1 post-5649 portfolios type-portfolios status-publish has-post-thumbnail hentry category-portfolios-disarmonia-facciale category-portfolios-estetica-viso\" data-id=\"5649\">\r\n\t\t<div class=\"w-grid-item-h\">\r\n\t\t\t\t\t\t<div class=\"w-hwrapper usg_hwrapper_1 has_text_color align_none valign_center wrap stack_on_mobiles\"><div class=\"w-vwrapper usg_vwrapper_1 align_none valign_top\"><h5 class=\"w-post-elm post_title usg_post_title_1 entry-title color_link_inherit\"><a href=\"https:\/\/www.clinicamerli.it\/merli\/portfolios\/rinofiller\/\">RinoFiller<\/a><\/h5><div class=\"w-post-elm post_content usg_post_content_1\">RINOFILLER Rimodellamento del naso senza chirurgia Il nostro naso ha certamente un ruolo centrale nel conferire personalit\u00e0 ed armonia al&hellip;<\/div><div class=\"w-text usg_text_1 icon_atright\"><a href=\"https:\/\/www.clinicamerli.it\/merli\/portfolios\/rinofiller\/\" class=\"w-text-h\"><span class=\"w-text-value\">Scopri di pi\u00f9 <\/span><i class=\"fas fa-arrow-right\"><\/i><\/a><\/div><\/div><div class=\"w-post-elm post_image usg_post_image_1 has_width has_ratio\"><a href=\"https:\/\/www.clinicamerli.it\/merli\/portfolios\/rinofiller\/\" aria-label=\"RinoFiller\"><img loading=\"lazy\" decoding=\"async\" width=\"1024\" height=\"1024\" src=\"https:\/\/www.clinicamerli.it\/merli\/wp-content\/uploads\/2021\/06\/rinofiller-rimodellare-il-naso-senza-bisturi2-Clinica-Merli-1024x1024.jpg\" class=\"attachment-large size-large wp-post-image\" alt=\"\" \/><\/a><div style=\"padding-bottom:100%\"><\/div><\/div><\/div>\t\t<\/div>\r\n\t\t\t<\/article>\r\n\t<article class=\"w-grid-item size_1x1 post-4810 portfolios type-portfolios status-publish has-post-thumbnail hentry category-portfolios-ortodonzia category-portfolios-conservativa category-portfolios-endodonzia category-portfolios-dolore-dente category-portfolios-estetica-sorriso category-portfolios-prevenzione category-portfolios-odontoiatria-pediatrica category-portfolios-eccellenza\" data-id=\"4810\">\r\n\t\t<div class=\"w-grid-item-h\">\r\n\t\t\t\t\t\t<div class=\"w-hwrapper usg_hwrapper_1 has_text_color align_none valign_center wrap stack_on_mobiles\"><div class=\"w-vwrapper usg_vwrapper_1 align_none valign_top\"><h5 class=\"w-post-elm post_title usg_post_title_1 entry-title color_link_inherit\"><a href=\"https:\/\/www.clinicamerli.it\/merli\/portfolios\/odontoiatria-pediatrica\/\">Odontoiatria Pediatrica<\/a><\/h5><div class=\"w-post-elm post_content usg_post_content_1\">ODONTOIATRIA PEDIATRICA Prevenzione, diagnosi e terapia della dentatura decidua e intercettazione di problemi scheletrici e\/o funzionali, per la salvaguardia e&hellip;<\/div><div class=\"w-text usg_text_1 icon_atright\"><a href=\"https:\/\/www.clinicamerli.it\/merli\/portfolios\/odontoiatria-pediatrica\/\" class=\"w-text-h\"><span class=\"w-text-value\">Scopri di pi\u00f9 <\/span><i class=\"fas fa-arrow-right\"><\/i><\/a><\/div><\/div><div class=\"w-post-elm post_image usg_post_image_1 has_width has_ratio\"><a href=\"https:\/\/www.clinicamerli.it\/merli\/portfolios\/odontoiatria-pediatrica\/\" aria-label=\"Odontoiatria Pediatrica\"><img loading=\"lazy\" decoding=\"async\" width=\"1024\" height=\"1024\" src=\"https:\/\/www.clinicamerli.it\/merli\/wp-content\/uploads\/2020\/09\/odontoiatria-pediatrica-Clinica-Merli-1024x1024.jpg\" class=\"attachment-large size-large wp-post-image\" alt=\"\" \/><\/a><div style=\"padding-bottom:100%\"><\/div><\/div><\/div>\t\t<\/div>\r\n\t\t\t<\/article>\r\n\t<article class=\"w-grid-item size_1x1 post-4785 portfolios type-portfolios status-publish has-post-thumbnail hentry category-portfolios-ortodonzia category-portfolios-conservativa category-portfolios-disarmonia-facciale category-portfolios-dolore-dente category-portfolios-estetica-sorriso category-portfolios-estetica-viso category-portfolios-prevenzione\" data-id=\"4785\">\r\n\t\t<div class=\"w-grid-item-h\">\r\n\t\t\t\t\t\t<div class=\"w-hwrapper usg_hwrapper_1 has_text_color align_none valign_center wrap stack_on_mobiles\"><div class=\"w-vwrapper usg_vwrapper_1 align_none valign_top\"><h5 class=\"w-post-elm post_title usg_post_title_1 entry-title color_link_inherit\"><a href=\"https:\/\/www.clinicamerli.it\/merli\/portfolios\/mascherine-di-protezione\/\">Mascherine di protezione<\/a><\/h5><div class=\"w-post-elm post_content usg_post_content_1\">MASCHERINE DI PROTEZIONE Per proteggere i denti dalla usura da sfregamento e digrignamento \u00e8 raccomandabile l\u2019uso di mascherine dentali di&hellip;<\/div><div class=\"w-text usg_text_1 icon_atright\"><a href=\"https:\/\/www.clinicamerli.it\/merli\/portfolios\/mascherine-di-protezione\/\" class=\"w-text-h\"><span class=\"w-text-value\">Scopri di pi\u00f9 <\/span><i class=\"fas fa-arrow-right\"><\/i><\/a><\/div><\/div><div class=\"w-post-elm post_image usg_post_image_1 has_width has_ratio\"><a href=\"https:\/\/www.clinicamerli.it\/merli\/portfolios\/mascherine-di-protezione\/\" aria-label=\"Mascherine di protezione\"><img loading=\"lazy\" decoding=\"async\" width=\"1024\" height=\"826\" src=\"https:\/\/www.clinicamerli.it\/merli\/wp-content\/uploads\/2020\/09\/protezione-1024x826.jpg\" class=\"attachment-large size-large wp-post-image\" alt=\"\" \/><\/a><div style=\"padding-bottom:100%\"><\/div><\/div><\/div>\t\t<\/div>\r\n\t\t\t<\/article>\r\n\t<article class=\"w-grid-item size_1x1 post-4791 portfolios type-portfolios status-publish has-post-thumbnail hentry category-portfolios-conservativa category-portfolios-endodonzia category-portfolios-dolore-dente category-portfolios-estetica-sorriso category-portfolios-chirurgia-sbiancare-sorriso category-portfolios-eccellenza\" data-id=\"4791\">\r\n\t\t<div class=\"w-grid-item-h\">\r\n\t\t\t\t\t\t<div class=\"w-hwrapper usg_hwrapper_1 has_text_color align_none valign_center wrap stack_on_mobiles\"><div class=\"w-vwrapper usg_vwrapper_1 align_none valign_top\"><h5 class=\"w-post-elm post_title usg_post_title_1 entry-title color_link_inherit\"><a href=\"https:\/\/www.clinicamerli.it\/merli\/portfolios\/il-restauro-innovativo-cerec\/\">Il Restauro Innovativo &#8211; CEREC<\/a><\/h5><div class=\"w-post-elm post_content usg_post_content_1\">IL RESTAURO INNOVATIVO &#8211; CEREC Addio alla sgradevole sensazione della pasta per impronte, maggiore confort per il paziente! [vc_single_image image=&#8221;2330&#8243;&hellip;<\/div><div class=\"w-text usg_text_1 icon_atright\"><a href=\"https:\/\/www.clinicamerli.it\/merli\/portfolios\/il-restauro-innovativo-cerec\/\" class=\"w-text-h\"><span class=\"w-text-value\">Scopri di pi\u00f9 <\/span><i class=\"fas fa-arrow-right\"><\/i><\/a><\/div><\/div><div class=\"w-post-elm post_image usg_post_image_1 has_width has_ratio\"><a href=\"https:\/\/www.clinicamerli.it\/merli\/portfolios\/il-restauro-innovativo-cerec\/\" aria-label=\"Il Restauro Innovativo &#8211; CEREC\"><img loading=\"lazy\" decoding=\"async\" width=\"1024\" height=\"546\" src=\"https:\/\/www.clinicamerli.it\/merli\/wp-content\/uploads\/2015\/03\/cerec1-1024x546.jpg\" class=\"attachment-large size-large wp-post-image\" alt=\"\" \/><\/a><div style=\"padding-bottom:100%\"><\/div><\/div><\/div>\t\t<\/div>\r\n\t\t\t<\/article>\r\n\t<article class=\"w-grid-item size_1x1 post-4797 portfolios type-portfolios status-publish has-post-thumbnail hentry category-portfolios-conservativa category-portfolios-estetica-sorriso category-portfolios-igiene-orale category-portfolios-gengiva category-portfolios-prevenzione category-portfolios-odontoiatria-pediatrica category-portfolios-chirurgia-sbiancare-sorriso\" data-id=\"4797\">\r\n\t\t<div class=\"w-grid-item-h\">\r\n\t\t\t\t\t\t<div class=\"w-hwrapper usg_hwrapper_1 has_text_color align_none valign_center wrap stack_on_mobiles\"><div class=\"w-vwrapper usg_vwrapper_1 align_none valign_top\"><h5 class=\"w-post-elm post_title usg_post_title_1 entry-title color_link_inherit\"><a href=\"https:\/\/www.clinicamerli.it\/merli\/portfolios\/come-pulire-i-denti\/\">Come pulire i denti<\/a><\/h5><div class=\"w-post-elm post_content usg_post_content_1\">COME PULIRE I DENTI Le pi\u00f9 comuni malattie della bocca sono causate dalla placca batterica Placca batterica \u00c8 una sottile&hellip;<\/div><div class=\"w-text usg_text_1 icon_atright\"><a href=\"https:\/\/www.clinicamerli.it\/merli\/portfolios\/come-pulire-i-denti\/\" class=\"w-text-h\"><span class=\"w-text-value\">Scopri di pi\u00f9 <\/span><i class=\"fas fa-arrow-right\"><\/i><\/a><\/div><\/div><div class=\"w-post-elm post_image usg_post_image_1 has_width has_ratio\"><a href=\"https:\/\/www.clinicamerli.it\/merli\/portfolios\/come-pulire-i-denti\/\" aria-label=\"Come pulire i denti\"><img loading=\"lazy\" decoding=\"async\" width=\"1024\" height=\"760\" src=\"https:\/\/www.clinicamerli.it\/merli\/wp-content\/uploads\/2015\/03\/denti-1024x760.jpg\" class=\"attachment-large size-large wp-post-image\" alt=\"\" \/><\/a><div style=\"padding-bottom:100%\"><\/div><\/div><\/div>\t\t<\/div>\r\n\t\t\t<\/article>\r\n\t<article class=\"w-grid-item size_1x1 post-5194 portfolios type-portfolios status-publish has-post-thumbnail hentry category-portfolios-disarmonia-facciale category-portfolios-dolore-dente category-portfolios-estetica-sorriso category-portfolios-estetica-viso category-portfolios-igiene-orale category-portfolios-gengiva category-portfolios-prevenzione category-portfolios-eccellenza category-portfolios-sostituire-dente\" data-id=\"5194\">\r\n\t\t<div class=\"w-grid-item-h\">\r\n\t\t\t\t\t\t<div class=\"w-hwrapper usg_hwrapper_1 has_text_color align_none valign_center wrap stack_on_mobiles\"><div class=\"w-vwrapper usg_vwrapper_1 align_none valign_top\"><h5 class=\"w-post-elm post_title usg_post_title_1 entry-title color_link_inherit\"><a href=\"https:\/\/www.clinicamerli.it\/merli\/portfolios\/pianificazione-implantare-virtuale-stampa-3d\/\">Pianificazione Implantare Virtuale e la Stampa 3D<\/a><\/h5><div class=\"w-post-elm post_content usg_post_content_1\">PIANIFICAZIONE IMPLANTARE VIRTUALE E LA STAMPA 3D Grazie a software dedicati possiamo simulare l\u2019intervento in ogni dettaglio, integrando i dati&hellip;<\/div><div class=\"w-text usg_text_1 icon_atright\"><a href=\"https:\/\/www.clinicamerli.it\/merli\/portfolios\/pianificazione-implantare-virtuale-stampa-3d\/\" class=\"w-text-h\"><span class=\"w-text-value\">Scopri di pi\u00f9 <\/span><i class=\"fas fa-arrow-right\"><\/i><\/a><\/div><\/div><div class=\"w-post-elm post_image usg_post_image_1 has_width has_ratio\"><a href=\"https:\/\/www.clinicamerli.it\/merli\/portfolios\/pianificazione-implantare-virtuale-stampa-3d\/\" aria-label=\"Pianificazione Implantare Virtuale e la Stampa 3D\"><img loading=\"lazy\" decoding=\"async\" width=\"1024\" height=\"1024\" src=\"https:\/\/www.clinicamerli.it\/merli\/wp-content\/uploads\/2020\/11\/chirurgia-guidata-0-Clinica-Merli-1024x1024.jpg\" class=\"attachment-large size-large wp-post-image\" alt=\"\" \/><\/a><div style=\"padding-bottom:100%\"><\/div><\/div><\/div>\t\t<\/div>\r\n\t\t\t<\/article>\r\n\t<article class=\"w-grid-item size_1x1 post-4801 portfolios type-portfolios status-publish has-post-thumbnail hentry category-portfolios-conservativa category-portfolios-dolore-dente category-portfolios-estetica-sorriso category-portfolios-igiene-orale category-portfolios-gengiva category-portfolios-prevenzione category-portfolios-odontoiatria-pediatrica category-portfolios-chirurgia-sbiancare-sorriso category-portfolios-eccellenza\" data-id=\"4801\">\r\n\t\t<div class=\"w-grid-item-h\">\r\n\t\t\t\t\t\t<div class=\"w-hwrapper usg_hwrapper_1 has_text_color align_none valign_center wrap stack_on_mobiles\"><div class=\"w-vwrapper usg_vwrapper_1 align_none valign_top\"><h5 class=\"w-post-elm post_title usg_post_title_1 entry-title color_link_inherit\"><a href=\"https:\/\/www.clinicamerli.it\/merli\/portfolios\/prevenzione-igiene-orale-e-fluoroprofilassi\/\">Prevenzione, Igiene Orale e Fluoroprofilassi<\/a><\/h5><div class=\"w-post-elm post_content usg_post_content_1\">PREVENZIONE, IGIENE ORALE E FLUOROPROFILASSI Il Reparto della Clinica dedicato esclusivamente alla Prevenzione costituisce l&#8217;emblema dell&#8217;attenzione che dedichiamo al paziente&hellip;<\/div><div class=\"w-text usg_text_1 icon_atright\"><a href=\"https:\/\/www.clinicamerli.it\/merli\/portfolios\/prevenzione-igiene-orale-e-fluoroprofilassi\/\" class=\"w-text-h\"><span class=\"w-text-value\">Scopri di pi\u00f9 <\/span><i class=\"fas fa-arrow-right\"><\/i><\/a><\/div><\/div><div class=\"w-post-elm post_image usg_post_image_1 has_width has_ratio\"><a href=\"https:\/\/www.clinicamerli.it\/merli\/portfolios\/prevenzione-igiene-orale-e-fluoroprofilassi\/\" aria-label=\"Prevenzione, Igiene Orale e Fluoroprofilassi\"><img loading=\"lazy\" decoding=\"async\" width=\"1024\" height=\"682\" src=\"https:\/\/www.clinicamerli.it\/merli\/wp-content\/uploads\/2020\/09\/prevenzione-dentale-Clinica-Merli-1024x682.jpg\" class=\"attachment-large size-large wp-post-image\" alt=\"\" \/><\/a><div style=\"padding-bottom:100%\"><\/div><\/div><\/div>\t\t<\/div>\r\n\t\t\t<\/article>\r\n\t<article class=\"w-grid-item size_1x1 post-4796 portfolios type-portfolios status-publish has-post-thumbnail hentry category-portfolios-conservativa category-portfolios-endodonzia category-portfolios-dolore-dente category-portfolios-igiene-orale category-portfolios-gengiva category-portfolios-prevenzione category-portfolios-odontoiatria-pediatrica\" data-id=\"4796\">\r\n\t\t<div class=\"w-grid-item-h\">\r\n\t\t\t\t\t\t<div class=\"w-hwrapper usg_hwrapper_1 has_text_color align_none valign_center wrap stack_on_mobiles\"><div class=\"w-vwrapper usg_vwrapper_1 align_none valign_top\"><h5 class=\"w-post-elm post_title usg_post_title_1 entry-title color_link_inherit\"><a href=\"https:\/\/www.clinicamerli.it\/merli\/portfolios\/se-i-denti-sono-sensibili\/\">Se i denti sono sensibili<\/a><\/h5><div class=\"w-post-elm post_content usg_post_content_1\">SE I DENTI SONO SENSIBILI Le cause della sensibilit\u00e0 dentale, la valutazione e il trattamento Molte persone, specialmente tra i&hellip;<\/div><div class=\"w-text usg_text_1 icon_atright\"><a href=\"https:\/\/www.clinicamerli.it\/merli\/portfolios\/se-i-denti-sono-sensibili\/\" class=\"w-text-h\"><span class=\"w-text-value\">Scopri di pi\u00f9 <\/span><i class=\"fas fa-arrow-right\"><\/i><\/a><\/div><\/div><div class=\"w-post-elm post_image usg_post_image_1 has_width has_ratio\"><a href=\"https:\/\/www.clinicamerli.it\/merli\/portfolios\/se-i-denti-sono-sensibili\/\" aria-label=\"Se i denti sono sensibili\"><img loading=\"lazy\" decoding=\"async\" width=\"1024\" height=\"726\" src=\"https:\/\/www.clinicamerli.it\/merli\/wp-content\/uploads\/2020\/09\/denti-sensibili-Clinica-Merli-1024x726.jpg\" class=\"attachment-large size-large wp-post-image\" alt=\"\" \/><\/a><div style=\"padding-bottom:100%\"><\/div><\/div><\/div>\t\t<\/div>\r\n\t\t\t<\/article>\r\n\t<article class=\"w-grid-item size_1x1 post-4814 portfolios type-portfolios status-publish has-post-thumbnail hentry category-portfolios-ortodonzia category-portfolios-disarmonia-facciale category-portfolios-estetica-sorriso category-portfolios-estetica-viso category-portfolios-odontoiatria-pediatrica category-portfolios-eccellenza\" data-id=\"4814\">\r\n\t\t<div class=\"w-grid-item-h\">\r\n\t\t\t\t\t\t<div class=\"w-hwrapper usg_hwrapper_1 has_text_color align_none valign_center wrap stack_on_mobiles\"><div class=\"w-vwrapper usg_vwrapper_1 align_none valign_top\"><h5 class=\"w-post-elm post_title usg_post_title_1 entry-title color_link_inherit\"><a href=\"https:\/\/www.clinicamerli.it\/merli\/portfolios\/ortodonzia-fissa\/\">Ortodonzia fissa<\/a><\/h5><div class=\"w-post-elm post_content usg_post_content_1\">ORTODONZIA FISSA Il risultato del trattamento, il miglioramento dell&#8217;estetica generale del viso e del sorriso genera sicurezza di s\u00e9 e&hellip;<\/div><div class=\"w-text usg_text_1 icon_atright\"><a href=\"https:\/\/www.clinicamerli.it\/merli\/portfolios\/ortodonzia-fissa\/\" class=\"w-text-h\"><span class=\"w-text-value\">Scopri di pi\u00f9 <\/span><i class=\"fas fa-arrow-right\"><\/i><\/a><\/div><\/div><div class=\"w-post-elm post_image usg_post_image_1 has_width has_ratio\"><a href=\"https:\/\/www.clinicamerli.it\/merli\/portfolios\/ortodonzia-fissa\/\" aria-label=\"Ortodonzia fissa\"><img loading=\"lazy\" decoding=\"async\" width=\"1024\" height=\"1024\" src=\"https:\/\/www.clinicamerli.it\/merli\/wp-content\/uploads\/2020\/09\/Ortodonzia-fissa-2-Clinca-Merli-1024x1024.jpg\" class=\"attachment-large size-large wp-post-image\" alt=\"\" \/><\/a><div style=\"padding-bottom:100%\"><\/div><\/div><\/div>\t\t<\/div>\r\n\t\t\t<\/article>\r\n\t<article class=\"w-grid-item size_1x1 post-5269 portfolios type-portfolios status-publish has-post-thumbnail hentry category-portfolios-conservativa category-portfolios-endodonzia category-portfolios-dolore-dente category-portfolios-estetica-sorriso category-portfolios-igiene-orale category-portfolios-gengiva category-portfolios-prevenzione\" data-id=\"5269\">\r\n\t\t<div class=\"w-grid-item-h\">\r\n\t\t\t\t\t\t<div class=\"w-hwrapper usg_hwrapper_1 has_text_color align_none valign_center wrap stack_on_mobiles\"><div class=\"w-vwrapper usg_vwrapper_1 align_none valign_top\"><h5 class=\"w-post-elm post_title usg_post_title_1 entry-title color_link_inherit\"><a href=\"https:\/\/www.clinicamerli.it\/merli\/portfolios\/chirurgia-endodontica\/\">Chirurgia Endodontica<\/a><\/h5><div class=\"w-post-elm post_content usg_post_content_1\">CHIRURGIA ENDODONTICA La chirurgia endodontica consiste nell\u2019otturare o nell\u2019asportare l\u2019apice della radice di un dente La chirurgia endodontica rappresenta l\u2019intervento&hellip;<\/div><div class=\"w-text usg_text_1 icon_atright\"><a href=\"https:\/\/www.clinicamerli.it\/merli\/portfolios\/chirurgia-endodontica\/\" class=\"w-text-h\"><span class=\"w-text-value\">Scopri di pi\u00f9 <\/span><i class=\"fas fa-arrow-right\"><\/i><\/a><\/div><\/div><div class=\"w-post-elm post_image usg_post_image_1 has_width has_ratio\"><a href=\"https:\/\/www.clinicamerli.it\/merli\/portfolios\/chirurgia-endodontica\/\" aria-label=\"Chirurgia Endodontica\"><img loading=\"lazy\" decoding=\"async\" width=\"1024\" height=\"682\" src=\"https:\/\/www.clinicamerli.it\/merli\/wp-content\/uploads\/2020\/12\/chirurgia-endodontica-Clinica-Merli-1-1024x682.jpg\" class=\"attachment-large size-large wp-post-image\" alt=\"\" \/><\/a><div style=\"padding-bottom:100%\"><\/div><\/div><\/div>\t\t<\/div>\r\n\t\t\t<\/article>\r\n\t<article class=\"w-grid-item size_1x1 post-4787 portfolios type-portfolios status-publish has-post-thumbnail hentry category-portfolios-conservativa category-portfolios-endodonzia category-portfolios-dolore-dente category-portfolios-estetica-sorriso category-portfolios-estetica-viso category-portfolios-chirurgia-sbiancare-sorriso category-portfolios-eccellenza\" data-id=\"4787\">\r\n\t\t<div class=\"w-grid-item-h\">\r\n\t\t\t\t\t\t<div class=\"w-hwrapper usg_hwrapper_1 has_text_color align_none valign_center wrap stack_on_mobiles\"><div class=\"w-vwrapper usg_vwrapper_1 align_none valign_top\"><h5 class=\"w-post-elm post_title usg_post_title_1 entry-title color_link_inherit\"><a href=\"https:\/\/www.clinicamerli.it\/merli\/portfolios\/odontoiatria-digitale\/\">Odontoiatria Digitale<\/a><\/h5><div class=\"w-post-elm post_content usg_post_content_1\">ODONTOIATRIA DIGITALE Addio alla sgradevole sensazione della pasta per impronte, maggiore confort per il paziente! [vc_single_image image=&#8221;2330&#8243; img_size=&#8221;full&#8221; alignment=&#8221;center&#8221;] Fase&hellip;<\/div><div class=\"w-text usg_text_1 icon_atright\"><a href=\"https:\/\/www.clinicamerli.it\/merli\/portfolios\/odontoiatria-digitale\/\" class=\"w-text-h\"><span class=\"w-text-value\">Scopri di pi\u00f9 <\/span><i class=\"fas fa-arrow-right\"><\/i><\/a><\/div><\/div><div class=\"w-post-elm post_image usg_post_image_1 has_width has_ratio\"><a href=\"https:\/\/www.clinicamerli.it\/merli\/portfolios\/odontoiatria-digitale\/\" aria-label=\"Odontoiatria Digitale\"><img loading=\"lazy\" decoding=\"async\" width=\"1024\" height=\"666\" src=\"https:\/\/www.clinicamerli.it\/merli\/wp-content\/uploads\/2018\/03\/odontoiatria-digitale-1024x666.jpg\" class=\"attachment-large size-large wp-post-image\" alt=\"\" \/><\/a><div style=\"padding-bottom:100%\"><\/div><\/div><\/div>\t\t<\/div>\r\n\t\t\t<\/article>\r\n\t<article class=\"w-grid-item size_1x1 post-5121 portfolios type-portfolios status-publish has-post-thumbnail hentry category-portfolios-endodonzia category-portfolios-dolore-dente category-portfolios-gengiva category-portfolios-eccellenza category-portfolios-sostituire-dente\" data-id=\"5121\">\r\n\t\t<div class=\"w-grid-item-h\">\r\n\t\t\t\t\t\t<div class=\"w-hwrapper usg_hwrapper_1 has_text_color align_none valign_center wrap stack_on_mobiles\"><div class=\"w-vwrapper usg_vwrapper_1 align_none valign_top\"><h5 class=\"w-post-elm post_title usg_post_title_1 entry-title color_link_inherit\"><a href=\"https:\/\/www.clinicamerli.it\/merli\/portfolios\/chirurgia-estrattiva\/\">Chirurgia Estrattiva<\/a><\/h5><div class=\"w-post-elm post_content usg_post_content_1\">CHIRURGIA ESTRATTIVA L\u2019estrazione dei terzi molari o denti del giudizio oppure di denti inclusi, \u00e8 uno degli atti pi\u00f9 frequenti&hellip;<\/div><div class=\"w-text usg_text_1 icon_atright\"><a href=\"https:\/\/www.clinicamerli.it\/merli\/portfolios\/chirurgia-estrattiva\/\" class=\"w-text-h\"><span class=\"w-text-value\">Scopri di pi\u00f9 <\/span><i class=\"fas fa-arrow-right\"><\/i><\/a><\/div><\/div><div class=\"w-post-elm post_image usg_post_image_1 has_width has_ratio\"><a href=\"https:\/\/www.clinicamerli.it\/merli\/portfolios\/chirurgia-estrattiva\/\" aria-label=\"Chirurgia Estrattiva\"><img loading=\"lazy\" decoding=\"async\" width=\"1024\" height=\"787\" src=\"https:\/\/www.clinicamerli.it\/merli\/wp-content\/uploads\/2020\/10\/estrazione-del-dente-del-giudizio-Clinica-Merli-1-1024x787.jpg\" class=\"attachment-large size-large wp-post-image\" alt=\"\" \/><\/a><div style=\"padding-bottom:100%\"><\/div><\/div><\/div>\t\t<\/div>\r\n\t\t\t<\/article>\r\n\t<article class=\"w-grid-item size_1x1 post-4790 portfolios type-portfolios status-publish has-post-thumbnail hentry category-portfolios-dolore-dente category-portfolios-prevenzione category-portfolios-odontoiatria-pediatrica category-portfolios-sostituire-dente\" data-id=\"4790\">\r\n\t\t<div class=\"w-grid-item-h\">\r\n\t\t\t\t\t\t<div class=\"w-hwrapper usg_hwrapper_1 has_text_color align_none valign_center wrap stack_on_mobiles\"><div class=\"w-vwrapper usg_vwrapper_1 align_none valign_top\"><h5 class=\"w-post-elm post_title usg_post_title_1 entry-title color_link_inherit\"><a href=\"https:\/\/www.clinicamerli.it\/merli\/portfolios\/avulsione-traumatica\/\">Avulsione dentale traumatica<\/a><\/h5><div class=\"w-post-elm post_content usg_post_content_1\">AVULSIONE DENTALE TRAUMATICA Cosa fare di fronte a un trauma dentale? CONSIGLI E INFORMAZIONI UTILI PER SALVARE IL TUO DENTE&hellip;<\/div><div class=\"w-text usg_text_1 icon_atright\"><a href=\"https:\/\/www.clinicamerli.it\/merli\/portfolios\/avulsione-traumatica\/\" class=\"w-text-h\"><span class=\"w-text-value\">Scopri di pi\u00f9 <\/span><i class=\"fas fa-arrow-right\"><\/i><\/a><\/div><\/div><div class=\"w-post-elm post_image usg_post_image_1 has_width has_ratio\"><a href=\"https:\/\/www.clinicamerli.it\/merli\/portfolios\/avulsione-traumatica\/\" aria-label=\"Avulsione dentale traumatica\"><img loading=\"lazy\" decoding=\"async\" width=\"1024\" height=\"1024\" src=\"https:\/\/www.clinicamerli.it\/merli\/wp-content\/uploads\/2020\/09\/avulsione-dentale-traumatica-Clinica-Merli-1024x1024.jpg\" class=\"attachment-large size-large wp-post-image\" alt=\"\" \/><\/a><div style=\"padding-bottom:100%\"><\/div><\/div><\/div>\t\t<\/div>\r\n\t\t\t<\/article>\r\n\t<article class=\"w-grid-item size_1x1 post-5182 portfolios type-portfolios status-publish has-post-thumbnail hentry category-portfolios-ortodonzia category-portfolios-conservativa category-portfolios-disarmonia-facciale category-portfolios-dolore-dente category-portfolios-estetica-sorriso category-portfolios-estetica-viso category-portfolios-prevenzione\" data-id=\"5182\">\r\n\t\t<div class=\"w-grid-item-h\">\r\n\t\t\t\t\t\t<div class=\"w-hwrapper usg_hwrapper_1 has_text_color align_none valign_center wrap stack_on_mobiles\"><div class=\"w-vwrapper usg_vwrapper_1 align_none valign_top\"><h5 class=\"w-post-elm post_title usg_post_title_1 entry-title color_link_inherit\"><a href=\"https:\/\/www.clinicamerli.it\/merli\/portfolios\/usura-dentale\/\">Usura Dentale<\/a><\/h5><div class=\"w-post-elm post_content usg_post_content_1\">USURA DENTALE L\u2019usura dentale \u00e8 un processo che comporta la perdita di tessuto duro del dente senza il coinvolgimento di&hellip;<\/div><div class=\"w-text usg_text_1 icon_atright\"><a href=\"https:\/\/www.clinicamerli.it\/merli\/portfolios\/usura-dentale\/\" class=\"w-text-h\"><span class=\"w-text-value\">Scopri di pi\u00f9 <\/span><i class=\"fas fa-arrow-right\"><\/i><\/a><\/div><\/div><div class=\"w-post-elm post_image usg_post_image_1 has_width has_ratio\"><a href=\"https:\/\/www.clinicamerli.it\/merli\/portfolios\/usura-dentale\/\" aria-label=\"Usura Dentale\"><img loading=\"lazy\" decoding=\"async\" width=\"1024\" height=\"502\" src=\"https:\/\/www.clinicamerli.it\/merli\/wp-content\/uploads\/2020\/09\/erosione-dentale-2-1024x502.jpg\" class=\"attachment-large size-large wp-post-image\" alt=\"\" \/><\/a><div style=\"padding-bottom:100%\"><\/div><\/div><\/div>\t\t<\/div>\r\n\t\t\t<\/article>\r\n\t<article class=\"w-grid-item size_1x1 post-4806 portfolios type-portfolios status-publish has-post-thumbnail hentry category-portfolios-conservativa category-portfolios-endodonzia category-portfolios-dolore-dente category-portfolios-estetica-sorriso category-portfolios-igiene-orale category-portfolios-gengiva category-portfolios-prevenzione category-portfolios-eccellenza\" data-id=\"4806\">\r\n\t\t<div class=\"w-grid-item-h\">\r\n\t\t\t\t\t\t<div class=\"w-hwrapper usg_hwrapper_1 has_text_color align_none valign_center wrap stack_on_mobiles\"><div class=\"w-vwrapper usg_vwrapper_1 align_none valign_top\"><h5 class=\"w-post-elm post_title usg_post_title_1 entry-title color_link_inherit\"><a href=\"https:\/\/www.clinicamerli.it\/merli\/portfolios\/parodontologia\/\">Parodontologia<\/a><\/h5><div class=\"w-post-elm post_content usg_post_content_1\">PARODONTOLOGIA La Parodontologia \u00e8 quel ramo dell&#8217;odontoiatria che si occupa dello studio delle malattie e condizioni dei tessuti parodontali, ossia&hellip;<\/div><div class=\"w-text usg_text_1 icon_atright\"><a href=\"https:\/\/www.clinicamerli.it\/merli\/portfolios\/parodontologia\/\" class=\"w-text-h\"><span class=\"w-text-value\">Scopri di pi\u00f9 <\/span><i class=\"fas fa-arrow-right\"><\/i><\/a><\/div><\/div><div class=\"w-post-elm post_image usg_post_image_1 has_width has_ratio\"><a href=\"https:\/\/www.clinicamerli.it\/merli\/portfolios\/parodontologia\/\" aria-label=\"Parodontologia\"><img loading=\"lazy\" decoding=\"async\" width=\"1024\" height=\"1024\" src=\"https:\/\/www.clinicamerli.it\/merli\/wp-content\/uploads\/2020\/09\/parodontologia-Clinica-Merli-1024x1024.jpg\" class=\"attachment-large size-large wp-post-image\" alt=\"\" \/><\/a><div style=\"padding-bottom:100%\"><\/div><\/div><\/div>\t\t<\/div>\r\n\t\t\t<\/article>\r\n\t<article class=\"w-grid-item size_1x1 post-5140 portfolios type-portfolios status-publish has-post-thumbnail hentry category-portfolios-ortodonzia category-portfolios-disarmonia-facciale category-portfolios-estetica-sorriso category-portfolios-estetica-viso category-portfolios-igiene-orale category-portfolios-gengiva category-portfolios-prevenzione category-portfolios-chirurgia-sbiancare-sorriso category-portfolios-eccellenza category-portfolios-sostituire-dente\" data-id=\"5140\">\r\n\t\t<div class=\"w-grid-item-h\">\r\n\t\t\t\t\t\t<div class=\"w-hwrapper usg_hwrapper_1 has_text_color align_none valign_center wrap stack_on_mobiles\"><div class=\"w-vwrapper usg_vwrapper_1 align_none valign_top\"><h5 class=\"w-post-elm post_title usg_post_title_1 entry-title color_link_inherit\"><a href=\"https:\/\/www.clinicamerli.it\/merli\/portfolios\/riabilitazione-interdisciplinare\/\">Riabilitazione Interdisciplinare<\/a><\/h5><div class=\"w-post-elm post_content usg_post_content_1\">RIABILITAZIONE INTERDISCIPLINARE Consiste nel coinvolgere altri specialisti oltre all\u2019odontoiatra, quali il dermatologo, il chirurgo plastico e il chirurgo maxillo-facciale, ottenendo&hellip;<\/div><div class=\"w-text usg_text_1 icon_atright\"><a href=\"https:\/\/www.clinicamerli.it\/merli\/portfolios\/riabilitazione-interdisciplinare\/\" class=\"w-text-h\"><span class=\"w-text-value\">Scopri di pi\u00f9 <\/span><i class=\"fas fa-arrow-right\"><\/i><\/a><\/div><\/div><div class=\"w-post-elm post_image usg_post_image_1 has_width has_ratio\"><a href=\"https:\/\/www.clinicamerli.it\/merli\/portfolios\/riabilitazione-interdisciplinare\/\" aria-label=\"Riabilitazione Interdisciplinare\"><img loading=\"lazy\" decoding=\"async\" width=\"1024\" height=\"1024\" src=\"https:\/\/www.clinicamerli.it\/merli\/wp-content\/uploads\/2020\/10\/riabilitazione-interdisciplinare-3-Clinica-Merli-1024x1024.jpg\" class=\"attachment-large size-large wp-post-image\" alt=\"\" \/><\/a><div style=\"padding-bottom:100%\"><\/div><\/div><\/div>\t\t<\/div>\r\n\t\t\t<\/article>\r\n\t<article class=\"w-grid-item size_1x1 post-4816 portfolios type-portfolios status-publish has-post-thumbnail hentry category-portfolios-conservativa category-portfolios-endodonzia category-portfolios-dolore-dente category-portfolios-prevenzione category-portfolios-eccellenza\" data-id=\"4816\">\r\n\t\t<div class=\"w-grid-item-h\">\r\n\t\t\t\t\t\t<div class=\"w-hwrapper usg_hwrapper_1 has_text_color align_none valign_center wrap stack_on_mobiles\"><div class=\"w-vwrapper usg_vwrapper_1 align_none valign_top\"><h5 class=\"w-post-elm post_title usg_post_title_1 entry-title color_link_inherit\"><a href=\"https:\/\/www.clinicamerli.it\/merli\/portfolios\/endodonzia\/\">Endodonzia<\/a><\/h5><div class=\"w-post-elm post_content usg_post_content_1\">ENDODONZIA L\u2019endodonzia si occupa della diagnosi e del trattamento dei processi patologici a carico della polpa dentaria radicolare Quando il&hellip;<\/div><div class=\"w-text usg_text_1 icon_atright\"><a href=\"https:\/\/www.clinicamerli.it\/merli\/portfolios\/endodonzia\/\" class=\"w-text-h\"><span class=\"w-text-value\">Scopri di pi\u00f9 <\/span><i class=\"fas fa-arrow-right\"><\/i><\/a><\/div><\/div><div class=\"w-post-elm post_image usg_post_image_1 has_width has_ratio\"><a href=\"https:\/\/www.clinicamerli.it\/merli\/portfolios\/endodonzia\/\" aria-label=\"Endodonzia\"><img loading=\"lazy\" decoding=\"async\" width=\"1024\" height=\"1024\" src=\"https:\/\/www.clinicamerli.it\/merli\/wp-content\/uploads\/2020\/09\/endodonzia-Clinica-Merli-1024x1024.jpg\" class=\"attachment-large size-large wp-post-image\" alt=\"\" \/><\/a><div style=\"padding-bottom:100%\"><\/div><\/div><\/div>\t\t<\/div>\r\n\t\t\t<\/article>\r\n<\/div><div class=\"w-grid-carousel-json hidden\" onclick='return {&quot;carousel_settings&quot;:{&quot;aria_labels&quot;:{&quot;prev&quot;:&quot;Precedente&quot;,&quot;next&quot;:&quot;Prossimo&quot;},&quot;autoplayContinual&quot;:false,&quot;autoplayHoverPause&quot;:false,&quot;autoplayTimeout&quot;:3000,&quot;autoWidth&quot;:false,&quot;smartSpeed&quot;:600,&quot;margin&quot;:0,&quot;mouseDrag&quot;:true,&quot;rtl&quot;:false,&quot;slideBy&quot;:&quot;1&quot;,&quot;touchDrag&quot;:true,&quot;slideTransition&quot;:&quot;&quot;,&quot;responsive&quot;:{&quot;0&quot;:{&quot;autoHeight&quot;:false,&quot;autoplay&quot;:true,&quot;autoWidth&quot;:false,&quot;center&quot;:false,&quot;dots&quot;:false,&quot;items&quot;:1,&quot;loop&quot;:true,&quot;nav&quot;:true,&quot;stagePadding&quot;:0,&quot;slideBy&quot;:&quot;1&quot;},&quot;1281&quot;:{&quot;items&quot;:1,&quot;autoplay&quot;:false,&quot;center&quot;:false,&quot;dots&quot;:false,&quot;nav&quot;:true,&quot;autoHeight&quot;:false,&quot;autoWidth&quot;:false,&quot;loop&quot;:true,&quot;stagePadding&quot;:0}}}}'><\/div><\/div>[vc_empty_space height=&#8221;30px&#8221;]<\/div><\/div><\/div><\/div><\/div><\/section><section class=\"l-section wpb_row us_custom_e4eb24e1 height_small\"><div class=\"l-section-overlay\" style=\"background:#f7f8f9\"><\/div><div class=\"l-section-h i-cf\"><div class=\"g-cols vc_row via_flex valign_top type_default stacking_default\"><div class=\"vc_col-sm-6 wpb_column vc_column_container\"><div class=\"vc_column-inner\"><div class=\"wpb_wrapper\">[vc_empty_space height=&#8221;30px&#8221;][vc_cta h2=&#8221;CONVENZIONI&#8221; h2_font_container=&#8221;tag:h5|text_align:center|line_height:50px&#8221; h2_use_theme_fonts=&#8221;yes&#8221; txt_align=&#8221;center&#8221; style=&#8221;outline&#8221; color=&#8221;black&#8221; add_button=&#8221;bottom&#8221; btn_title=&#8221;VAI ALLE INFORMAZIONI&#8221; btn_style=&#8221;outline-custom&#8221; btn_outline_custom_color=&#8221;#E16A02&#8243; btn_outline_custom_hover_background=&#8221;#E16A02&#8243; btn_size=&#8221;sm&#8221; btn_align=&#8221;center&#8221; css=&#8221;&#8221; use_custom_fonts_h2=&#8221;true&#8221; btn_link=&#8221;url:https%3A%2F%2Fwww.clinicamerli.it%2Fmerli%2Fconvenzioni%2F|||&#8221;]Sono attive con i seguenti fondi e compagnie assicurative delle convenzioni al fine di offrire ai nostri pazienti la possibilit\u00e0 di usufruire di prestazioni a tariffe preferenziali mantenendo la qualit\u00e0 e la professionalit\u00e0 che ci contraddistingue.<\/p>\n[\/vc_cta][vc_empty_space height=&#8221;30px&#8221;]<\/div><\/div><\/div><div class=\"vc_col-sm-6 wpb_column vc_column_container\"><div class=\"vc_column-inner\"><div class=\"wpb_wrapper\">[vc_empty_space height=&#8221;30px&#8221;][vc_cta h2=&#8221;QUESTIONARI&#8221; h2_font_container=&#8221;tag:h5|text_align:center|line_height:50px&#8221; h2_use_theme_fonts=&#8221;yes&#8221; txt_align=&#8221;center&#8221; style=&#8221;outline&#8221; color=&#8221;black&#8221; add_button=&#8221;bottom&#8221; btn_title=&#8221;FAI IL TEST&#8221; btn_style=&#8221;outline-custom&#8221; btn_outline_custom_color=&#8221;#E16A02&#8243; btn_outline_custom_hover_background=&#8221;#E16A02&#8243; btn_size=&#8221;sm&#8221; btn_align=&#8221;center&#8221; css=&#8221;&#8221; use_custom_fonts_h2=&#8221;true&#8221; btn_link=&#8221;url:https%3A%2F%2Fwww.clinicamerli.it%2Fmerli%2Fquestionari%2F|||&#8221;]Hai una sonnolenza eccessiva?<br \/>\nSei a rischio di avere apnee del sonno?<\/p>\n[\/vc_cta][vc_empty_space height=&#8221;30px&#8221;]<\/div><\/div><\/div><\/div><\/div><\/section><section class=\"l-section wpb_row height_small\"><div class=\"l-section-h i-cf\"><div class=\"g-cols vc_row via_flex valign_top type_default stacking_default\"><div class=\"vc_col-sm-6 wpb_column vc_column_container\"><div class=\"vc_column-inner\"><div class=\"wpb_wrapper\">[vc_empty_space height=&#8221;50px&#8221;]<div class=\"wpb_text_column\"><div class=\"wpb_wrapper\"><h3 style=\"text-align: left;\">facebook<\/h3>\n<\/div><\/div><div class=\"wpb_text_column\"><div class=\"wpb_wrapper\"><!-- This Facebook Page Feed was generated with Simple Facebook Page Widget & Shortcode plugin v1.7.0 - https:\/\/wordpress.org\/plugins\/simple-facebook-twitter-widget\/ --><div id=\"simple-facebook-widget\" style=\"text-align:left;\"><div class=\"fb-page\" data-href=\"https:\/\/www.facebook.com\/clinica.merli\" data-width=\"500\" data-height=\"600\" data-hide-cover=\"false\" data-show-facepile=\"false\" data-tabs=\"timeline, events, messages\" data-hide-cta=\"true\" data-small-header=\"false\" data-adapt-container-width=\"true\"><\/div><\/div><!-- End Simple Facebook Page Plugin (Shortcode) -->\n<\/div><\/div><\/div><\/div><\/div><div class=\"vc_col-sm-6 wpb_column vc_column_container\"><div class=\"vc_column-inner\"><div class=\"wpb_wrapper\">[vc_empty_space height=&#8221;50px&#8221;]<div class=\"wpb_text_column\"><div class=\"wpb_wrapper\"><h3 style=\"text-align: left;\">Visita le sedi<\/h3>\n<\/div><\/div>[vc_media_grid style=&#8221;pagination&#8221; items_per_page=&#8221;1&#8243; element_width=&#8221;12&#8243; item=&#8221;mediaGrid_SlideOutCaption&#8221; css=&#8221;&#8221; initial_loading_animation=&#8221;none&#8221; grid_id=&#8221;vc_gid:1776933423236-aa6467e5-1acd-0&#8243; include=&#8221;2858,2857,2854,3626,273,714,735,737,5793,6713,453,6712&#8243;][vc_empty_space height=&#8221;30px&#8221;]<\/div><\/div><\/div><\/div><\/div><\/section><section class=\"l-section wpb_row us_custom_04e7aa0a height_small\"><div class=\"l-section-overlay\" style=\"background:#f7f8f9\"><\/div><div class=\"l-section-h i-cf\"><div class=\"g-cols vc_row via_flex valign_top type_default stacking_default\"><div class=\"vc_col-sm-8 wpb_column vc_column_container\"><div class=\"vc_column-inner\"><div class=\"wpb_wrapper\">[vc_cta h2=&#8221;Come assistervi a distanza&#8221; h2_font_container=&#8221;tag:h3|text_align:left|color:%23000000&#8243; h2_use_theme_fonts=&#8221;yes&#8221; h4=&#8221;_______________&#8221; h4_font_container=&#8221;tag:p|text_align:left&#8221; h4_use_theme_fonts=&#8221;yes&#8221; style=&#8221;flat&#8221; color=&#8221;white&#8221; css=&#8221;.vc_custom_1746719742540{border-top-width: 0px !important;border-right-width: 0px !important;border-bottom-width: 0px !important;border-left-width: 0px !important;border-left-style: solid !important;border-right-style: solid !important;border-top-style: solid !important;border-bottom-style: solid !important;}&#8221; use_custom_fonts_h2=&#8221;true&#8221; use_custom_fonts_h4=&#8221;true&#8221;]\n<p style=\"text-align: left;\"><span style=\"color: #000000;\"><span class=\"text_exposed_show\">La segreteria e lo staff medico della Clinica Merli sono a vostra disposizione per rispondere alle vostre domande e\/o alle vostre richieste al <strong><a href=\"tel:+39054152025\">0541 52025<\/a><\/strong> oppure potete inviarci la vostra documentazione<strong>:<\/strong><\/span><\/span><\/p>\n[\/vc_cta]<\/div><\/div><\/div><div class=\"vc_col-sm-4 wpb_column vc_column_container\"><div class=\"vc_column-inner\"><div class=\"wpb_wrapper\">[vc_btn title=&#8221;QUESTIONARIO ANAMNESTICO&#8221; color=&#8221;juicy-pink&#8221; align=&#8221;center&#8221; i_icon_fontawesome=&#8221;&#8221; css=&#8221;&#8221; button_block=&#8221;true&#8221; add_icon=&#8221;true&#8221; link=&#8221;url:https%3A%2F%2Fwww.clinicamerli.it%2Fmerli%2Fanamnesi-medica%2F|title:Questionario%20anamnestico%20e%20triage&#8221;][vc_btn title=&#8221;WHATSAPP 378 307 2825&#8243; color=&#8221;green&#8221; align=&#8221;center&#8221; i_icon_fontawesome=&#8221;&#8221; css=&#8221;&#8221; button_block=&#8221;true&#8221; add_icon=&#8221;true&#8221; link=&#8221;url:https%3A%2F%2Fapi.whatsapp.com%2Fsend%3Fphone%3D393783072825|title:WHATSAPP%20378%20307%202825&#8243;][vc_btn title=&#8221;MAIL segreteria@clinicamerli.it&#8221; color=&#8221;sky&#8221; align=&#8221;center&#8221; i_icon_fontawesome=&#8221;&#8221; css=&#8221;&#8221; button_block=&#8221;true&#8221; add_icon=&#8221;true&#8221; link=&#8221;url:mailto%3Asegreteria%40clinicamerli.it|title:MAIL%20segreteria%40clinicamerli.it||&#8221;]<\/div><\/div><\/div><\/div><\/div><\/section><section class=\"l-section wpb_row height_small\"><div class=\"l-section-h i-cf\"><div class=\"g-cols vc_row via_flex valign_top type_default stacking_default\"><div class=\"vc_col-sm-12 wpb_column vc_column_container\"><div class=\"vc_column-inner\"><div class=\"wpb_wrapper\">[vc_empty_space height=&#8221;80px&#8221;][vc_cta h2=&#8221;URGENZE&#8221; h2_font_container=&#8221;tag:h3|text_align:center&#8221; h2_use_theme_fonts=&#8221;yes&#8221; h4_font_container=&#8221;tag:h5|text_align:center&#8221; h4_use_theme_fonts=&#8221;yes&#8221; txt_align=&#8221;center&#8221; style=&#8221;outline&#8221; color=&#8221;black&#8221; add_button=&#8221;bottom&#8221; btn_title=&#8221;CONTATTACI SUBITO&#8221; btn_style=&#8221;outline-custom&#8221; btn_outline_custom_color=&#8221;#E16A02&#8243; btn_outline_custom_hover_background=&#8221;#E16A02&#8243; btn_size=&#8221;sm&#8221; btn_align=&#8221;center&#8221; css=&#8221;&#8221; use_custom_fonts_h2=&#8221;true&#8221; use_custom_fonts_h4=&#8221;true&#8221; btn_custom_onclick=&#8221;true&#8221; btn_link=&#8221;url:http%3A%2F%2Fwww.clinicamerli.it%2Fmerli%2Fpronto-soccorso-odontoiatrico-privato%2F||&#8221;]\n<h6 style=\"text-align: center;\">Pronto Soccorso Odontoiatrico Privato tel. <a href=\"tel:+390541309786\">0541 309786<\/a> (solo per urgenze mediche)<\/h6>\n<p style=\"text-align: center;\"><span style=\"color: #000000;\">Aperto il SABATO dalle 08.30 alle ore 14.30 (ingresso secondario)<\/span><\/p>\n[\/vc_cta]<\/div><\/div><\/div><\/div><\/div><\/section><section class=\"l-section wpb_row height_small width_full\" id=\"prenota\"><div class=\"l-section-h i-cf\"><div class=\"g-cols vc_row via_flex valign_top type_default stacking_default\"><div class=\"vc_col-sm-12 wpb_column vc_column_container\"><div class=\"vc_column-inner\"><div class=\"wpb_wrapper\">[vc_separator border_width=&#8221;2&#8243; css=&#8221;&#8221;][vc_empty_space height=&#8221;50px&#8221;]<\/div><\/div><\/div><\/div><\/div><\/section><section class=\"l-section wpb_row height_auto\"><div class=\"l-section-h i-cf\"><div class=\"g-cols vc_row via_flex valign_top type_default stacking_default\"><div class=\"vc_col-sm-6 wpb_column vc_column_container\"><div class=\"vc_column-inner\"><div class=\"wpb_wrapper\">[vc_empty_space height=&#8221;30px&#8221;]<div class=\"wpb_text_column\"><div class=\"wpb_wrapper\"><h3 style=\"text-align: left;\">Prenota una visita e scegli la sede<\/h3>\n<\/div><\/div><\/div><\/div><\/div><div class=\"vc_col-sm-6 wpb_column vc_column_container\"><div class=\"vc_column-inner\"><div class=\"wpb_wrapper\"><div class=\"w-hwrapper valign_top align_center\"><div class=\"w-iconbox iconpos_top style_default color_primary align_center\"><div class=\"w-iconbox-icon\" style=\"font-size:2rem;\"><i class=\"fas fa-map-marker-alt\"><\/i><\/div><div class=\"w-iconbox-meta\"><h6 class=\"w-iconbox-title\">RIMINI<\/h6><div class=\"w-iconbox-text\"><p><a href=\"tel:+39054152025\">0541 52025<\/a><\/p>\n<\/div><\/div><\/div><div class=\"w-iconbox iconpos_top style_default color_primary align_center\"><div class=\"w-iconbox-icon\" style=\"font-size:2rem;\"><i class=\"fas fa-comments\"><\/i><\/div><div class=\"w-iconbox-meta\"><h6 class=\"w-iconbox-title\">RIMINI WhatsApp<\/h6><div class=\"w-iconbox-text\"><p><a href=\"https:\/\/api.whatsapp.com\/send?phone=393783072825\">378 307 2825<\/a><\/p>\n<\/div><\/div><\/div><div class=\"w-iconbox iconpos_top style_default color_primary align_center\"><div class=\"w-iconbox-icon\" style=\"font-size:2rem;\"><i class=\"fas fa-map-marker-alt\"><\/i><\/div><div class=\"w-iconbox-meta\"><h6 class=\"w-iconbox-title\">MORCIANO DI ROMAGNA<\/h6><div class=\"w-iconbox-text\"><p><a href=\"tel:+390541988255\">0541 988255<\/a><\/p>\n<\/div><\/div><\/div><div class=\"w-iconbox iconpos_top style_default color_primary align_center\"><div class=\"w-iconbox-icon\" style=\"font-size:2rem;\"><i class=\"fas fa-map-marker-alt\"><\/i><\/div><div class=\"w-iconbox-meta\"><h6 class=\"w-iconbox-title\">FORL\u00cc<\/h6><div class=\"w-iconbox-text\"><p><a href=\"tel:+390543723247\">0543 723247<\/a><\/p>\n<\/div><\/div><\/div><\/div><\/div><\/div><\/div><\/div><\/div><\/section><section class=\"l-section wpb_row height_small\"><div class=\"l-section-h i-cf\"><div class=\"g-cols vc_row via_flex valign_top type_default stacking_default\"><div class=\"vc_col-sm-12 wpb_column vc_column_container\"><div class=\"vc_column-inner\"><div class=\"wpb_wrapper\">[vc_cta h2=&#8221;&#8221; h2_font_container=&#8221;tag:h3|text_align:left&#8221; h2_use_theme_fonts=&#8221;yes&#8221; h4_font_container=&#8221;tag:h4|text_align:left&#8221; h4_use_theme_fonts=&#8221;yes&#8221; style=&#8221;outline&#8221; color=&#8221;white&#8221; css=&#8221;&#8221; use_custom_fonts_h2=&#8221;true&#8221; use_custom_fonts_h4=&#8221;true&#8221;]\n<div class=\"wpcf7 no-js\" id=\"wpcf7-f5-o1\" lang=\"it-IT\" dir=\"ltr\" data-wpcf7-id=\"5\">\n<div class=\"screen-reader-response\"><p role=\"status\" aria-live=\"polite\" aria-atomic=\"true\"><\/p> <ul><\/ul><\/div>\n<form action=\"\/merli\/wp-json\/wp\/v2\/pages\/2606#wpcf7-f5-o1\" method=\"post\" class=\"wpcf7-form init\" aria-label=\"Modulo di contatto\" novalidate=\"novalidate\" data-status=\"init\">\n<fieldset class=\"hidden-fields-container\"><input type=\"hidden\" name=\"_wpcf7\" value=\"5\" \/><input type=\"hidden\" name=\"_wpcf7_version\" value=\"6.1.5\" \/><input type=\"hidden\" name=\"_wpcf7_locale\" value=\"it_IT\" \/><input type=\"hidden\" name=\"_wpcf7_unit_tag\" value=\"wpcf7-f5-o1\" \/><input type=\"hidden\" name=\"_wpcf7_container_post\" value=\"0\" \/><input type=\"hidden\" name=\"_wpcf7_posted_data_hash\" value=\"\" \/>\n<\/fieldset>\n<p><strong>PER QUALE SEDE CI CONTATTA?<\/strong>\n<\/p>\n<p><span class=\"wpcf7-form-control-wrap\" data-name=\"checkbox-150\"><span class=\"wpcf7-form-control wpcf7-checkbox wpcf7-validates-as-required wpcf7-exclusive-checkbox\"><span class=\"wpcf7-list-item first\"><input type=\"checkbox\" name=\"checkbox-150\" value=\"RIMINI\" \/><span class=\"wpcf7-list-item-label\">RIMINI<\/span><\/span><span class=\"wpcf7-list-item\"><input type=\"checkbox\" name=\"checkbox-150\" value=\"FORL\u00cc\" \/><span class=\"wpcf7-list-item-label\">FORL\u00cc<\/span><\/span><span class=\"wpcf7-list-item last\"><input type=\"checkbox\" name=\"checkbox-150\" value=\"MORCIANO DI ROMAGNA\" \/><span class=\"wpcf7-list-item-label\">MORCIANO DI ROMAGNA<\/span><\/span><\/span><\/span>\n<\/p>\n<p><span class=\"wpcf7-form-control-wrap\" data-name=\"your-name\"><input size=\"40\" maxlength=\"400\" class=\"wpcf7-form-control wpcf7-text wpcf7-validates-as-required\" aria-required=\"true\" aria-invalid=\"false\" placeholder=\"Cognome e Nome\" value=\"\" type=\"text\" name=\"your-name\" \/><\/span>\n<\/p>\n<p><span class=\"wpcf7-form-control-wrap\" data-name=\"your-tel\"><input size=\"40\" maxlength=\"400\" class=\"wpcf7-form-control wpcf7-tel wpcf7-validates-as-required wpcf7-text wpcf7-validates-as-tel\" aria-required=\"true\" aria-invalid=\"false\" placeholder=\"Numero di telefono\" value=\"\" type=\"tel\" name=\"your-tel\" \/><\/span>\n<\/p>\n<p><span class=\"wpcf7-form-control-wrap\" data-name=\"your-email\"><input size=\"40\" maxlength=\"400\" class=\"wpcf7-form-control wpcf7-email wpcf7-validates-as-required wpcf7-text wpcf7-validates-as-email\" aria-required=\"true\" aria-invalid=\"false\" placeholder=\"Mail\" value=\"\" type=\"email\" name=\"your-email\" \/><\/span>\n<\/p>\n<p><span class=\"wpcf7-form-control-wrap\" data-name=\"your-message\"><textarea cols=\"40\" rows=\"10\" maxlength=\"2000\" class=\"wpcf7-form-control wpcf7-textarea wpcf7-validates-as-required\" aria-required=\"true\" aria-invalid=\"false\" placeholder=\"Messaggio\" name=\"your-message\"><\/textarea><\/span>\n<\/p>\n<p><span class=\"wpcf7-form-control-wrap\" data-name=\"checkbox-377\"><span class=\"wpcf7-form-control wpcf7-checkbox wpcf7-validates-as-required\"><span class=\"wpcf7-list-item first last\"><input type=\"checkbox\" name=\"checkbox-377[]\" value=\"Ho preso visione ed acconsento al trattamento dei dati:\" \/><span class=\"wpcf7-list-item-label\">Ho preso visione ed acconsento al trattamento dei dati:<\/span><\/span><\/span><\/span><a href=\"https:\/\/www.clinicamerli.it\/merli\/privacy-policy\/\">privacy policy<\/a>\n<\/p>\n<p><input class=\"wpcf7-form-control wpcf7-submit has-spinner\" type=\"submit\" value=\"INVIA RICHIESTA\" \/>\n<\/p><div class=\"wpcf7-response-output\" aria-hidden=\"true\"><\/div>\n<\/form>\n<\/div>\n[\/vc_cta][vc_empty_space height=&#8221;30px&#8221;]<\/div><\/div><\/div><\/div><\/div><\/section>\n","protected":false},"excerpt":{"rendered":"ENDODONZIA L\u2019endodonzia si occupa della diagnosi e del trattamento dei processi patologici a carico della polpa dentaria radicolare Quando il dente subisce un danno irreversibile al nervo, causato da carie o evento traumatico si esegue un trattamento canalare (chiamato devitalizzazione). Per eseguire una corretta cura canalare si deve accedere ai canali radicolari per poter detergere,...","protected":false},"author":2,"featured_media":6452,"parent":0,"menu_order":0,"comment_status":"closed","ping_status":"closed","template":"","meta":{"footnotes":"","_links_to":"","_links_to_target":""},"class_list":["post-2606","page","type-page","status-publish","has-post-thumbnail","hentry"],"yoast_head":"<!-- This site is optimized with the Yoast SEO plugin v27.5 - https:\/\/yoast.com\/product\/yoast-seo-wordpress\/ -->\n<title>Clinica Merli \u2022 Dentista Rimini \u2022 qualificati in tutte le specialistiche odontoiatriche<\/title>\n<meta name=\"description\" content=\"Dentista Rimini, Morciano e Forl\u00ec: un\u2019equipe qualificata in tutte le specializzazioni odontoiatriche. La cura che nasce dall\u2019idea di famiglia.\" \/>\n<meta name=\"robots\" content=\"index, follow, max-snippet:-1, max-image-preview:large, max-video-preview:-1\" \/>\n<link rel=\"canonical\" href=\"https:\/\/www.clinicamerli.it\/merli\/\" \/>\n<meta property=\"og:locale\" content=\"it_IT\" \/>\n<meta property=\"og:type\" content=\"article\" \/>\n<meta property=\"og:title\" content=\"Clinica Merli \u2022 Dentista Rimini \u2022 qualificati in tutte le specialistiche odontoiatriche\" \/>\n<meta property=\"og:description\" content=\"Dentista Rimini, Morciano e Forl\u00ec: un\u2019equipe qualificata in tutte le specializzazioni odontoiatriche. La cura che nasce dall\u2019idea di famiglia.\" \/>\n<meta property=\"og:url\" content=\"https:\/\/www.clinicamerli.it\/merli\/\" \/>\n<meta property=\"og:site_name\" content=\"Clinica Merli\" \/>\n<meta property=\"article:publisher\" content=\"https:\/\/www.facebook.com\/clinica.merli\/\" \/>\n<meta property=\"article:modified_time\" content=\"2026-04-23T08:37:31+00:00\" \/>\n<meta property=\"og:image\" content=\"https:\/\/www.clinicamerli.it\/merli\/wp-content\/uploads\/2022\/11\/gruppo-2019-Clinica-Merli-2c.jpg\" \/>\n\t<meta property=\"og:image:width\" content=\"1280\" \/>\n\t<meta property=\"og:image:height\" content=\"700\" \/>\n\t<meta property=\"og:image:type\" content=\"image\/jpeg\" \/>\n<meta name=\"twitter:card\" content=\"summary_large_image\" \/>\n<meta name=\"twitter:label1\" content=\"Tempo di lettura stimato\" \/>\n\t<meta name=\"twitter:data1\" content=\"8 minuti\" \/>\n<script type=\"application\/ld+json\" class=\"yoast-schema-graph\">{\"@context\":\"https:\\\/\\\/schema.org\",\"@graph\":[{\"@type\":\"WebPage\",\"@id\":\"https:\\\/\\\/www.clinicamerli.it\\\/merli\\\/\",\"url\":\"https:\\\/\\\/www.clinicamerli.it\\\/merli\\\/\",\"name\":\"Clinica Merli \u2022 Dentista Rimini \u2022 qualificati in tutte le specialistiche odontoiatriche\",\"isPartOf\":{\"@id\":\"https:\\\/\\\/www.clinicamerli.it\\\/merli\\\/#website\"},\"primaryImageOfPage\":{\"@id\":\"https:\\\/\\\/www.clinicamerli.it\\\/merli\\\/#primaryimage\"},\"image\":{\"@id\":\"https:\\\/\\\/www.clinicamerli.it\\\/merli\\\/#primaryimage\"},\"thumbnailUrl\":\"https:\\\/\\\/www.clinicamerli.it\\\/merli\\\/wp-content\\\/uploads\\\/2022\\\/11\\\/gruppo-2019-Clinica-Merli-2c.jpg\",\"datePublished\":\"2018-10-08T12:48:34+00:00\",\"dateModified\":\"2026-04-23T08:37:31+00:00\",\"description\":\"Dentista Rimini, Morciano e Forl\u00ec: un\u2019equipe qualificata in tutte le specializzazioni odontoiatriche. La cura che nasce dall\u2019idea di famiglia.\",\"breadcrumb\":{\"@id\":\"https:\\\/\\\/www.clinicamerli.it\\\/merli\\\/#breadcrumb\"},\"inLanguage\":\"it-IT\",\"potentialAction\":[{\"@type\":\"ReadAction\",\"target\":[\"https:\\\/\\\/www.clinicamerli.it\\\/merli\\\/\"]}]},{\"@type\":\"ImageObject\",\"inLanguage\":\"it-IT\",\"@id\":\"https:\\\/\\\/www.clinicamerli.it\\\/merli\\\/#primaryimage\",\"url\":\"https:\\\/\\\/www.clinicamerli.it\\\/merli\\\/wp-content\\\/uploads\\\/2022\\\/11\\\/gruppo-2019-Clinica-Merli-2c.jpg\",\"contentUrl\":\"https:\\\/\\\/www.clinicamerli.it\\\/merli\\\/wp-content\\\/uploads\\\/2022\\\/11\\\/gruppo-2019-Clinica-Merli-2c.jpg\",\"width\":1280,\"height\":700},{\"@type\":\"BreadcrumbList\",\"@id\":\"https:\\\/\\\/www.clinicamerli.it\\\/merli\\\/#breadcrumb\",\"itemListElement\":[{\"@type\":\"ListItem\",\"position\":1,\"name\":\"Home\",\"item\":\"https:\\\/\\\/www.clinicamerli.it\\\/merli\\\/\"},{\"@type\":\"ListItem\",\"position\":2,\"name\":\"HOME\"}]},{\"@type\":\"WebSite\",\"@id\":\"https:\\\/\\\/www.clinicamerli.it\\\/merli\\\/#website\",\"url\":\"https:\\\/\\\/www.clinicamerli.it\\\/merli\\\/\",\"name\":\"Clinica Merli\",\"description\":\"Sorridi\",\"publisher\":{\"@id\":\"https:\\\/\\\/www.clinicamerli.it\\\/merli\\\/#organization\"},\"potentialAction\":[{\"@type\":\"SearchAction\",\"target\":{\"@type\":\"EntryPoint\",\"urlTemplate\":\"https:\\\/\\\/www.clinicamerli.it\\\/merli\\\/?s={search_term_string}\"},\"query-input\":{\"@type\":\"PropertyValueSpecification\",\"valueRequired\":true,\"valueName\":\"search_term_string\"}}],\"inLanguage\":\"it-IT\"},{\"@type\":\"Organization\",\"@id\":\"https:\\\/\\\/www.clinicamerli.it\\\/merli\\\/#organization\",\"name\":\"Clinica Merli\",\"url\":\"https:\\\/\\\/www.clinicamerli.it\\\/merli\\\/\",\"logo\":{\"@type\":\"ImageObject\",\"inLanguage\":\"it-IT\",\"@id\":\"https:\\\/\\\/www.clinicamerli.it\\\/merli\\\/#\\\/schema\\\/logo\\\/image\\\/\",\"url\":\"https:\\\/\\\/www.clinicamerli.it\\\/merli\\\/wp-content\\\/uploads\\\/2021\\\/01\\\/logo-Clinica-Merli-2021-small1.png\",\"contentUrl\":\"https:\\\/\\\/www.clinicamerli.it\\\/merli\\\/wp-content\\\/uploads\\\/2021\\\/01\\\/logo-Clinica-Merli-2021-small1.png\",\"width\":311,\"height\":65,\"caption\":\"Clinica Merli\"},\"image\":{\"@id\":\"https:\\\/\\\/www.clinicamerli.it\\\/merli\\\/#\\\/schema\\\/logo\\\/image\\\/\"},\"sameAs\":[\"https:\\\/\\\/www.facebook.com\\\/clinica.merli\\\/\",\"https:\\\/\\\/www.instagram.com\\\/clinica_merli\\\/\"]}]}<\/script>\n<!-- \/ Yoast SEO plugin. -->","yoast_head_json":{"title":"Clinica Merli \u2022 Dentista Rimini \u2022 qualificati in tutte le specialistiche odontoiatriche","description":"Dentista Rimini, Morciano e Forl\u00ec: un\u2019equipe qualificata in tutte le specializzazioni odontoiatriche. La cura che nasce dall\u2019idea di famiglia.","robots":{"index":"index","follow":"follow","max-snippet":"max-snippet:-1","max-image-preview":"max-image-preview:large","max-video-preview":"max-video-preview:-1"},"canonical":"https:\/\/www.clinicamerli.it\/merli\/","og_locale":"it_IT","og_type":"article","og_title":"Clinica Merli \u2022 Dentista Rimini \u2022 qualificati in tutte le specialistiche odontoiatriche","og_description":"Dentista Rimini, Morciano e Forl\u00ec: un\u2019equipe qualificata in tutte le specializzazioni odontoiatriche. La cura che nasce dall\u2019idea di famiglia.","og_url":"https:\/\/www.clinicamerli.it\/merli\/","og_site_name":"Clinica Merli","article_publisher":"https:\/\/www.facebook.com\/clinica.merli\/","article_modified_time":"2026-04-23T08:37:31+00:00","og_image":[{"width":1280,"height":700,"url":"https:\/\/www.clinicamerli.it\/merli\/wp-content\/uploads\/2022\/11\/gruppo-2019-Clinica-Merli-2c.jpg","type":"image\/jpeg"}],"twitter_card":"summary_large_image","twitter_misc":{"Tempo di lettura stimato":"8 minuti"},"schema":{"@context":"https:\/\/schema.org","@graph":[{"@type":"WebPage","@id":"https:\/\/www.clinicamerli.it\/merli\/","url":"https:\/\/www.clinicamerli.it\/merli\/","name":"Clinica Merli \u2022 Dentista Rimini \u2022 qualificati in tutte le specialistiche odontoiatriche","isPartOf":{"@id":"https:\/\/www.clinicamerli.it\/merli\/#website"},"primaryImageOfPage":{"@id":"https:\/\/www.clinicamerli.it\/merli\/#primaryimage"},"image":{"@id":"https:\/\/www.clinicamerli.it\/merli\/#primaryimage"},"thumbnailUrl":"https:\/\/www.clinicamerli.it\/merli\/wp-content\/uploads\/2022\/11\/gruppo-2019-Clinica-Merli-2c.jpg","datePublished":"2018-10-08T12:48:34+00:00","dateModified":"2026-04-23T08:37:31+00:00","description":"Dentista Rimini, Morciano e Forl\u00ec: un\u2019equipe qualificata in tutte le specializzazioni odontoiatriche. La cura che nasce dall\u2019idea di famiglia.","breadcrumb":{"@id":"https:\/\/www.clinicamerli.it\/merli\/#breadcrumb"},"inLanguage":"it-IT","potentialAction":[{"@type":"ReadAction","target":["https:\/\/www.clinicamerli.it\/merli\/"]}]},{"@type":"ImageObject","inLanguage":"it-IT","@id":"https:\/\/www.clinicamerli.it\/merli\/#primaryimage","url":"https:\/\/www.clinicamerli.it\/merli\/wp-content\/uploads\/2022\/11\/gruppo-2019-Clinica-Merli-2c.jpg","contentUrl":"https:\/\/www.clinicamerli.it\/merli\/wp-content\/uploads\/2022\/11\/gruppo-2019-Clinica-Merli-2c.jpg","width":1280,"height":700},{"@type":"BreadcrumbList","@id":"https:\/\/www.clinicamerli.it\/merli\/#breadcrumb","itemListElement":[{"@type":"ListItem","position":1,"name":"Home","item":"https:\/\/www.clinicamerli.it\/merli\/"},{"@type":"ListItem","position":2,"name":"HOME"}]},{"@type":"WebSite","@id":"https:\/\/www.clinicamerli.it\/merli\/#website","url":"https:\/\/www.clinicamerli.it\/merli\/","name":"Clinica Merli","description":"Sorridi","publisher":{"@id":"https:\/\/www.clinicamerli.it\/merli\/#organization"},"potentialAction":[{"@type":"SearchAction","target":{"@type":"EntryPoint","urlTemplate":"https:\/\/www.clinicamerli.it\/merli\/?s={search_term_string}"},"query-input":{"@type":"PropertyValueSpecification","valueRequired":true,"valueName":"search_term_string"}}],"inLanguage":"it-IT"},{"@type":"Organization","@id":"https:\/\/www.clinicamerli.it\/merli\/#organization","name":"Clinica Merli","url":"https:\/\/www.clinicamerli.it\/merli\/","logo":{"@type":"ImageObject","inLanguage":"it-IT","@id":"https:\/\/www.clinicamerli.it\/merli\/#\/schema\/logo\/image\/","url":"https:\/\/www.clinicamerli.it\/merli\/wp-content\/uploads\/2021\/01\/logo-Clinica-Merli-2021-small1.png","contentUrl":"https:\/\/www.clinicamerli.it\/merli\/wp-content\/uploads\/2021\/01\/logo-Clinica-Merli-2021-small1.png","width":311,"height":65,"caption":"Clinica Merli"},"image":{"@id":"https:\/\/www.clinicamerli.it\/merli\/#\/schema\/logo\/image\/"},"sameAs":["https:\/\/www.facebook.com\/clinica.merli\/","https:\/\/www.instagram.com\/clinica_merli\/"]}]}},"_links":{"self":[{"href":"https:\/\/www.clinicamerli.it\/merli\/wp-json\/wp\/v2\/pages\/2606","targetHints":{"allow":["GET"]}}],"collection":[{"href":"https:\/\/www.clinicamerli.it\/merli\/wp-json\/wp\/v2\/pages"}],"about":[{"href":"https:\/\/www.clinicamerli.it\/merli\/wp-json\/wp\/v2\/types\/page"}],"author":[{"embeddable":true,"href":"https:\/\/www.clinicamerli.it\/merli\/wp-json\/wp\/v2\/users\/2"}],"replies":[{"embeddable":true,"href":"https:\/\/www.clinicamerli.it\/merli\/wp-json\/wp\/v2\/comments?post=2606"}],"version-history":[{"count":477,"href":"https:\/\/www.clinicamerli.it\/merli\/wp-json\/wp\/v2\/pages\/2606\/revisions"}],"predecessor-version":[{"id":8109,"href":"https:\/\/www.clinicamerli.it\/merli\/wp-json\/wp\/v2\/pages\/2606\/revisions\/8109"}],"wp:featuredmedia":[{"embeddable":true,"href":"https:\/\/www.clinicamerli.it\/merli\/wp-json\/wp\/v2\/media\/6452"}],"wp:attachment":[{"href":"https:\/\/www.clinicamerli.it\/merli\/wp-json\/wp\/v2\/media?parent=2606"}],"curies":[{"name":"wp","href":"https:\/\/api.w.org\/{rel}","templated":true}]}}