{"id":4796,"date":"2020-09-10T14:30:47","date_gmt":"2020-09-10T12:30:47","guid":{"rendered":"https:\/\/www.clinicamerli.it\/merli\/?post_type=codeus_portfolios&#038;p=4796"},"modified":"2025-08-21T12:25:02","modified_gmt":"2025-08-21T10:25:02","slug":"se-i-denti-sono-sensibili","status":"publish","type":"portfolios","link":"https:\/\/www.clinicamerli.it\/merli\/portfolios\/se-i-denti-sono-sensibili\/","title":{"rendered":"Se i denti sono sensibili"},"content":{"rendered":"<section class=\"l-section wpb_row height_small full_height valign_center width_full with_img with_slider\"><div class=\"l-section-img\" role=\"img\" aria-label=\"Immagine\" data-img-width=\"1280\" data-img-height=\"907\" style=\"background-image: url(https:\/\/www.clinicamerli.it\/merli\/wp-content\/uploads\/2020\/09\/denti-sensibili-Clinica-Merli.jpg);background-size: contain;\"><\/div><div class=\"l-section-slider\"><div class=\"w-slider style_none fit_cover nav_none count_1\"><div class=\"w-slider-h\" aria-hidden=\"true\"><div class=\"royalSlider\"><div class=\"rsContent\"><a class=\"rsImg\" data-rsw=\"1280\" data-rsh=\"907\" href=\"https:\/\/www.clinicamerli.it\/merli\/wp-content\/uploads\/2020\/09\/denti-sensibili-Clinica-Merli.jpg\"><span data-alt=\"\"><\/span><\/a><\/div><\/div><img decoding=\"async\" src=\"https:\/\/www.clinicamerli.it\/merli\/wp-content\/uploads\/2020\/09\/denti-sensibili-Clinica-Merli.jpg\" width=\"1280\" height=\"907\" alt loading=\"lazy\"><\/div><div class=\"w-slider-json\" onclick='return {&quot;autoScaleSlider&quot;:true,&quot;addActiveClass&quot;:true,&quot;loop&quot;:true,&quot;fadeInLoadedSlide&quot;:false,&quot;slidesSpacing&quot;:0,&quot;imageScalePadding&quot;:0,&quot;numImagesToPreload&quot;:2,&quot;arrowsNav&quot;:false,&quot;arrowsNavAutoHide&quot;:false,&quot;transitionType&quot;:&quot;move&quot;,&quot;transitionSpeed&quot;:1000,&quot;block&quot;:{&quot;moveEffect&quot;:&quot;none&quot;,&quot;speed&quot;:300},&quot;thumbs&quot;:{&quot;fitInViewport&quot;:false,&quot;firstMargin&quot;:false,&quot;spacing&quot;:4},&quot;controlNavigation&quot;:&quot;none&quot;,&quot;autoplay&quot;:{&quot;enabled&quot;:true,&quot;pauseOnHover&quot;:false,&quot;delay&quot;:3000},&quot;autoScaleSliderWidth&quot;:1280,&quot;autoScaleSliderHeight&quot;:907}'><\/div><\/div><\/div><div class=\"l-section-overlay\" style=\"background:var(--color-header-top-transparent-bg)\"><\/div><div class=\"l-section-h i-cf\"><div class=\"g-cols vc_row via_flex valign_top type_default stacking_default\"><div class=\"vc_col-sm-2 wpb_column vc_column_container\"><div class=\"vc_column-inner\"><div class=\"wpb_wrapper\"><\/div><\/div><\/div><div class=\"vc_col-sm-8 wpb_column vc_column_container\"><div class=\"vc_column-inner\"><div class=\"wpb_wrapper\"><div class=\"wpb_text_column us_custom_08195001 has_text_color\"><div class=\"wpb_wrapper\"><p style=\"text-align: center;\">SE I DENTI SONO SENSIBILI<\/p>\n<\/div><\/div><div class=\"wpb_text_column us_custom_187b8740 has_text_color\"><div class=\"wpb_wrapper\"><p style=\"text-align: center;\">Le cause della sensibilit\u00e0 dentale, la valutazione e il trattamento<\/p>\n<\/div><\/div><\/div><\/div><\/div><div class=\"vc_col-sm-2 wpb_column vc_column_container\"><div class=\"vc_column-inner\"><div class=\"wpb_wrapper\"><\/div><\/div><\/div><\/div><\/div><\/section><section class=\"l-section wpb_row height_small\"><div class=\"l-section-h i-cf\"><div class=\"g-cols vc_row via_flex valign_top type_default stacking_default\"><div class=\"vc_col-sm-12 wpb_column vc_column_container\"><div class=\"vc_column-inner\"><div class=\"wpb_wrapper\"><div class=\"wpb_text_column\"><div class=\"wpb_wrapper\"><p>Molte persone, specialmente tra i 40 e i 50 anni, possono accusare <strong>un fastidio o anche un dolore<\/strong> quando cibi dolci o acidi oppure caldi o freddi vengono a contatto con le zone del colletto dei denti: <strong>i denti sono in pratica diventati molto sensibili<\/strong>, o per meglio dire, si soffre di un disturbo noto come <strong>ipersensibilit\u00e0 dentinale<\/strong>.<\/p>\n<h5>Le cause della sensibilit\u00e0<\/h5>\n<p>Il dente diventa sensibile quando <strong>la dentina \u00e8 esposta<\/strong>, cio\u00e8 non \u00e8 pi\u00f9 ricoperta dallo smalto o dal cemento e dalla gengiva. In questa situazione, attraverso i tubuli dentinali (piccole gallerie che percorrono la dentina), l\u2019ambiente orale viene messo in contatto con il nervo (polpa), che \u00e8 la parte sensibile del dente, <strong>provocando dolore<\/strong>.<br \/>\nI fattori che determinano l\u2019esposizione della dentina e, di conseguenza, la sensibilit\u00e0, sono molti:<\/p>\n<ul>\n<li><strong>Un errato spazzolamento dei denti<\/strong> insieme all\u2019uso di <strong>dentifrici troppo abrasivi<\/strong> pu\u00f2 provocare l\u2019esposizione della dentina attraverso l\u2019usura dello smalto (abrasione) e la retrazione del margine gengivale (recessione gengivale)<\/li>\n<li><strong>l\u2019assunzione frequente di bevande o cibi acidi<\/strong> (spremute di arancia o pompelmo, succhi di frutta, bibite, yogurt) pu\u00f2 provocare lesioni dello smalto, specialmente se li si consuma freddi o prima di coricarsi<\/li>\n<li>lo stesso effetto pu\u00f2 essere determinato da tutti i disturbi che provocano un <strong>reflusso acido dallo stomaco o dal vomito<\/strong> frequente tipico dei disturbi alimentari (anoressia e bulimia) e della gravidanza<\/li>\n<\/ul>\n<h5>Valutazione e trattamento<\/h5>\n<p>Il dentista pu\u00f2 valutare la <strong>causa dell\u2019ipersensibilit\u00e0<\/strong> e proporre la cura pi\u00f9 appropriata alle varie situazioni.<br \/>\nMolto spesso la cura si basa su semplici raccomandazioni che possono essere adottate facilmente a casa:<\/p>\n<ul>\n<li>seguire un corretto programma di <strong>igiene orale<\/strong><\/li>\n<li>utilizzare <strong>dentifrici poco abrasivi<\/strong> e al fluoro<\/li>\n<li>applicare <strong>minor forza<\/strong> allo spazzolamento<\/li>\n<li>limitare l\u2019assunzione di <strong>bevande acide<\/strong><\/li>\n<\/ul>\n<\/div><\/div><\/div><\/div><\/div><\/div><\/div><\/section><section class=\"l-section wpb_row height_small\"><div class=\"l-section-h i-cf\"><div class=\"g-cols vc_row via_flex valign_top type_default stacking_default\"><div class=\"vc_col-sm-4 wpb_column vc_column_container\"><div class=\"vc_column-inner\"><div class=\"wpb_wrapper\">[vc_single_image image=&#8221;860&#8243; img_size=&#8221;full&#8221; alignment=&#8221;center&#8221;]<div class=\"wpb_text_column\"><div class=\"wpb_wrapper\"><p style=\"text-align: center;\">Un dente sano in sezione. Si pu\u00f2 notare lo smalto che ricopre la dentina.<\/p>\n<\/div><\/div><\/div><\/div><\/div><div class=\"vc_col-sm-4 wpb_column vc_column_container\"><div class=\"vc_column-inner\"><div class=\"wpb_wrapper\">[vc_single_image image=&#8221;859&#8243; img_size=&#8221;full&#8221; alignment=&#8221;center&#8221;]<div class=\"wpb_text_column\"><div class=\"wpb_wrapper\"><p style=\"text-align: center;\">La retrazione del margine gengivale lascia scoperta la dentina e provoca sensibilit\u00e0.<\/p>\n<\/div><\/div><\/div><\/div><\/div><div class=\"vc_col-sm-4 wpb_column vc_column_container\"><div class=\"vc_column-inner\"><div class=\"wpb_wrapper\">[vc_single_image image=&#8221;858&#8243; img_size=&#8221;full&#8221; alignment=&#8221;center&#8221;]<div class=\"wpb_text_column\"><div class=\"wpb_wrapper\"><p style=\"text-align: center;\">Per scegliere il dentifricio pi\u00f9 adatto \u00e8 meglio farsi consigliare dal dentista.<\/p>\n<\/div><\/div><\/div><\/div><\/div><\/div><\/div><\/section><section class=\"l-section wpb_row height_small\"><div class=\"l-section-h i-cf\"><div class=\"g-cols vc_row via_flex valign_top type_default stacking_default\"><div class=\"vc_col-sm-12 wpb_column vc_column_container\"><div class=\"vc_column-inner\"><div class=\"wpb_wrapper\"><div class=\"wpb_text_column\"><div class=\"wpb_wrapper\"><p><em>Altre volte la cura pu\u00f2 richiedere trattamenti con sostanze desensibilizzanti ad azione topica o terapie restaurative o parodontali che verranno effettuati dal dentista.<\/em><\/p>\n<\/div><\/div><\/div><\/div><\/div><\/div><\/div><\/section>\n","protected":false},"featured_media":7898,"menu_order":640,"template":"","meta":{"_links_to":"","_links_to_target":""},"categories":[72,73,74,77,78,79,80],"class_list":["post-4796","portfolios","type-portfolios","status-publish","has-post-thumbnail","hentry","category-portfolios-conservativa","category-portfolios-endodonzia","category-portfolios-dolore-dente","category-portfolios-igiene-orale","category-portfolios-gengiva","category-portfolios-prevenzione","category-portfolios-odontoiatria-pediatrica"],"yoast_head":"<!-- This site is optimized with the Yoast SEO plugin v27.5 - https:\/\/yoast.com\/product\/yoast-seo-wordpress\/ -->\n<title>Se i denti sono sensibili - Clinica Merli<\/title>\n<meta name=\"description\" content=\"Le cause della sensibilit\u00e0 dentale, la valutazione e il trattamento\" \/>\n<meta name=\"robots\" content=\"index, follow, max-snippet:-1, max-image-preview:large, max-video-preview:-1\" \/>\n<link rel=\"canonical\" href=\"https:\/\/www.clinicamerli.it\/merli\/portfolios\/se-i-denti-sono-sensibili\/\" \/>\n<meta property=\"og:locale\" content=\"it_IT\" \/>\n<meta property=\"og:type\" content=\"article\" \/>\n<meta property=\"og:title\" content=\"Se i denti sono sensibili - Clinica Merli\" \/>\n<meta property=\"og:description\" content=\"Le cause della sensibilit\u00e0 dentale, la valutazione e il trattamento\" \/>\n<meta property=\"og:url\" content=\"https:\/\/www.clinicamerli.it\/merli\/portfolios\/se-i-denti-sono-sensibili\/\" \/>\n<meta property=\"og:site_name\" content=\"Clinica Merli\" \/>\n<meta property=\"article:publisher\" content=\"https:\/\/www.facebook.com\/clinica.merli\/\" \/>\n<meta property=\"article:modified_time\" content=\"2025-08-21T10:25:02+00:00\" \/>\n<meta property=\"og:image\" content=\"https:\/\/www.clinicamerli.it\/merli\/wp-content\/uploads\/2020\/09\/denti-sensibili-Clinica-Merli.jpg\" \/>\n\t<meta property=\"og:image:width\" content=\"1280\" \/>\n\t<meta property=\"og:image:height\" content=\"907\" \/>\n\t<meta property=\"og:image:type\" content=\"image\/jpeg\" \/>\n<meta name=\"twitter:card\" content=\"summary_large_image\" \/>\n<meta name=\"twitter:label1\" content=\"Tempo di lettura stimato\" \/>\n\t<meta name=\"twitter:data1\" content=\"3 minuti\" \/>\n<script type=\"application\/ld+json\" class=\"yoast-schema-graph\">{\"@context\":\"https:\\\/\\\/schema.org\",\"@graph\":[{\"@type\":\"WebPage\",\"@id\":\"https:\\\/\\\/www.clinicamerli.it\\\/merli\\\/portfolios\\\/se-i-denti-sono-sensibili\\\/\",\"url\":\"https:\\\/\\\/www.clinicamerli.it\\\/merli\\\/portfolios\\\/se-i-denti-sono-sensibili\\\/\",\"name\":\"Se i denti sono sensibili - Clinica Merli\",\"isPartOf\":{\"@id\":\"https:\\\/\\\/www.clinicamerli.it\\\/merli\\\/#website\"},\"primaryImageOfPage\":{\"@id\":\"https:\\\/\\\/www.clinicamerli.it\\\/merli\\\/portfolios\\\/se-i-denti-sono-sensibili\\\/#primaryimage\"},\"image\":{\"@id\":\"https:\\\/\\\/www.clinicamerli.it\\\/merli\\\/portfolios\\\/se-i-denti-sono-sensibili\\\/#primaryimage\"},\"thumbnailUrl\":\"https:\\\/\\\/www.clinicamerli.it\\\/merli\\\/wp-content\\\/uploads\\\/2020\\\/09\\\/denti-sensibili-Clinica-Merli.jpg\",\"datePublished\":\"2020-09-10T12:30:47+00:00\",\"dateModified\":\"2025-08-21T10:25:02+00:00\",\"description\":\"Le cause della sensibilit\u00e0 dentale, la valutazione e il trattamento\",\"breadcrumb\":{\"@id\":\"https:\\\/\\\/www.clinicamerli.it\\\/merli\\\/portfolios\\\/se-i-denti-sono-sensibili\\\/#breadcrumb\"},\"inLanguage\":\"it-IT\",\"potentialAction\":[{\"@type\":\"ReadAction\",\"target\":[\"https:\\\/\\\/www.clinicamerli.it\\\/merli\\\/portfolios\\\/se-i-denti-sono-sensibili\\\/\"]}]},{\"@type\":\"ImageObject\",\"inLanguage\":\"it-IT\",\"@id\":\"https:\\\/\\\/www.clinicamerli.it\\\/merli\\\/portfolios\\\/se-i-denti-sono-sensibili\\\/#primaryimage\",\"url\":\"https:\\\/\\\/www.clinicamerli.it\\\/merli\\\/wp-content\\\/uploads\\\/2020\\\/09\\\/denti-sensibili-Clinica-Merli.jpg\",\"contentUrl\":\"https:\\\/\\\/www.clinicamerli.it\\\/merli\\\/wp-content\\\/uploads\\\/2020\\\/09\\\/denti-sensibili-Clinica-Merli.jpg\",\"width\":1280,\"height\":907},{\"@type\":\"BreadcrumbList\",\"@id\":\"https:\\\/\\\/www.clinicamerli.it\\\/merli\\\/portfolios\\\/se-i-denti-sono-sensibili\\\/#breadcrumb\",\"itemListElement\":[{\"@type\":\"ListItem\",\"position\":1,\"name\":\"Home\",\"item\":\"https:\\\/\\\/www.clinicamerli.it\\\/merli\\\/\"},{\"@type\":\"ListItem\",\"position\":2,\"name\":\"Se i denti sono sensibili\"}]},{\"@type\":\"WebSite\",\"@id\":\"https:\\\/\\\/www.clinicamerli.it\\\/merli\\\/#website\",\"url\":\"https:\\\/\\\/www.clinicamerli.it\\\/merli\\\/\",\"name\":\"Clinica Merli\",\"description\":\"Sorridi\",\"publisher\":{\"@id\":\"https:\\\/\\\/www.clinicamerli.it\\\/merli\\\/#organization\"},\"potentialAction\":[{\"@type\":\"SearchAction\",\"target\":{\"@type\":\"EntryPoint\",\"urlTemplate\":\"https:\\\/\\\/www.clinicamerli.it\\\/merli\\\/?s={search_term_string}\"},\"query-input\":{\"@type\":\"PropertyValueSpecification\",\"valueRequired\":true,\"valueName\":\"search_term_string\"}}],\"inLanguage\":\"it-IT\"},{\"@type\":\"Organization\",\"@id\":\"https:\\\/\\\/www.clinicamerli.it\\\/merli\\\/#organization\",\"name\":\"Clinica Merli\",\"url\":\"https:\\\/\\\/www.clinicamerli.it\\\/merli\\\/\",\"logo\":{\"@type\":\"ImageObject\",\"inLanguage\":\"it-IT\",\"@id\":\"https:\\\/\\\/www.clinicamerli.it\\\/merli\\\/#\\\/schema\\\/logo\\\/image\\\/\",\"url\":\"https:\\\/\\\/www.clinicamerli.it\\\/merli\\\/wp-content\\\/uploads\\\/2021\\\/01\\\/logo-Clinica-Merli-2021-small1.png\",\"contentUrl\":\"https:\\\/\\\/www.clinicamerli.it\\\/merli\\\/wp-content\\\/uploads\\\/2021\\\/01\\\/logo-Clinica-Merli-2021-small1.png\",\"width\":311,\"height\":65,\"caption\":\"Clinica Merli\"},\"image\":{\"@id\":\"https:\\\/\\\/www.clinicamerli.it\\\/merli\\\/#\\\/schema\\\/logo\\\/image\\\/\"},\"sameAs\":[\"https:\\\/\\\/www.facebook.com\\\/clinica.merli\\\/\",\"https:\\\/\\\/www.instagram.com\\\/clinica_merli\\\/\"]}]}<\/script>\n<!-- \/ Yoast SEO plugin. -->","yoast_head_json":{"title":"Se i denti sono sensibili - Clinica Merli","description":"Le cause della sensibilit\u00e0 dentale, la valutazione e il trattamento","robots":{"index":"index","follow":"follow","max-snippet":"max-snippet:-1","max-image-preview":"max-image-preview:large","max-video-preview":"max-video-preview:-1"},"canonical":"https:\/\/www.clinicamerli.it\/merli\/portfolios\/se-i-denti-sono-sensibili\/","og_locale":"it_IT","og_type":"article","og_title":"Se i denti sono sensibili - Clinica Merli","og_description":"Le cause della sensibilit\u00e0 dentale, la valutazione e il trattamento","og_url":"https:\/\/www.clinicamerli.it\/merli\/portfolios\/se-i-denti-sono-sensibili\/","og_site_name":"Clinica Merli","article_publisher":"https:\/\/www.facebook.com\/clinica.merli\/","article_modified_time":"2025-08-21T10:25:02+00:00","og_image":[{"width":1280,"height":907,"url":"https:\/\/www.clinicamerli.it\/merli\/wp-content\/uploads\/2020\/09\/denti-sensibili-Clinica-Merli.jpg","type":"image\/jpeg"}],"twitter_card":"summary_large_image","twitter_misc":{"Tempo di lettura stimato":"3 minuti"},"schema":{"@context":"https:\/\/schema.org","@graph":[{"@type":"WebPage","@id":"https:\/\/www.clinicamerli.it\/merli\/portfolios\/se-i-denti-sono-sensibili\/","url":"https:\/\/www.clinicamerli.it\/merli\/portfolios\/se-i-denti-sono-sensibili\/","name":"Se i denti sono sensibili - Clinica Merli","isPartOf":{"@id":"https:\/\/www.clinicamerli.it\/merli\/#website"},"primaryImageOfPage":{"@id":"https:\/\/www.clinicamerli.it\/merli\/portfolios\/se-i-denti-sono-sensibili\/#primaryimage"},"image":{"@id":"https:\/\/www.clinicamerli.it\/merli\/portfolios\/se-i-denti-sono-sensibili\/#primaryimage"},"thumbnailUrl":"https:\/\/www.clinicamerli.it\/merli\/wp-content\/uploads\/2020\/09\/denti-sensibili-Clinica-Merli.jpg","datePublished":"2020-09-10T12:30:47+00:00","dateModified":"2025-08-21T10:25:02+00:00","description":"Le cause della sensibilit\u00e0 dentale, la valutazione e il trattamento","breadcrumb":{"@id":"https:\/\/www.clinicamerli.it\/merli\/portfolios\/se-i-denti-sono-sensibili\/#breadcrumb"},"inLanguage":"it-IT","potentialAction":[{"@type":"ReadAction","target":["https:\/\/www.clinicamerli.it\/merli\/portfolios\/se-i-denti-sono-sensibili\/"]}]},{"@type":"ImageObject","inLanguage":"it-IT","@id":"https:\/\/www.clinicamerli.it\/merli\/portfolios\/se-i-denti-sono-sensibili\/#primaryimage","url":"https:\/\/www.clinicamerli.it\/merli\/wp-content\/uploads\/2020\/09\/denti-sensibili-Clinica-Merli.jpg","contentUrl":"https:\/\/www.clinicamerli.it\/merli\/wp-content\/uploads\/2020\/09\/denti-sensibili-Clinica-Merli.jpg","width":1280,"height":907},{"@type":"BreadcrumbList","@id":"https:\/\/www.clinicamerli.it\/merli\/portfolios\/se-i-denti-sono-sensibili\/#breadcrumb","itemListElement":[{"@type":"ListItem","position":1,"name":"Home","item":"https:\/\/www.clinicamerli.it\/merli\/"},{"@type":"ListItem","position":2,"name":"Se i denti sono sensibili"}]},{"@type":"WebSite","@id":"https:\/\/www.clinicamerli.it\/merli\/#website","url":"https:\/\/www.clinicamerli.it\/merli\/","name":"Clinica Merli","description":"Sorridi","publisher":{"@id":"https:\/\/www.clinicamerli.it\/merli\/#organization"},"potentialAction":[{"@type":"SearchAction","target":{"@type":"EntryPoint","urlTemplate":"https:\/\/www.clinicamerli.it\/merli\/?s={search_term_string}"},"query-input":{"@type":"PropertyValueSpecification","valueRequired":true,"valueName":"search_term_string"}}],"inLanguage":"it-IT"},{"@type":"Organization","@id":"https:\/\/www.clinicamerli.it\/merli\/#organization","name":"Clinica Merli","url":"https:\/\/www.clinicamerli.it\/merli\/","logo":{"@type":"ImageObject","inLanguage":"it-IT","@id":"https:\/\/www.clinicamerli.it\/merli\/#\/schema\/logo\/image\/","url":"https:\/\/www.clinicamerli.it\/merli\/wp-content\/uploads\/2021\/01\/logo-Clinica-Merli-2021-small1.png","contentUrl":"https:\/\/www.clinicamerli.it\/merli\/wp-content\/uploads\/2021\/01\/logo-Clinica-Merli-2021-small1.png","width":311,"height":65,"caption":"Clinica Merli"},"image":{"@id":"https:\/\/www.clinicamerli.it\/merli\/#\/schema\/logo\/image\/"},"sameAs":["https:\/\/www.facebook.com\/clinica.merli\/","https:\/\/www.instagram.com\/clinica_merli\/"]}]}},"_links":{"self":[{"href":"https:\/\/www.clinicamerli.it\/merli\/wp-json\/wp\/v2\/portfolios\/4796","targetHints":{"allow":["GET"]}}],"collection":[{"href":"https:\/\/www.clinicamerli.it\/merli\/wp-json\/wp\/v2\/portfolios"}],"about":[{"href":"https:\/\/www.clinicamerli.it\/merli\/wp-json\/wp\/v2\/types\/portfolios"}],"wp:featuredmedia":[{"embeddable":true,"href":"https:\/\/www.clinicamerli.it\/merli\/wp-json\/wp\/v2\/media\/7898"}],"wp:attachment":[{"href":"https:\/\/www.clinicamerli.it\/merli\/wp-json\/wp\/v2\/media?parent=4796"}],"wp:term":[{"taxonomy":"category","embeddable":true,"href":"https:\/\/www.clinicamerli.it\/merli\/wp-json\/wp\/v2\/categories?post=4796"}],"curies":[{"name":"wp","href":"https:\/\/api.w.org\/{rel}","templated":true}]}}