{"id":4806,"date":"2020-09-10T14:44:04","date_gmt":"2020-09-10T12:44:04","guid":{"rendered":"https:\/\/www.clinicamerli.it\/merli\/?post_type=codeus_portfolios&#038;p=4806"},"modified":"2026-03-10T17:09:53","modified_gmt":"2026-03-10T16:09:53","slug":"parodontologia","status":"publish","type":"portfolios","link":"https:\/\/www.clinicamerli.it\/merli\/portfolios\/parodontologia\/","title":{"rendered":"Parodontologia"},"content":{"rendered":"<section class=\"l-section wpb_row height_small full_height valign_center width_full with_img with_slider\"><div class=\"l-section-img\" role=\"img\" aria-label=\"Immagine\" data-img-width=\"1280\" data-img-height=\"1280\" style=\"background-image: url(https:\/\/www.clinicamerli.it\/merli\/wp-content\/uploads\/2020\/09\/parodontologia-Clinica-Merli.jpg);background-size: contain;\"><\/div><div class=\"l-section-slider\"><div class=\"w-slider style_none fit_cover nav_none count_1\"><div class=\"w-slider-h\" aria-hidden=\"true\"><div class=\"royalSlider\"><div class=\"rsContent\"><a class=\"rsImg\" data-rsw=\"1280\" data-rsh=\"1280\" href=\"https:\/\/www.clinicamerli.it\/merli\/wp-content\/uploads\/2020\/09\/parodontologia-Clinica-Merli.jpg\"><span data-alt=\"\"><\/span><\/a><\/div><\/div><img decoding=\"async\" src=\"https:\/\/www.clinicamerli.it\/merli\/wp-content\/uploads\/2020\/09\/parodontologia-Clinica-Merli.jpg\" width=\"1280\" height=\"1280\" alt loading=\"lazy\"><\/div><div class=\"w-slider-json\" onclick='return {&quot;autoScaleSlider&quot;:true,&quot;addActiveClass&quot;:true,&quot;loop&quot;:true,&quot;fadeInLoadedSlide&quot;:false,&quot;slidesSpacing&quot;:0,&quot;imageScalePadding&quot;:0,&quot;numImagesToPreload&quot;:2,&quot;arrowsNav&quot;:false,&quot;arrowsNavAutoHide&quot;:false,&quot;transitionType&quot;:&quot;move&quot;,&quot;transitionSpeed&quot;:1000,&quot;block&quot;:{&quot;moveEffect&quot;:&quot;none&quot;,&quot;speed&quot;:300},&quot;thumbs&quot;:{&quot;fitInViewport&quot;:false,&quot;firstMargin&quot;:false,&quot;spacing&quot;:4},&quot;controlNavigation&quot;:&quot;none&quot;,&quot;autoplay&quot;:{&quot;enabled&quot;:true,&quot;pauseOnHover&quot;:false,&quot;delay&quot;:3000},&quot;autoScaleSliderWidth&quot;:1280,&quot;autoScaleSliderHeight&quot;:1280}'><\/div><\/div><\/div><div class=\"l-section-overlay\" style=\"background:var(--color-header-top-transparent-bg)\"><\/div><div class=\"l-section-h i-cf\"><div class=\"g-cols vc_row via_flex valign_top type_default stacking_default\"><div class=\"vc_col-sm-2 wpb_column vc_column_container\"><div class=\"vc_column-inner\"><div class=\"wpb_wrapper\"><\/div><\/div><\/div><div class=\"vc_col-sm-8 wpb_column vc_column_container\"><div class=\"vc_column-inner\"><div class=\"wpb_wrapper\"><div class=\"wpb_text_column us_custom_08195001 has_text_color\"><div class=\"wpb_wrapper\"><p style=\"text-align: center;\">PARODONTOLOGIA<\/p>\n<\/div><\/div><div class=\"wpb_text_column us_custom_187b8740 has_text_color\"><div class=\"wpb_wrapper\"><p style=\"text-align: center;\">La Parodontologia \u00e8 quel ramo dell&#8217;odontoiatria che si occupa dello studio delle malattie e condizioni dei tessuti parodontali, ossia i tessuti di sostegno del dente<\/p>\n<\/div><\/div><\/div><\/div><\/div><div class=\"vc_col-sm-2 wpb_column vc_column_container\"><div class=\"vc_column-inner\"><div class=\"wpb_wrapper\"><\/div><\/div><\/div><\/div><\/div><\/section><section class=\"l-section wpb_row height_small\"><div class=\"l-section-h i-cf\"><div class=\"g-cols vc_row via_flex valign_top type_default stacking_default\"><div class=\"vc_col-sm-6 wpb_column vc_column_container\"><div class=\"vc_column-inner\"><div class=\"wpb_wrapper\">[vc_single_image image=&#8221;8082&#8243; img_size=&#8221;full&#8221; alignment=&#8221;center&#8221; css=&#8221;&#8221;]<\/div><\/div><\/div><div class=\"vc_col-sm-6 wpb_column vc_column_container\"><div class=\"vc_column-inner\"><div class=\"wpb_wrapper\"><div class=\"wpb_text_column\"><div class=\"wpb_wrapper\"><p>La malattia parodontale, o parodontite, <strong>\u00e8 una patologia infiammatoria multifattoriale di origine batterica<\/strong>, che porta ad una progressiva perdita dei tessuti di sostegno del dente.<\/p>\n<p>Per manifestarsi, oltre alla presenza di specifici agenti batterici che colonizzano <strong>la placca sottogengivale<\/strong>, \u00e8 necessaria la presenza di altri fattori, alcuni controllabili dal paziente (come il fumo di sigaretta e la scarsa igiene orale) e altri invece \u201cnon modificabili\u201d, come la predisposizione familiare o altre condizioni sistemiche (come il diabete).<\/p>\n<p>La parodontite <strong>\u00e8 una patologia molto diffusa<\/strong>, presente in circa il 30-40% della popolazione italiana, ed \u00e8 classificabile in 4 stadi a seconda della severit\u00e0 e complessit\u00e0.<\/p>\n<p>Essendo una malattia indolore, i sintomi pi\u00f9 comuni della parodontite si manifestano spesso solo in una fase avanzata, presentandosi sotto forma di <strong>sanguinamento gengivale, mobilit\u00e0 dentale, ascessi ricorrenti, alitosi<\/strong> etc.<\/p>\n<p>E\u2019 importantissima dunque una diagnosi precoce svolta dal Parodontologo, il quale potr\u00e0 intercettare la problematica gengivale, favorire un controllo dei fattori di rischio e personalizzare la terapia, in modo tale da <strong>ripristinare e mantenere i tessuti parodontali in condizione di salute<\/strong>.<\/p>\n<p>Il paziente \u00e8 seguito durante tutto il percorso terapeutico e di mantenimento, avvalendosi dello staff <strong>Chirurgico Parodontale della Clinica<\/strong> e della <strong>equipe del Reparto di Prevenzione<\/strong>.<\/p>\n<\/div><\/div><\/div><\/div><\/div><\/div><\/div><\/section><section class=\"l-section wpb_row height_small\"><div class=\"l-section-overlay\" style=\"background:#000000\"><\/div><div class=\"l-section-h i-cf\"><div class=\"g-cols vc_row via_flex valign_top type_default stacking_default\"><div class=\"vc_col-sm-12 wpb_column vc_column_container\"><div class=\"vc_column-inner\"><div class=\"wpb_wrapper\">[vc_single_image image=&#8221;5237&#8243; img_size=&#8221;full&#8221; alignment=&#8221;center&#8221;]<\/div><\/div><\/div><\/div><\/div><\/section><section class=\"l-section wpb_row height_small\"><div class=\"l-section-h i-cf\"><div class=\"g-cols vc_row via_flex valign_top type_default stacking_default\"><div class=\"vc_col-sm-12 wpb_column vc_column_container\"><div class=\"vc_column-inner\"><div class=\"wpb_wrapper\"><div class=\"w-video align_center ratio_16x9 has_iframe\"><div class=\"w-video-h\"><iframe title=\"Youtube video player\" src=\"\/\/www.youtube.com\/embed\/vnVmhEG6PJw?autoplay=0&controls=1&origin=https:\/\/www.clinicamerli.it\/merli&loop=0&mute=0\" allowfullscreen=\"1\" loading=\"lazy\"><\/iframe><\/div><\/div><div class=\"wpb_text_column\"><div class=\"wpb_wrapper\"><h4>La malattia parodontale<\/h4>\n<p>La malattia parodontale <strong>\u00e8 una patologia multifattoriale<\/strong> che colpisce i tessuti di sostegno del dente (gengiva, legamento parodontale, cemento radicolare e osso alveolare).<\/p>\n<ul>\n<li><strong>\u00c8 causata<\/strong> dall\u2019interazione tra batteri, fattori genetici, risposta immunitaria, abitudini locali (scarsa igiene, fumo) e condizioni sistemiche (es. diabete)<\/li>\n<li><strong>Colpisce<\/strong> circa il 30-40% della popolazione, con forme gravi nel 10-15%<\/li>\n<\/ul>\n<p>Si manifesta in due forme principali:<\/p>\n<ul>\n<li><strong>Gengivite:<\/strong> infiammazione superficiale reversibile<\/li>\n<li><strong>Parodontite:<\/strong> malattia irreversibile che interessa i tessuti profondi, con tasche parodontali, riassorbimento osseo e possibile mobilit\u00e0 dentale<\/li>\n<\/ul>\n<p>La malattia pu\u00f2 progredire in modo silente, con sintomi lievi o assenti. I <strong>segnali di allarme<\/strong> includono:<\/p>\n<ul>\n<li>sanguinamento gengivale<\/li>\n<li>arrossamento<\/li>\n<li>recessioni gengivali<\/li>\n<\/ul>\n<p>Per questo motivo \u00e8 fondamentale la <strong>diagnosi precoce<\/strong> tramite visite di controllo regolari, che permettono di prevenire o limitare le conseguenze pi\u00f9 gravi.<\/p>\n<\/div><\/div><\/div><\/div><\/div><\/div><\/div><\/section><section class=\"l-section wpb_row height_small\"><div class=\"l-section-h i-cf\"><div class=\"g-cols vc_row via_flex valign_top type_default stacking_default\"><div class=\"vc_col-sm-12 wpb_column vc_column_container\"><div class=\"vc_column-inner\"><div class=\"wpb_wrapper\">[vc_separator color=&#8221;custom&#8221; css=&#8221;&#8221; accent_color=&#8221;#FF7000&#8243;]<\/div><\/div><\/div><\/div><\/div><\/section><section class=\"l-section wpb_row height_small\"><div class=\"l-section-h i-cf\"><div class=\"g-cols vc_row via_flex valign_top type_default stacking_default\"><div class=\"vc_col-sm-12 wpb_column vc_column_container\"><div class=\"vc_column-inner\"><div class=\"wpb_wrapper\"><div class=\"w-video align_center ratio_16x9 has_iframe\"><div class=\"w-video-h\"><iframe title=\"Youtube video player\" src=\"\/\/www.youtube.com\/embed\/K556h8pDQR0?autoplay=0&controls=1&origin=https:\/\/www.clinicamerli.it\/merli&loop=0&mute=0\" allowfullscreen=\"1\" loading=\"lazy\"><\/iframe><\/div><\/div><div class=\"wpb_text_column\"><div class=\"wpb_wrapper\"><h4>La diagnosi parodontale<\/h4>\n<p>La diagnosi della malattia parodontale inizia gi\u00e0 dalla<strong> prima visita<\/strong> con un test di screening rapido (<strong>PSR<\/strong>) che consente di individuare la presenza e la gravit\u00e0 della patologia.<br \/>\nL\u2019esame di riferimento \u00e8 il<strong> sondaggio parodontale<\/strong>, che misura la profondit\u00e0 del solco gengivale tra dente e gengiva.<\/p>\n<p>Grazie a <strong>software dedicati<\/strong>, vengono registrati parametri fondamentali:<\/p>\n<ul>\n<li>profondit\u00e0 di sondaggio<\/li>\n<li>recessioni gengivali<\/li>\n<li>perdita di attacco clinico<\/li>\n<li>indice di placca<\/li>\n<li>indice di sanguinamento<\/li>\n<\/ul>\n<p>Questi dati permettono di monitorare la malattia durante tutte le fasi della terapia e nel <strong>mantenimento a lungo termine<\/strong>.\u2028 Inoltre, con un <strong>diagramma funzionale<\/strong> che integra diversi fattori del paziente, \u00e8 possibile definire il livello di rischio individuale (<strong>basso, moderato o alto<\/strong>).<\/p>\n<\/div><\/div><\/div><\/div><\/div><\/div><\/div><\/section><section class=\"l-section wpb_row height_small\"><div class=\"l-section-h i-cf\"><div class=\"g-cols vc_row via_flex valign_top type_default stacking_default\"><div class=\"vc_col-sm-12 wpb_column vc_column_container\"><div class=\"vc_column-inner\"><div class=\"wpb_wrapper\">[vc_separator color=&#8221;custom&#8221; css=&#8221;&#8221; accent_color=&#8221;#FF7000&#8243;]<\/div><\/div><\/div><\/div><\/div><\/section><section class=\"l-section wpb_row height_small\"><div class=\"l-section-h i-cf\"><div class=\"g-cols vc_row via_flex valign_top type_default stacking_default\"><div class=\"vc_col-sm-12 wpb_column vc_column_container\"><div class=\"vc_column-inner\"><div class=\"wpb_wrapper\"><div class=\"w-video align_center ratio_16x9 has_iframe\"><div class=\"w-video-h\"><iframe title=\"Youtube video player\" src=\"\/\/www.youtube.com\/embed\/N8c9UlVijqw?autoplay=0&controls=1&origin=https:\/\/www.clinicamerli.it\/merli&loop=0&mute=0\" allowfullscreen=\"1\" loading=\"lazy\"><\/iframe><\/div><\/div><div class=\"wpb_text_column\"><div class=\"wpb_wrapper\"><h4>Il sondaggio parodontale<\/h4>\n<p>Il sondaggio parodontale \u00e8 l\u2019esame principale per valutare la <strong>salute delle gengive e dei tessuti di supporto del dente<\/strong>. Serve a rilevare la presenza di tasche parodontali, segno clinico caratteristico della malattia parodontale (piorrea), che pu\u00f2 interessare sia i denti sia gli impianti.<\/p>\n<p>L\u2019esame si esegue con una <strong>sonda graduata<\/strong>, che misura la profondit\u00e0 del solco gengivale attorno a ciascun dente:<\/p>\n<ul>\n<li>in condizioni di salute: <strong>fino a 4 mm<\/strong><\/li>\n<li>presenza di tasca parodontale: <strong>oltre 5 mm<\/strong><\/li>\n<\/ul>\n<p>Grazie a <strong>software dedicati<\/strong>, vengono registrati parametri fondamentali come:<\/p>\n<ul>\n<li>indice di placca (&lt;25% = buon controllo di igiene)<\/li>\n<li>indice di sanguinamento (&lt;20% = basso grado di infiammazione)<\/li>\n<li>recessioni gengivali<\/li>\n<li>compromissione delle forcazioni<\/li>\n<li>mobilit\u00e0 dentale<\/li>\n<\/ul>\n<p>Il sondaggio permette di creare una vera e propria \u201c<strong>mappa parodontale<\/strong>\u201d, utile non solo per la diagnosi ma anche per monitorare nel tempo l\u2019evoluzione o la stabilit\u00e0 della malattia.<\/p>\n<p>Frequenza consigliata:<\/p>\n<ul>\n<li><strong>1 volta all\u2019anno<\/strong> per pazienti con parodontite moderata o grave, in mantenimento o senza chirurgia<\/li>\n<li><strong>Ogni 2 anni<\/strong> per pazienti con gengivite o parodontite lieve<\/li>\n<\/ul>\n<\/div><\/div><\/div><\/div><\/div><\/div><\/div><\/section><section class=\"l-section wpb_row height_small\"><div class=\"l-section-h i-cf\"><div class=\"g-cols vc_row via_flex valign_top type_default stacking_default\"><div class=\"vc_col-sm-12 wpb_column vc_column_container\"><div class=\"vc_column-inner\"><div class=\"wpb_wrapper\">[vc_separator color=&#8221;custom&#8221; css=&#8221;&#8221; accent_color=&#8221;#FF7000&#8243;]<\/div><\/div><\/div><\/div><\/div><\/section><section class=\"l-section wpb_row height_small\"><div class=\"l-section-h i-cf\"><div class=\"g-cols vc_row via_flex valign_top type_default stacking_default\"><div class=\"vc_col-sm-12 wpb_column vc_column_container\"><div class=\"vc_column-inner\"><div class=\"wpb_wrapper\"><div class=\"w-video align_center ratio_16x9 has_iframe\"><div class=\"w-video-h\"><iframe title=\"Youtube video player\" src=\"\/\/www.youtube.com\/embed\/S7r_K8A0MLw?autoplay=0&controls=1&origin=https:\/\/www.clinicamerli.it\/merli&loop=0&mute=0\" allowfullscreen=\"1\" loading=\"lazy\"><\/iframe><\/div><\/div><div class=\"wpb_text_column\"><div class=\"wpb_wrapper\"><h4>La terapia non chirurgica parodontale<\/h4>\n<p>La terapia parodontale ha lo scopo di <strong>prevenire la malattia<\/strong> o, se gi\u00e0 presente, arrestarne la progressione e ridurre le recidive.<\/p>\n<p>Si distingue in chirurgica e non chirurgica.<\/p>\n<p>La <strong>terapia non chirurgica<\/strong> si concentra su due obiettivi principali:<\/p>\n<ol>\n<li><strong>Eliminare i microrganismi<\/strong> responsabili della malattia tramite la rimozione della placca batterica e del tartaro<\/li>\n<li><strong>Ridurre i fattori di rischio<\/strong> locali (scarsa igiene orale, fumo) e sistemici (es. diabete)<\/li>\n<\/ol>\n<ul>\n<li>Il paziente ha un ruolo centrale nel <strong>controllo della placca sopragengivale<\/strong>, attraverso l\u2019igiene domiciliare personalizzata e costantemente rinforzata dal professionista<\/li>\n<li>Il dentista o l\u2019igienista dentale si occupa del <strong>controllo sottogengivale<\/strong>, rimuovendo i depositi con strumenti manuali (curette) e meccanici (sonici e ultrasonici), per lasciare le superfici radicolari pulite e lisce<\/li>\n<\/ul>\n<p><strong>Obiettivi clinici:<\/strong><\/p>\n<ul>\n<li>Riduzione del <strong>sanguinamento al sondaggio<\/strong><\/li>\n<li>Diminuzione della <strong>profondit\u00e0 delle tasche parodontali<\/strong><\/li>\n<li>Miglioramento del <strong>livello di attacco clinico<\/strong><\/li>\n<\/ul>\n<p>Il successo della terapia dipende dall\u2019<strong>alleanza medico-paziente:<\/strong> solo il lavoro sinergico tra controllo professionale e igiene domiciliare permette di ottenere <strong>risultati duraturi<\/strong>, come confermato da decenni di letteratura scientifica.<\/p>\n<\/div><\/div><\/div><\/div><\/div><\/div><\/div><\/section><section class=\"l-section wpb_row height_small\"><div class=\"l-section-h i-cf\"><div class=\"g-cols vc_row via_flex valign_top type_default stacking_default\"><div class=\"vc_col-sm-12 wpb_column vc_column_container\"><div class=\"vc_column-inner\"><div class=\"wpb_wrapper\">[vc_separator color=&#8221;custom&#8221; css=&#8221;&#8221; accent_color=&#8221;#FF7000&#8243;]<\/div><\/div><\/div><\/div><\/div><\/section><section class=\"l-section wpb_row height_small\"><div class=\"l-section-h i-cf\"><div class=\"g-cols vc_row via_flex valign_top type_default stacking_default\"><div class=\"vc_col-sm-12 wpb_column vc_column_container\"><div class=\"vc_column-inner\"><div class=\"wpb_wrapper\"><div class=\"w-video align_center ratio_16x9 has_iframe\"><div class=\"w-video-h\"><iframe title=\"Youtube video player\" src=\"\/\/www.youtube.com\/embed\/wYRMYu9tlRk?autoplay=0&controls=1&origin=https:\/\/www.clinicamerli.it\/merli&loop=0&mute=0\" allowfullscreen=\"1\" loading=\"lazy\"><\/iframe><\/div><\/div><div class=\"wpb_text_column\"><div class=\"wpb_wrapper\"><h4>La terapia chirurgica parodontale<\/h4>\n<p>La terapia chirurgica parodontale integra la terapia non chirurgica e ha lo scopo di <strong>ripristinare una morfologia gengivale, ossea e dentale<\/strong> che renda pi\u00f9 facile l\u2019igiene orale domiciliare.<br \/>\nSi esegue solo dopo la fase meccanica non chirurgica, quando l\u2019infiammazione \u00e8 stata risolta.<\/p>\n<p><strong>Obiettivi:<\/strong><\/p>\n<ul>\n<li>Riduzione delle <strong>tasche parodontali<\/strong><\/li>\n<li>Miglioramento del <strong>livello di attacco clinico<\/strong><\/li>\n<li>Eventuale recessione controllata del <strong>margine gengivale<\/strong><\/li>\n<\/ul>\n<p><strong>Tecniche chirurgiche principali:<\/strong><\/p>\n<ul>\n<li><strong>Chirurgia per accesso:<\/strong> apertura della gengiva per strumentazione a cielo aperto delle radici<\/li>\n<li><strong>Chirurgia resettiva:<\/strong> eliminazione della tasca tramite resezione di tessuti molli e duri, con rimodellamento osseo e gengivale<\/li>\n<li><strong>Chirurgia rigenerativa:<\/strong> utilizzata in casi selezionati per ottenere nuovo tessuto di supporto<\/li>\n<li><strong>Chirurgia plastica parodontale:<\/strong> correzione dei difetti dei tessuti molli, ad esempio la copertura di radici scoperte da recessioni gengivali<\/li>\n<\/ul>\n<div class=\"notranslate\" style=\"all: initial;\"><\/div>\n<\/div><\/div><\/div><\/div><\/div><\/div><\/div><\/section>\n","protected":false},"featured_media":5236,"menu_order":310,"template":"","meta":{"_links_to":"","_links_to_target":""},"categories":[72,73,74,75,77,78,79,82],"class_list":["post-4806","portfolios","type-portfolios","status-publish","has-post-thumbnail","hentry","category-portfolios-conservativa","category-portfolios-endodonzia","category-portfolios-dolore-dente","category-portfolios-estetica-sorriso","category-portfolios-igiene-orale","category-portfolios-gengiva","category-portfolios-prevenzione","category-portfolios-eccellenza"],"yoast_head":"<!-- This site is optimized with the Yoast SEO plugin v27.5 - https:\/\/yoast.com\/product\/yoast-seo-wordpress\/ -->\n<title>Parodontologia - Clinica Merli<\/title>\n<meta name=\"description\" content=\"La Parodontologia \u00e8 quel ramo dell&#039;odontoiatria che si occupa dello studio delle malattie e condizioni dei tessuti parodontali, ossia i tessuti di sostegno del dente\" \/>\n<meta name=\"robots\" content=\"index, follow, max-snippet:-1, max-image-preview:large, max-video-preview:-1\" \/>\n<link rel=\"canonical\" href=\"https:\/\/www.clinicamerli.it\/merli\/portfolios\/parodontologia\/\" \/>\n<meta property=\"og:locale\" content=\"it_IT\" \/>\n<meta property=\"og:type\" content=\"article\" \/>\n<meta property=\"og:title\" content=\"Parodontologia - Clinica Merli\" \/>\n<meta property=\"og:description\" content=\"La Parodontologia \u00e8 quel ramo dell&#039;odontoiatria che si occupa dello studio delle malattie e condizioni dei tessuti parodontali, ossia i tessuti di sostegno del dente\" \/>\n<meta property=\"og:url\" content=\"https:\/\/www.clinicamerli.it\/merli\/portfolios\/parodontologia\/\" \/>\n<meta property=\"og:site_name\" content=\"Clinica Merli\" \/>\n<meta property=\"article:publisher\" content=\"https:\/\/www.facebook.com\/clinica.merli\/\" \/>\n<meta property=\"article:modified_time\" content=\"2026-03-10T16:09:53+00:00\" \/>\n<meta property=\"og:image\" content=\"https:\/\/www.clinicamerli.it\/merli\/wp-content\/uploads\/2020\/09\/parodontologia-Clinica-Merli.jpg\" \/>\n\t<meta property=\"og:image:width\" content=\"1280\" \/>\n\t<meta property=\"og:image:height\" content=\"1280\" \/>\n\t<meta property=\"og:image:type\" content=\"image\/jpeg\" \/>\n<meta name=\"twitter:card\" content=\"summary_large_image\" \/>\n<meta name=\"twitter:label1\" content=\"Tempo di lettura stimato\" \/>\n\t<meta name=\"twitter:data1\" content=\"6 minuti\" \/>\n<script type=\"application\/ld+json\" class=\"yoast-schema-graph\">{\"@context\":\"https:\\\/\\\/schema.org\",\"@graph\":[{\"@type\":\"WebPage\",\"@id\":\"https:\\\/\\\/www.clinicamerli.it\\\/merli\\\/portfolios\\\/parodontologia\\\/\",\"url\":\"https:\\\/\\\/www.clinicamerli.it\\\/merli\\\/portfolios\\\/parodontologia\\\/\",\"name\":\"Parodontologia - Clinica Merli\",\"isPartOf\":{\"@id\":\"https:\\\/\\\/www.clinicamerli.it\\\/merli\\\/#website\"},\"primaryImageOfPage\":{\"@id\":\"https:\\\/\\\/www.clinicamerli.it\\\/merli\\\/portfolios\\\/parodontologia\\\/#primaryimage\"},\"image\":{\"@id\":\"https:\\\/\\\/www.clinicamerli.it\\\/merli\\\/portfolios\\\/parodontologia\\\/#primaryimage\"},\"thumbnailUrl\":\"https:\\\/\\\/www.clinicamerli.it\\\/merli\\\/wp-content\\\/uploads\\\/2020\\\/09\\\/parodontologia-Clinica-Merli.jpg\",\"datePublished\":\"2020-09-10T12:44:04+00:00\",\"dateModified\":\"2026-03-10T16:09:53+00:00\",\"description\":\"La Parodontologia \u00e8 quel ramo dell'odontoiatria che si occupa dello studio delle malattie e condizioni dei tessuti parodontali, ossia i tessuti di sostegno del dente\",\"breadcrumb\":{\"@id\":\"https:\\\/\\\/www.clinicamerli.it\\\/merli\\\/portfolios\\\/parodontologia\\\/#breadcrumb\"},\"inLanguage\":\"it-IT\",\"potentialAction\":[{\"@type\":\"ReadAction\",\"target\":[\"https:\\\/\\\/www.clinicamerli.it\\\/merli\\\/portfolios\\\/parodontologia\\\/\"]}]},{\"@type\":\"ImageObject\",\"inLanguage\":\"it-IT\",\"@id\":\"https:\\\/\\\/www.clinicamerli.it\\\/merli\\\/portfolios\\\/parodontologia\\\/#primaryimage\",\"url\":\"https:\\\/\\\/www.clinicamerli.it\\\/merli\\\/wp-content\\\/uploads\\\/2020\\\/09\\\/parodontologia-Clinica-Merli.jpg\",\"contentUrl\":\"https:\\\/\\\/www.clinicamerli.it\\\/merli\\\/wp-content\\\/uploads\\\/2020\\\/09\\\/parodontologia-Clinica-Merli.jpg\",\"width\":1280,\"height\":1280},{\"@type\":\"BreadcrumbList\",\"@id\":\"https:\\\/\\\/www.clinicamerli.it\\\/merli\\\/portfolios\\\/parodontologia\\\/#breadcrumb\",\"itemListElement\":[{\"@type\":\"ListItem\",\"position\":1,\"name\":\"Home\",\"item\":\"https:\\\/\\\/www.clinicamerli.it\\\/merli\\\/\"},{\"@type\":\"ListItem\",\"position\":2,\"name\":\"Parodontologia\"}]},{\"@type\":\"WebSite\",\"@id\":\"https:\\\/\\\/www.clinicamerli.it\\\/merli\\\/#website\",\"url\":\"https:\\\/\\\/www.clinicamerli.it\\\/merli\\\/\",\"name\":\"Clinica Merli\",\"description\":\"Sorridi\",\"publisher\":{\"@id\":\"https:\\\/\\\/www.clinicamerli.it\\\/merli\\\/#organization\"},\"potentialAction\":[{\"@type\":\"SearchAction\",\"target\":{\"@type\":\"EntryPoint\",\"urlTemplate\":\"https:\\\/\\\/www.clinicamerli.it\\\/merli\\\/?s={search_term_string}\"},\"query-input\":{\"@type\":\"PropertyValueSpecification\",\"valueRequired\":true,\"valueName\":\"search_term_string\"}}],\"inLanguage\":\"it-IT\"},{\"@type\":\"Organization\",\"@id\":\"https:\\\/\\\/www.clinicamerli.it\\\/merli\\\/#organization\",\"name\":\"Clinica Merli\",\"url\":\"https:\\\/\\\/www.clinicamerli.it\\\/merli\\\/\",\"logo\":{\"@type\":\"ImageObject\",\"inLanguage\":\"it-IT\",\"@id\":\"https:\\\/\\\/www.clinicamerli.it\\\/merli\\\/#\\\/schema\\\/logo\\\/image\\\/\",\"url\":\"https:\\\/\\\/www.clinicamerli.it\\\/merli\\\/wp-content\\\/uploads\\\/2021\\\/01\\\/logo-Clinica-Merli-2021-small1.png\",\"contentUrl\":\"https:\\\/\\\/www.clinicamerli.it\\\/merli\\\/wp-content\\\/uploads\\\/2021\\\/01\\\/logo-Clinica-Merli-2021-small1.png\",\"width\":311,\"height\":65,\"caption\":\"Clinica Merli\"},\"image\":{\"@id\":\"https:\\\/\\\/www.clinicamerli.it\\\/merli\\\/#\\\/schema\\\/logo\\\/image\\\/\"},\"sameAs\":[\"https:\\\/\\\/www.facebook.com\\\/clinica.merli\\\/\",\"https:\\\/\\\/www.instagram.com\\\/clinica_merli\\\/\"]}]}<\/script>\n<!-- \/ Yoast SEO plugin. -->","yoast_head_json":{"title":"Parodontologia - Clinica Merli","description":"La Parodontologia \u00e8 quel ramo dell'odontoiatria che si occupa dello studio delle malattie e condizioni dei tessuti parodontali, ossia i tessuti di sostegno del dente","robots":{"index":"index","follow":"follow","max-snippet":"max-snippet:-1","max-image-preview":"max-image-preview:large","max-video-preview":"max-video-preview:-1"},"canonical":"https:\/\/www.clinicamerli.it\/merli\/portfolios\/parodontologia\/","og_locale":"it_IT","og_type":"article","og_title":"Parodontologia - Clinica Merli","og_description":"La Parodontologia \u00e8 quel ramo dell'odontoiatria che si occupa dello studio delle malattie e condizioni dei tessuti parodontali, ossia i tessuti di sostegno del dente","og_url":"https:\/\/www.clinicamerli.it\/merli\/portfolios\/parodontologia\/","og_site_name":"Clinica Merli","article_publisher":"https:\/\/www.facebook.com\/clinica.merli\/","article_modified_time":"2026-03-10T16:09:53+00:00","og_image":[{"width":1280,"height":1280,"url":"https:\/\/www.clinicamerli.it\/merli\/wp-content\/uploads\/2020\/09\/parodontologia-Clinica-Merli.jpg","type":"image\/jpeg"}],"twitter_card":"summary_large_image","twitter_misc":{"Tempo di lettura stimato":"6 minuti"},"schema":{"@context":"https:\/\/schema.org","@graph":[{"@type":"WebPage","@id":"https:\/\/www.clinicamerli.it\/merli\/portfolios\/parodontologia\/","url":"https:\/\/www.clinicamerli.it\/merli\/portfolios\/parodontologia\/","name":"Parodontologia - Clinica Merli","isPartOf":{"@id":"https:\/\/www.clinicamerli.it\/merli\/#website"},"primaryImageOfPage":{"@id":"https:\/\/www.clinicamerli.it\/merli\/portfolios\/parodontologia\/#primaryimage"},"image":{"@id":"https:\/\/www.clinicamerli.it\/merli\/portfolios\/parodontologia\/#primaryimage"},"thumbnailUrl":"https:\/\/www.clinicamerli.it\/merli\/wp-content\/uploads\/2020\/09\/parodontologia-Clinica-Merli.jpg","datePublished":"2020-09-10T12:44:04+00:00","dateModified":"2026-03-10T16:09:53+00:00","description":"La Parodontologia \u00e8 quel ramo dell'odontoiatria che si occupa dello studio delle malattie e condizioni dei tessuti parodontali, ossia i tessuti di sostegno del dente","breadcrumb":{"@id":"https:\/\/www.clinicamerli.it\/merli\/portfolios\/parodontologia\/#breadcrumb"},"inLanguage":"it-IT","potentialAction":[{"@type":"ReadAction","target":["https:\/\/www.clinicamerli.it\/merli\/portfolios\/parodontologia\/"]}]},{"@type":"ImageObject","inLanguage":"it-IT","@id":"https:\/\/www.clinicamerli.it\/merli\/portfolios\/parodontologia\/#primaryimage","url":"https:\/\/www.clinicamerli.it\/merli\/wp-content\/uploads\/2020\/09\/parodontologia-Clinica-Merli.jpg","contentUrl":"https:\/\/www.clinicamerli.it\/merli\/wp-content\/uploads\/2020\/09\/parodontologia-Clinica-Merli.jpg","width":1280,"height":1280},{"@type":"BreadcrumbList","@id":"https:\/\/www.clinicamerli.it\/merli\/portfolios\/parodontologia\/#breadcrumb","itemListElement":[{"@type":"ListItem","position":1,"name":"Home","item":"https:\/\/www.clinicamerli.it\/merli\/"},{"@type":"ListItem","position":2,"name":"Parodontologia"}]},{"@type":"WebSite","@id":"https:\/\/www.clinicamerli.it\/merli\/#website","url":"https:\/\/www.clinicamerli.it\/merli\/","name":"Clinica Merli","description":"Sorridi","publisher":{"@id":"https:\/\/www.clinicamerli.it\/merli\/#organization"},"potentialAction":[{"@type":"SearchAction","target":{"@type":"EntryPoint","urlTemplate":"https:\/\/www.clinicamerli.it\/merli\/?s={search_term_string}"},"query-input":{"@type":"PropertyValueSpecification","valueRequired":true,"valueName":"search_term_string"}}],"inLanguage":"it-IT"},{"@type":"Organization","@id":"https:\/\/www.clinicamerli.it\/merli\/#organization","name":"Clinica Merli","url":"https:\/\/www.clinicamerli.it\/merli\/","logo":{"@type":"ImageObject","inLanguage":"it-IT","@id":"https:\/\/www.clinicamerli.it\/merli\/#\/schema\/logo\/image\/","url":"https:\/\/www.clinicamerli.it\/merli\/wp-content\/uploads\/2021\/01\/logo-Clinica-Merli-2021-small1.png","contentUrl":"https:\/\/www.clinicamerli.it\/merli\/wp-content\/uploads\/2021\/01\/logo-Clinica-Merli-2021-small1.png","width":311,"height":65,"caption":"Clinica Merli"},"image":{"@id":"https:\/\/www.clinicamerli.it\/merli\/#\/schema\/logo\/image\/"},"sameAs":["https:\/\/www.facebook.com\/clinica.merli\/","https:\/\/www.instagram.com\/clinica_merli\/"]}]}},"_links":{"self":[{"href":"https:\/\/www.clinicamerli.it\/merli\/wp-json\/wp\/v2\/portfolios\/4806","targetHints":{"allow":["GET"]}}],"collection":[{"href":"https:\/\/www.clinicamerli.it\/merli\/wp-json\/wp\/v2\/portfolios"}],"about":[{"href":"https:\/\/www.clinicamerli.it\/merli\/wp-json\/wp\/v2\/types\/portfolios"}],"wp:featuredmedia":[{"embeddable":true,"href":"https:\/\/www.clinicamerli.it\/merli\/wp-json\/wp\/v2\/media\/5236"}],"wp:attachment":[{"href":"https:\/\/www.clinicamerli.it\/merli\/wp-json\/wp\/v2\/media?parent=4806"}],"wp:term":[{"taxonomy":"category","embeddable":true,"href":"https:\/\/www.clinicamerli.it\/merli\/wp-json\/wp\/v2\/categories?post=4806"}],"curies":[{"name":"wp","href":"https:\/\/api.w.org\/{rel}","templated":true}]}}